{"id":41151,"date":"2025-07-07T21:43:36","date_gmt":"2025-07-07T19:43:36","guid":{"rendered":"https:\/\/noonsong.de\/veranstaltung\/noonsong-event-2018-06-23\/"},"modified":"2025-07-07T21:43:36","modified_gmt":"2025-07-07T19:43:36","slug":"noonsong-event-2018-06-23","status":"publish","type":"tribe_events","link":"https:\/\/noonsong.de\/en\/event\/noonsong-event-2018-06-23\/","title":{"rendered":"427. NoonSong am 23.06.2018 um 12:00"},"content":{"rendered":"\n<div class=\"wp-block-group is-layout-constrained wp-block-group-is-layout-constrained\">\n\n<h2 class=\"wp-block-heading\">Programme<\/h2>\n\n\n\n<p>\n<strong>Organ prelude<\/strong>: Johann Sebastian Bach (1685-1750): Sinfonia aus der Kantate &quot;Wir danken dir, Gott, wir danken dir&quot; (BWV 29). Orgelfassung: Marcel Dupr\u00e9<br\/><strong>Preces<\/strong>: Philip Radcliffe (1905-1986): Preces &amp; Responses f\u00fcr vierstimmig gemischten Chor a cappella<br\/><strong>Psalm of the day<\/strong>: Psalm 149,1-4: Samuel Adler (*1928): Sing a new song to god, aus: Choral Trilogy f\u00fcr siebenstimmig gemischten Chor und Orgel<br\/><strong>Psalm of the week<\/strong>: Psalm 24,7-10: Gin\u00e9s P\u00e9rez de la Parra (1548-1600): Falsibordone f\u00fcr vierstimmig gemischten Chor a cappella<br\/><strong>Responsorium<\/strong>: gregorianisch\n\n<br\/><strong>Canticle<\/strong>: George Dyson (1883-1964): Magnificat f\u00fcr einstimmigen Chor und Orgel<br\/><strong>Hymn<\/strong>: Johann Sebastian Bach (1685-1750): O Gott, Du frommer Gott (BWV 1125) f\u00fcr vierstimmig gemischten Chor a cappella<br\/><strong>Organ postlude<\/strong>: Sigfrid Karg-Elert (1877-1933): Choral-Improvisation \u00fcber \u201eNun danket alle Gott\u201c (op. 65 &#x2f; Nr. 59)<br\/><strong>Bible reading<\/strong>: Brief an die Galather 6,1-5<\/p>\n\n\n\n<div style=\"height:30px\" aria-hidden=\"true\" class=\"wp-block-spacer\"><\/div>\n\n\n\n<blockquote class=\"wp-block-quote is-layout-flow wp-block-quote-is-layout-flow\" style=\"font-family:Playfair-Display\">\nLiturgy: 4. Sonntag nach Trinitatis<br>\n\nOrganist: Daniel Clark<br>\nLocation: <a href=\"\/kontakt\/#anker-kommen-sie-vorbei\">Kirche am Hohenzollernplatz<\/a>\n<\/blockquote>\n\n<\/div>\n\n<div style=\"height:20px\" aria-hidden=\"true\" class=\"wp-block-spacer\"><\/div>\n\n\n\n<div class=\"wp-block-group is-layout-constrained wp-block-group-is-layout-constrained\">\n<h2 class=\"wp-block-heading\">Listen<\/h2>\n\n\n\n\n<p>Here you can listen to this NoonSong. If you&#8217;d like to listen to more NoonSongs recordings, please register.<\/p>\n\n<div class=\"um-locked-content\">\n\t<div class=\"um-locked-content-msg\">This content has been restricted to logged-in users only. Please <a href=\"https:\/\/noonsong.de\/en\/login-audio-archive\/?redirect_to=https%3A%2F%2Fnoonsong.de%2Fen%2Fwp-json%2Fwp%2Fv2%2Ftribe_events%2F41151\">log in<\/a> to view this content.<\/div>\n<\/div>\n<\/div>\n\n<div style=\"height:20px\" aria-hidden=\"true\" class=\"wp-block-spacer\"><\/div>\n\n\n\n<div class=\"wp-block-group is-layout-constrained wp-block-group-is-layout-constrained\">\n\n<h2 class=\"wp-block-heading\">Programme PDF<\/h2>\n\n\n\n\n<p>Read more about this NoonSong in the programme document.<\/p>\n\n\n\n\n<div style=\"height:1em\" aria-hidden=\"true\" class=\"wp-block-spacer\"><\/div>\n\n\n\n<figure class=\"wp-block-image aligncenter is-resized\">\n<a target=\"_blank\" rel=\"noopener noreferrer\" href=\"https:\/\/noonsong.de\/wp-content\/uploads\/2024\/07\/2018-06-23-Liturgie.pdf\">\n<img decoding=\"async\" src=\"https:\/\/noonsong.de\/wp-content\/uploads\/2024\/07\/2018-06-23-Liturgie-pdf.jpg\" alt=\"\" style=\"max-height:45em; max-width:61.8%\" \/>\n<br>\nPDF DOWNLOAD\n<\/a>\n<\/figure>\n\n\n\n<div style=\"height:20px\" aria-hidden=\"true\" class=\"wp-block-spacer\"><\/div>\n\n<\/div>\n\n<div style=\"height:50px\" aria-hidden=\"true\" class=\"wp-block-spacer\"><\/div>\n\n\n\n<p hidden>, , , Radcliffe, Philip F.; Radcliffe, Philip Fitzhugh, , Adler, Samuel Hans; Adler, Samuel H., , Perez, Johannes Ginesius; P\u00e9rez, Juan G.; P\u00e9rez, Joannes G.; P\u00e9rez, Juan Gin\u00e9s; Parra, Gin\u00e9s P\u00e9rez de la; P\u00e9rez, Gin\u00e9s; P\u00e9rez, Joannes Ginesius, , , Vierstimmige Chor\u00e4le nach der Abschrift von Johann Ludwig Dietel. O Gott, du frommer Gott\n\t\nO Gott, du frommer Gott\nVier vierstimmige Chor\u00e4le nach der Abschrift von Johann Ludwig Dietel. O Gott, du frommer Gott\nChor\u00e4le, BWV 1125, Bach; Bach, G. S.; Bach, Iogann Sebast\u02b9jan; Bach, Joh. Sebastian; Bach, Giov. Sebast.; Bach, Jean Sebastien; Bach, Jean Sebastian; Bach, J. Seb.; Bach, Sebastiano; Bach, John Sebastian; Bach, Iogann S.; Bach, Iogann Sebast&#x27;jan; Bach, Iogann Sebastian; Bach, Giovanni Sebastian; Bach, Johan Sebastian; Bach, Joannes Sebastianus; Bach, Giov. Seb.; Bach, Giovanni S.; B\u0101\u1e35, J\u014dh\u0101n Seba\u1e63t\u012b&#x27;\u0101n; Bach, I. S.; Bach, J.-S.; Bach, Giovanni Sebastiano; Bach, Jean-Sebastien; Bach, Sebastian; Bach, Jan Sebastian; Bach, J. S.; Bach, Johann-Sebastian; Bach, Jean S.; Bach, Johannes S.; Bach, Johannes Sebastian; Bach, Joh. Seb.; Bach, Joh.-Seb.; Bach, Joh. Sebas.; Bach, Johann Seb.; Bach, Joh. Sebast.; Bach, Johann S.; Bach, Iogann Sebastjan; Bach, Jean S\u00e9bastien; Bach, Jean-S\u00e9bastien; Bach, Johann; Bakh, Iogann Sebastian, Ratswahl-Kantate, BWV 29\nRatswahlkantate, BWV 29\nWe give thee thanks, God\nWe praise thee, o God, we worship thee\nWe thank thee, Lord, God, we thank thee, Lord\nWe thank thee, Lord, we thank thee\nWe thank thee, O God\nNous te rendons gr\u00e2ce, \u00f4 Dieu\nSeigneur, nous te remercions\nKantaten BWV 29\nKantaten, BWV 29, Bach; Bach, G. S.; Bach, Iogann Sebast\u02b9jan; Bach, Joh. Sebastian; Bach, Giov. Sebast.; Bach, Jean Sebastien; Bach, Jean Sebastian; Bach, J. Seb.; Bach, Sebastiano; Bach, John Sebastian; Bach, Iogann S.; Bach, Iogann Sebast&#x27;jan; Bach, Iogann Sebastian; Bach, Giovanni Sebastian; Bach, Johan Sebastian; Bach, Joannes Sebastianus; Bach, Giov. Seb.; Bach, Giovanni S.; B\u0101\u1e35, J\u014dh\u0101n Seba\u1e63t\u012b&#x27;\u0101n; Bach, I. S.; Bach, J.-S.; Bach, Giovanni Sebastiano; Bach, Jean-Sebastien; Bach, Sebastian; Bach, Jan Sebastian; Bach, J. S.; Bach, Johann-Sebastian; Bach, Jean S.; Bach, Johannes S.; Bach, Johannes Sebastian; Bach, Joh. Seb.; Bach, Joh.-Seb.; Bach, Joh. Sebas.; Bach, Johann Seb.; Bach, Joh. Sebast.; Bach, Johann S.; Bach, Iogann Sebastjan; Bach, Jean S\u00e9bastien; Bach, Jean-S\u00e9bastien; Bach, Johann; Bakh, Iogann Sebastian, Nun danket alle Gott\nMarche triomphale\nChoral-Improvisationen op. 65, Nr. 59, Karg-Elert, Sigfrid, 1877-1933; Karg-Elert, Sigfrid Theodor; Karg, Siegfried Theodor; Karg Elert, Sigfrid; Oberndorff, Teo von; Karg-Elert, Sigfried; Karg-Elert, Siegfried; Karg-Elert, S.; Karg-Elert, &#8230;; Karg, Sigfrid; Elert, Sigfrid Karg-, <\/p>\n\n","protected":false},"excerpt":{"rendered":"<p style='position:absolute'>&nbsp;<\/p>\n","protected":false},"author":16,"featured_media":4572,"template":"","meta":{"_et_pb_use_builder":"","_et_pb_old_content":"","_et_gb_content_width":"","_tribe_events_status":"","_tribe_events_status_reason":"","footnotes":""},"tags":[438,305,105,143,516,398],"tribe_events_cat":[722,743,726,723,711,712,716,717,719,729,708,735,724,720],"class_list":["post-41151","tribe_events","type-tribe_events","status-publish","has-post-thumbnail","hentry","tag-george-dyson","tag-gines-perez-de-la-parra","tag-johann-sebastian-bach","tag-philip-radcliffe","tag-samuel-adler","tag-sigfrid-karg-elert","tribe_events_cat-20-jahrhundert","tribe_events_cat-audio","tribe_events_cat-avantgarde","tribe_events_cat-barock","tribe_events_cat-berlin","tribe_events_cat-chor","tribe_events_cat-gottesdienst","tribe_events_cat-kirche","tribe_events_cat-konzert","tribe_events_cat-liturgie","tribe_events_cat-noonsong","tribe_events_cat-pdf","tribe_events_cat-renaissance","tribe_events_cat-vokal","cat_20-jahrhundert","cat_audio","cat_avantgarde","cat_barock","cat_berlin","cat_chor","cat_gottesdienst","cat_kirche","cat_konzert","cat_liturgie","cat_noonsong","cat_pdf","cat_renaissance","cat_vokal"],"acf":[],"_links":{"self":[{"href":"https:\/\/noonsong.de\/en\/wp-json\/wp\/v2\/tribe_events\/41151","targetHints":{"allow":["GET"]}}],"collection":[{"href":"https:\/\/noonsong.de\/en\/wp-json\/wp\/v2\/tribe_events"}],"about":[{"href":"https:\/\/noonsong.de\/en\/wp-json\/wp\/v2\/types\/tribe_events"}],"author":[{"embeddable":true,"href":"https:\/\/noonsong.de\/en\/wp-json\/wp\/v2\/users\/16"}],"version-history":[{"count":1,"href":"https:\/\/noonsong.de\/en\/wp-json\/wp\/v2\/tribe_events\/41151\/revisions"}],"predecessor-version":[{"id":57470,"href":"https:\/\/noonsong.de\/en\/wp-json\/wp\/v2\/tribe_events\/41151\/revisions\/57470"}],"wp:featuredmedia":[{"embeddable":true,"href":"https:\/\/noonsong.de\/en\/wp-json\/wp\/v2\/media\/4572"}],"wp:attachment":[{"href":"https:\/\/noonsong.de\/en\/wp-json\/wp\/v2\/media?parent=41151"}],"wp:term":[{"taxonomy":"post_tag","embeddable":true,"href":"https:\/\/noonsong.de\/en\/wp-json\/wp\/v2\/tags?post=41151"},{"taxonomy":"tribe_events_cat","embeddable":true,"href":"https:\/\/noonsong.de\/en\/wp-json\/wp\/v2\/tribe_events_cat?post=41151"}],"curies":[{"name":"wp","href":"https:\/\/api.w.org\/{rel}","templated":true}]}}