{"id":41202,"date":"2025-07-07T21:36:45","date_gmt":"2025-07-07T19:36:45","guid":{"rendered":"https:\/\/noonsong.de\/veranstaltung\/noonsong-event-2018-09-15\/"},"modified":"2025-07-07T21:36:45","modified_gmt":"2025-07-07T19:36:45","slug":"noonsong-event-2018-09-15","status":"publish","type":"tribe_events","link":"https:\/\/noonsong.de\/en\/event\/noonsong-event-2018-09-15\/","title":{"rendered":"435. NoonSong am 15.09.2018 um 12:00"},"content":{"rendered":"\n<div class=\"wp-block-group is-layout-constrained wp-block-group-is-layout-constrained\">\n\n<h2 class=\"wp-block-heading\">Programme<\/h2>\n\n\n\n<p>\n<strong>Organ prelude<\/strong>: Johann Sebastian Bach (1685-1750): Wir glauben all an einen Gott (BWV 680) (aus \u201eDritter Teil der Klavier\u00fcbung\u201c)<br\/><strong>Preces<\/strong>: William Smith (1603-1645): Preces &amp; Responses f\u00fcr vierstimmig gemischten Chor a cappella<br\/><strong>Psalm of the day<\/strong>: Psalm 46: Moritz Hauptmann (1792-1868): Du bist ja doch der Herr f\u00fcr vierstimmig gemischten Chor a cappella<br\/><strong>Psalm of the week<\/strong>: Psalm 63: Henry Purcell (1659-1695): O God, Thou Art My God f\u00fcr vierstimmig gemischten Chor a cappella<br\/><strong>Responsorium<\/strong>: gregorianisch\n\n<br\/><strong>Canticle<\/strong>: Melchior Franck (1579-1639): Meine Seele erhebt den Herren f\u00fcr f\u00fcnfstimmig gemischten Chor a cappella<br\/><strong>Hymn<\/strong>: Johann Cr\u00fcger (1598-1662): Wach auf, mein Herz, und singe f\u00fcr vierstimmig gemischten Chor a cappella<br\/><strong>Organ postlude<\/strong>: Georg B\u00f6hm (1661-1733): Pr\u00e4ludium und Fuge a-Moll<br\/><strong>Bible reading<\/strong>: Buch Jesaja 38,9-20<\/p>\n\n\n\n<div style=\"height:30px\" aria-hidden=\"true\" class=\"wp-block-spacer\"><\/div>\n\n\n\n<blockquote class=\"wp-block-quote is-layout-flow wp-block-quote-is-layout-flow\" style=\"font-family:Playfair-Display\">\nLiturgy: 16. Sonntag nach Trinitatis<br>\n\nOrganist: Ludger Mai<br>\nLocation: <a href=\"\/kontakt\/#anker-kommen-sie-vorbei\">Kirche am Hohenzollernplatz<\/a>\n<\/blockquote>\n\n<\/div>\n\n<div style=\"height:20px\" aria-hidden=\"true\" class=\"wp-block-spacer\"><\/div>\n\n\n\n<div class=\"wp-block-group is-layout-constrained wp-block-group-is-layout-constrained\">\n<h2 class=\"wp-block-heading\">Listen<\/h2>\n\n\n\n\n<p>Here you can listen to this NoonSong. If you&#8217;d like to listen to more NoonSongs recordings, please register.<\/p>\n\n<div class=\"um-locked-content\">\n\t<div class=\"um-locked-content-msg\">This content has been restricted to logged-in users only. Please <a href=\"https:\/\/noonsong.de\/en\/login-audio-archive\/?redirect_to=https%3A%2F%2Fnoonsong.de%2Fen%2Fwp-json%2Fwp%2Fv2%2Ftribe_events%2F41202\">log in<\/a> to view this content.<\/div>\n<\/div>\n<\/div>\n\n<div style=\"height:20px\" aria-hidden=\"true\" class=\"wp-block-spacer\"><\/div>\n\n\n\n<div class=\"wp-block-group is-layout-constrained wp-block-group-is-layout-constrained\">\n\n<h2 class=\"wp-block-heading\">Programme PDF<\/h2>\n\n\n\n\n<p>Read more about this NoonSong in the programme document.<\/p>\n\n\n\n\n<div style=\"height:1em\" aria-hidden=\"true\" class=\"wp-block-spacer\"><\/div>\n\n\n\n<figure class=\"wp-block-image aligncenter is-resized\">\n<a target=\"_blank\" rel=\"noopener noreferrer\" href=\"https:\/\/noonsong.de\/wp-content\/uploads\/2024\/07\/2018-09-15-Liturgie.pdf\">\n<img decoding=\"async\" src=\"https:\/\/noonsong.de\/wp-content\/uploads\/2024\/07\/2018-09-15-Liturgie-pdf.jpg\" alt=\"\" style=\"max-height:45em; max-width:61.8%\" \/>\n<br>\nPDF DOWNLOAD\n<\/a>\n<\/figure>\n\n\n\n<div style=\"height:20px\" aria-hidden=\"true\" class=\"wp-block-spacer\"><\/div>\n\n<\/div>\n\n<div style=\"height:50px\" aria-hidden=\"true\" class=\"wp-block-spacer\"><\/div>\n\n\n\n<p hidden>, , , , Geistliche Ges\u00e4nge, op. 42. Du bist ja doch der Herr\nDu bist ja doch der Herr\nGeistliche Ges\u00e4nge op. 42. Du bist ja doch der Herr, Hauptmann, M., Anthems, Z 35\nO God, thou art my God, Purcell, Henry; Purcell, &#8230;; Purcel, &#8230;; Purcel, Henry; Purcell, H.; Purcell, Henri; Purcel, Henri, Meine Seele erhebt den Herren (Falsobordone)\nMagnificat, Francus, Melchior; Frank, Melchior; Franco, Melchior; Francke, Melchior; Franc, Melchior; Franc, M., , Cr\u00fcger, Johann; Cr\u00fcger, Johannes; Cr\u00fcger, J.; Cr\u00fcgerus, Johannes; Kr\u00fcger, Johann; Kr\u00fcger, Johannes, Choralbearbeitungen, BWV 669-689. Wir glauben all an einen Gott\nChoralbearbeitungen, BWV 669-689. Wir gl\u00e4uben all an einen Gott\nWir glauben all an einen Gott, BWV 680\nWir gl\u00e4uben all an einen Gott, BWV 680\nClavier \u00dcbung, Teil 3. Wir gl\u00e4uben all an einen Gott\nChoralbearbeitungen, Orgel, BWV 680 (D-Dur)\nBWV 680, Bach; Bach, G. S.; Bach, Iogann Sebast\u02b9jan; Bach, Joh. Sebastian; Bach, Giov. Sebast.; Bach, Jean Sebastien; Bach, Jean Sebastian; Bach, J. Seb.; Bach, Sebastiano; Bach, John Sebastian; Bach, Iogann S.; Bach, Iogann Sebast&#x27;jan; Bach, Iogann Sebastian; Bach, Giovanni Sebastian; Bach, Johan Sebastian; Bach, Joannes Sebastianus; Bach, Giov. Seb.; Bach, Giovanni S.; B\u0101\u1e35, J\u014dh\u0101n Seba\u1e63t\u012b&#x27;\u0101n; Bach, I. S.; Bach, J.-S.; Bach, Giovanni Sebastiano; Bach, Jean-Sebastien; Bach, Sebastian; Bach, Jan Sebastian; Bach, J. S.; Bach, Johann-Sebastian; Bach, Jean S.; Bach, Johannes S.; Bach, Johannes Sebastian; Bach, Joh. Seb.; Bach, Joh.-Seb.; Bach, Joh. Sebas.; Bach, Johann Seb.; Bach, Joh. Sebast.; Bach, Johann S.; Bach, Iogann Sebastjan; Bach, Jean S\u00e9bastien; Bach, Jean-S\u00e9bastien; Bach, Johann; Bakh, Iogann Sebastian, , B\u00f6hm, Georg; Boehm, Georg; Boehm, Georges; B\u00f6hm, Johann Georg; B\u00f6hm, G., <\/p>\n\n","protected":false},"excerpt":{"rendered":"<p style='position:absolute'>&nbsp;<\/p>\n","protected":false},"author":16,"featured_media":4775,"template":"","meta":{"_et_pb_use_builder":"","_et_pb_old_content":"","_et_gb_content_width":"","_tribe_events_status":"","_tribe_events_status_reason":"","footnotes":""},"tags":[252,170,140,105,176,154,114],"tribe_events_cat":[743,723,711,712,716,717,719,729,708,735,725,720],"class_list":["post-41202","tribe_events","type-tribe_events","status-publish","has-post-thumbnail","hentry","tag-georg-boehm","tag-henry-purcell","tag-johann-crueger","tag-johann-sebastian-bach","tag-melchior-franck","tag-moritz-hauptmann","tag-william-smith","tribe_events_cat-audio","tribe_events_cat-barock","tribe_events_cat-berlin","tribe_events_cat-chor","tribe_events_cat-gottesdienst","tribe_events_cat-kirche","tribe_events_cat-konzert","tribe_events_cat-liturgie","tribe_events_cat-noonsong","tribe_events_cat-pdf","tribe_events_cat-romantik","tribe_events_cat-vokal","cat_audio","cat_barock","cat_berlin","cat_chor","cat_gottesdienst","cat_kirche","cat_konzert","cat_liturgie","cat_noonsong","cat_pdf","cat_romantik","cat_vokal"],"acf":[],"_links":{"self":[{"href":"https:\/\/noonsong.de\/en\/wp-json\/wp\/v2\/tribe_events\/41202","targetHints":{"allow":["GET"]}}],"collection":[{"href":"https:\/\/noonsong.de\/en\/wp-json\/wp\/v2\/tribe_events"}],"about":[{"href":"https:\/\/noonsong.de\/en\/wp-json\/wp\/v2\/types\/tribe_events"}],"author":[{"embeddable":true,"href":"https:\/\/noonsong.de\/en\/wp-json\/wp\/v2\/users\/16"}],"version-history":[{"count":1,"href":"https:\/\/noonsong.de\/en\/wp-json\/wp\/v2\/tribe_events\/41202\/revisions"}],"predecessor-version":[{"id":57017,"href":"https:\/\/noonsong.de\/en\/wp-json\/wp\/v2\/tribe_events\/41202\/revisions\/57017"}],"wp:featuredmedia":[{"embeddable":true,"href":"https:\/\/noonsong.de\/en\/wp-json\/wp\/v2\/media\/4775"}],"wp:attachment":[{"href":"https:\/\/noonsong.de\/en\/wp-json\/wp\/v2\/media?parent=41202"}],"wp:term":[{"taxonomy":"post_tag","embeddable":true,"href":"https:\/\/noonsong.de\/en\/wp-json\/wp\/v2\/tags?post=41202"},{"taxonomy":"tribe_events_cat","embeddable":true,"href":"https:\/\/noonsong.de\/en\/wp-json\/wp\/v2\/tribe_events_cat?post=41202"}],"curies":[{"name":"wp","href":"https:\/\/api.w.org\/{rel}","templated":true}]}}