{"id":41222,"date":"2025-07-07T21:41:31","date_gmt":"2025-07-07T19:41:31","guid":{"rendered":"https:\/\/noonsong.de\/veranstaltung\/noonsong-event-2009-10-10\/"},"modified":"2025-07-07T21:41:31","modified_gmt":"2025-07-07T19:41:31","slug":"noonsong-event-2009-10-10","status":"publish","type":"tribe_events","link":"https:\/\/noonsong.de\/en\/event\/noonsong-event-2009-10-10\/","title":{"rendered":"39. NoonSong am 10.10.2009 um 12:00"},"content":{"rendered":"\n<div class=\"wp-block-group is-layout-constrained wp-block-group-is-layout-constrained\">\n\n<h2 class=\"wp-block-heading\">Programme<\/h2>\n\n\n\n<p>\n<strong>Organ prelude<\/strong>: Johann Sebastian Bach (1685-1750): Allabreve D-Dur (BWV 589)<br\/><strong>Preces<\/strong>: Herbert Howells (1892-1983): Preces &amp; Responses f\u00fcr vierstimmig gemischten Chor a cappella<br\/><strong>Psalm of the day<\/strong>: Psalm 12: Joseph Barnby (1838-1896): Anglican chant<br\/><strong>Psalm of the week<\/strong>: Psalm 19b: Giovanni Pierluigi da Palestrina (1525-1594): Justitiae Domini f\u00fcr vierstimmig gemischten Chor a cappella<br\/><strong>Responsorium<\/strong>: gregorianisch\n\n<br\/><strong>Canticle<\/strong>: Herbert Howells (1892-1983): Magnificat (St. John\u2018s) f\u00fcr vierstimmig gemischten Chor und Orgel<br\/><strong>Hymn<\/strong>: Johann Cr\u00fcger (1598-1662): In Gottes Namen fang ich an f\u00fcr vierstimmig gemischten Chor a cappella<br\/><strong>Organ postlude<\/strong>: Louis Vierne (1870-1937): \u00c9toile du soir (op. 54,3)<\/p>\n\n\n\n<div style=\"height:30px\" aria-hidden=\"true\" class=\"wp-block-spacer\"><\/div>\n\n\n\n<blockquote class=\"wp-block-quote is-layout-flow wp-block-quote-is-layout-flow\" style=\"font-family:Playfair-Display\">\nLiturgy: 18. Sonntag nach Trinitatis<br>\n\nOrganist: Rudolf Seidel<br>\nLocation: <a href=\"\/kontakt\/#anker-kommen-sie-vorbei\">Kirche am Hohenzollernplatz<\/a>\n<\/blockquote>\n\n<\/div>\n\n<div style=\"height:20px\" aria-hidden=\"true\" class=\"wp-block-spacer\"><\/div>\n\n\n\n<div class=\"wp-block-group is-layout-constrained wp-block-group-is-layout-constrained\">\n\n<h2 class=\"wp-block-heading\">Programme PDF<\/h2>\n\n\n\n\n<p>Read more about this NoonSong in the programme document.<\/p>\n\n\n\n\n<div style=\"height:1em\" aria-hidden=\"true\" class=\"wp-block-spacer\"><\/div>\n\n\n\n<figure class=\"wp-block-image aligncenter is-resized\">\n<a target=\"_blank\" rel=\"noopener noreferrer\" href=\"https:\/\/noonsong.de\/wp-content\/uploads\/2023\/05\/pdfProgrammhefte2009-10-10-Liturgie_18_So_nach_Trinitatis.pdf\">\n<img decoding=\"async\" src=\"https:\/\/noonsong.de\/wp-content\/uploads\/2023\/05\/pdfProgrammhefte2009-10-10-Liturgie_18_So_nach_Trinitatis-pdf.jpg\" alt=\"\" style=\"max-height:45em; max-width:61.8%\" \/>\n<br>\nPDF DOWNLOAD\n<\/a>\n<\/figure>\n\n\n\n<div style=\"height:20px\" aria-hidden=\"true\" class=\"wp-block-spacer\"><\/div>\n\n<\/div>\n\n<div style=\"height:50px\" aria-hidden=\"true\" class=\"wp-block-spacer\"><\/div>\n\n\n\n<p hidden>, Howells, Herbert Norman , , Barnby, Josef Barnby, J. Barnby, Sir Joseph, , Palestrina, Giov. Pierluigi da; Palestrina, G. Pierluigi da; Palestrina, G. P. da; Palestrina, G.P. da; Palestrina, Giovanni Pierluigi; Palestrina, Giovanni Pietro; Palestrina, Giovanni Petraloysio; Palestrina, Giovanni L.; Palestrina, Giovanni; Palestrina, G. P.; Palestrina, G.P.; Palestrina, Giovanni da; Palestrina, Giovanno; Palestrina, C. P. da; Palestrina, C.P. da; Palestrina, Jean Pierluigi de; Palestrina, J. P.; Palestrina, J.P.; Palestrina, Joachim; Palestrina, Petrus Aloysius; Palestrina, Petrus A.; Palestrina, Pierluigi da; Palestrina, Pier Luigi; Palestrina, P. L. da; Palestrina, P.L. da; Palestrina; Pal\u00e4strina, G.; Palestrino, Joannes P.; Praenestinius, Ioannes P.; Praenestinius, Joannes Petraloysius; Praenestinus, Joann Petraloysius; Praenestinius, Joannes P.; Praenestino, Joanne Petraloysio; Praenestino, Joanne Petro Aloysio; Praenestino, Joannis P.; Praenestino, Petro Aloysio; Praenestinus, Ioannes P.; Praenestinus, Joannes Petraloysius; Praenestinus, Jo. Petraloysius; Praenestinus, Joannes P.; Praenestinus, Joann. P.; Praenestinus, Joannes Petrus Aloysius; Pr\u00e6nestinus, Ioan. Petraloysius; Pr\u00e6nestinus, Ioannes Aloysius; Pr\u00e6nestinus, Johannes Petrus Aloysius; Prenestino, Giovanni Pierluigi da; Prenestino, Giovanni Pietro Aloysio; Prenestinus, Giovanni P.; Prenestinus, Petrus Aloysius; Pierluigi, Giovanni; Pierluigi da Palestrina, Giovanni; Da Palestrina, Giovanni Pierluigi; Da Palestrina, Pierluigi; DaPalestrina, Giovanni Pierluigi; Giannetto; Sante da Palestrina, Pier Luigi, , Howells, Herbert Norman , , Cr\u00fcger, Johann; Cr\u00fcger, Johannes; Cr\u00fcger, J.; Cr\u00fcgerus, Johannes; Kr\u00fcger, Johann; Kr\u00fcger, Johannes, Allabreve, BWV 589\nAllabreve in D\nAllabreve BWV 589, Bach; Bach, G. S.; Bach, Iogann Sebast\u02b9jan; Bach, Joh. Sebastian; Bach, Giov. Sebast.; Bach, Jean Sebastien; Bach, Jean Sebastian; Bach, J. Seb.; Bach, Sebastiano; Bach, John Sebastian; Bach, Iogann S.; Bach, Iogann Sebast&#x27;jan; Bach, Iogann Sebastian; Bach, Giovanni Sebastian; Bach, Johan Sebastian; Bach, Joannes Sebastianus; Bach, Giov. Seb.; Bach, Giovanni S.; B\u0101\u1e35, J\u014dh\u0101n Seba\u1e63t\u012b&#x27;\u0101n; Bach, I. S.; Bach, J.-S.; Bach, Giovanni Sebastiano; Bach, Jean-Sebastien; Bach, Sebastian; Bach, Jan Sebastian; Bach, J. S.; Bach, Johann-Sebastian; Bach, Jean S.; Bach, Johannes S.; Bach, Johannes Sebastian; Bach, Joh. Seb.; Bach, Joh.-Seb.; Bach, Joh. Sebas.; Bach, Johann Seb.; Bach, Joh. Sebast.; Bach, Johann S.; Bach, Iogann Sebastjan; Bach, Jean S\u00e9bastien; Bach, Jean-S\u00e9bastien; Bach, Johann; Bakh, Iogann Sebastian, Fantasiest\u00fccke, Orgel, op. 54\nPi\u00e8ces de fantaisie, Orgel, op. 54\nFantasiest\u00fccke, Org, op. 54\nPi\u00e8ces de fantaisie op. 54\nPi\u00e8ces de fantaisie en quatre suites (livre 3), Vierne, Louis, 1870-1937; Vierne, &#8230;; Vierne, Louis V.; Vierne, Louis-Victor-Jules; Vierne, Louis Victor Jules; Vierne, Luis; Vierne, L., <\/p>\n\n","protected":false},"excerpt":{"rendered":"<p style='position:absolute'>&nbsp;<\/p>\n","protected":false},"author":16,"featured_media":19189,"template":"","meta":{"_et_pb_use_builder":"","_et_pb_old_content":"","_et_gb_content_width":"","_tribe_events_status":"","_tribe_events_status_reason":"","footnotes":""},"tags":[289,191,140,105,418,182],"tribe_events_cat":[722,723,711,712,716,717,719,729,708,735,724,725,720],"class_list":["post-41222","tribe_events","type-tribe_events","status-publish","has-post-thumbnail","hentry","tag-giovanni-pierluigi-da-palestrina","tag-herbert-howells","tag-johann-crueger","tag-johann-sebastian-bach","tag-joseph-barnby","tag-louis-vierne","tribe_events_cat-20-jahrhundert","tribe_events_cat-barock","tribe_events_cat-berlin","tribe_events_cat-chor","tribe_events_cat-gottesdienst","tribe_events_cat-kirche","tribe_events_cat-konzert","tribe_events_cat-liturgie","tribe_events_cat-noonsong","tribe_events_cat-pdf","tribe_events_cat-renaissance","tribe_events_cat-romantik","tribe_events_cat-vokal","cat_20-jahrhundert","cat_barock","cat_berlin","cat_chor","cat_gottesdienst","cat_kirche","cat_konzert","cat_liturgie","cat_noonsong","cat_pdf","cat_renaissance","cat_romantik","cat_vokal"],"acf":[],"_links":{"self":[{"href":"https:\/\/noonsong.de\/en\/wp-json\/wp\/v2\/tribe_events\/41222","targetHints":{"allow":["GET"]}}],"collection":[{"href":"https:\/\/noonsong.de\/en\/wp-json\/wp\/v2\/tribe_events"}],"about":[{"href":"https:\/\/noonsong.de\/en\/wp-json\/wp\/v2\/types\/tribe_events"}],"author":[{"embeddable":true,"href":"https:\/\/noonsong.de\/en\/wp-json\/wp\/v2\/users\/16"}],"version-history":[{"count":1,"href":"https:\/\/noonsong.de\/en\/wp-json\/wp\/v2\/tribe_events\/41222\/revisions"}],"predecessor-version":[{"id":57315,"href":"https:\/\/noonsong.de\/en\/wp-json\/wp\/v2\/tribe_events\/41222\/revisions\/57315"}],"wp:featuredmedia":[{"embeddable":true,"href":"https:\/\/noonsong.de\/en\/wp-json\/wp\/v2\/media\/19189"}],"wp:attachment":[{"href":"https:\/\/noonsong.de\/en\/wp-json\/wp\/v2\/media?parent=41222"}],"wp:term":[{"taxonomy":"post_tag","embeddable":true,"href":"https:\/\/noonsong.de\/en\/wp-json\/wp\/v2\/tags?post=41222"},{"taxonomy":"tribe_events_cat","embeddable":true,"href":"https:\/\/noonsong.de\/en\/wp-json\/wp\/v2\/tribe_events_cat?post=41222"}],"curies":[{"name":"wp","href":"https:\/\/api.w.org\/{rel}","templated":true}]}}