{"id":41233,"date":"2025-07-07T21:37:42","date_gmt":"2025-07-07T19:37:42","guid":{"rendered":"https:\/\/noonsong.de\/veranstaltung\/noonsong-event-2021-09-18\/"},"modified":"2025-07-07T21:37:42","modified_gmt":"2025-07-07T19:37:42","slug":"noonsong-event-2021-09-18","status":"publish","type":"tribe_events","link":"https:\/\/noonsong.de\/en\/event\/noonsong-event-2021-09-18\/","title":{"rendered":"550. NoonSong am 18.09.2021 um 12:00"},"content":{"rendered":"\n<div class=\"wp-block-group is-layout-constrained wp-block-group-is-layout-constrained\">\n\n<h2 class=\"wp-block-heading\">Programme<\/h2>\n\n\n\n<p>\n<strong>Organ prelude<\/strong>: Camille Saint-Sa\u00ebns (1835-1921): Pr\u00e9lude en Do Majeur op. 109&#x2f;3<br\/><strong>Preces<\/strong>: Gabriel Jackson (*1962): Preces und Responses f\u00fcr vierstimmig gemischten Chor a cappella<br\/><strong>Psalm of the day<\/strong>: Psalm 137: Colin Mawby (1936-2019): A song of exile f\u00fcr vierstimmig gemischten Chor a cappella<br\/><strong>Psalm of the week<\/strong>: Psalm 68: Edward Elgar (1857-1937): Double chant f\u00fcr vierstimmig gemischten Chor a cappella<br\/><strong>Responsorium<\/strong>: gregorianisch\n\n<br\/><strong>Canticle<\/strong>: Charles Gounod (1818-1893): Magnificat (CG 162) f\u00fcr Sopran-Solo, vierstimmig gemischten Chor und Orgel<br\/><strong>Hymn<\/strong>: Johann Cr\u00fcger (1598-1662): Jesus lebt, mit ihm auch ich f\u00fcr vierstimmig gemischten Chor a cappella<br\/><strong>Organ postlude<\/strong>: Camille Saint-Sa\u00ebns (1835-1921): Fugue en Do Majeur op. 109&#x2f;3<br\/><strong>Bible reading<\/strong>: Evangelium nach Johannes 11,1-3.17-27.38-45<\/p>\n\n\n\n<div style=\"height:30px\" aria-hidden=\"true\" class=\"wp-block-spacer\"><\/div>\n\n\n\n<blockquote class=\"wp-block-quote is-layout-flow wp-block-quote-is-layout-flow\" style=\"font-family:Playfair-Display\">\nLiturgy: 16. Sonntag nach Trinitatis<br>\nPfarrerin: Marita Lersner<br>\nOrganist: Daniel Clark<br>\nLocation: <a href=\"\/kontakt\/#anker-kommen-sie-vorbei\">Kirche am Hohenzollernplatz<\/a>\n<\/blockquote>\n\n<\/div>\n\n<div style=\"height:20px\" aria-hidden=\"true\" class=\"wp-block-spacer\"><\/div>\n\n\n\n<div class=\"wp-block-group is-layout-constrained wp-block-group-is-layout-constrained\">\n<h2 class=\"wp-block-heading\">Listen<\/h2>\n\n\n\n\n<p>Here you can listen to this NoonSong. If you&#8217;d like to listen to more NoonSongs recordings, please register.<\/p>\n\n<div class=\"um-locked-content\">\n\t<div class=\"um-locked-content-msg\">This content has been restricted to logged-in users only. Please <a href=\"https:\/\/noonsong.de\/en\/login-audio-archive\/?redirect_to=https%3A%2F%2Fnoonsong.de%2Fen%2Fwp-json%2Fwp%2Fv2%2Ftribe_events%2F41233\">log in<\/a> to view this content.<\/div>\n<\/div>\n<\/div>\n\n<div style=\"height:20px\" aria-hidden=\"true\" class=\"wp-block-spacer\"><\/div>\n\n\n\n<div class=\"wp-block-group is-layout-constrained wp-block-group-is-layout-constrained\">\n\n<h2 class=\"wp-block-heading\">Programme PDF<\/h2>\n\n\n\n\n<p>Read more about this NoonSong in the programme document.<\/p>\n\n\n\n\n<div style=\"height:1em\" aria-hidden=\"true\" class=\"wp-block-spacer\"><\/div>\n\n\n\n<figure class=\"wp-block-image aligncenter is-resized\">\n<a target=\"_blank\" rel=\"noopener noreferrer\" href=\"https:\/\/noonsong.de\/wp-content\/uploads\/2024\/07\/2021-09-18-Liturgie.pdf\">\n<img decoding=\"async\" src=\"https:\/\/noonsong.de\/wp-content\/uploads\/2024\/07\/2021-09-18-Liturgie-pdf.jpg\" alt=\"\" style=\"max-height:45em; max-width:61.8%\" \/>\n<br>\nPDF DOWNLOAD\n<\/a>\n<\/figure>\n\n\n\n<div style=\"height:20px\" aria-hidden=\"true\" class=\"wp-block-spacer\"><\/div>\n\n<\/div>\n\n<div style=\"height:50px\" aria-hidden=\"true\" class=\"wp-block-spacer\"><\/div>\n\n\n\n<p hidden>, , , , , , , Elgar, Sir Edward; Francke, Gustav; Elgar, E.; Elgar, &#8230;; Elgar, Edward W.; Elgar, Edward William; Elgar, Edgar William, , Gounod, Charles Fran\u00e7ois; Gounod, Charles-Fran\u00e7ois; Gounod, Ch.; Gounod, Carlo; Gounod, C.; Gounod, Felix-Charles; Gounod, Felix Charles; Gounod, Karol; Gounod, K\u00e1roly; Gounod; Guno, K.; Guno, \u0160.; Bach-Gounod, , Cr\u00fcger, Johann; Cr\u00fcger, Johannes; Cr\u00fcger, J.; Cr\u00fcgerus, Johannes; Kr\u00fcger, Johann; Kr\u00fcger, Johannes, , Saint-Saens, Camille; Saint-Sa\u00ebns, Charles Camille; Sa\u00ebns, Camille Saint; Saint-Saens, Camillo; Saint-Saens, Camilo; Saint-Sa\u00ebns, Charles-Camille; Saint-Sa\u00ebns, Charles Camile; Saint-Sa\u00ebns, Charles Camille de; Saint-Sa\u00ebns, C.; Saint-Sa\u00ebns; Sain-Sa\u00ebns, Charles C.; Saint Sa\u00ebns, Charles-Camille; Sa\u00ebns, Charles-Camille Saint-; Sain-Sans, Kamil; San-S\u0101nsu; Sen-Sans, K.; Sen-Sans, Kamil\u02b9; Sen-Sans, \u0160arl\u02b9 Kamil\u02b9; Saint-Sants, Camille; Saint-Sa\u00ebns, Camille; Saint-Sa\u00ebns, Charles-Camille; Saint-Sa\u00ebns, Charles Camille, , Saint-Saens, Camille; Saint-Sa\u00ebns, Charles Camille; Sa\u00ebns, Camille Saint; Saint-Saens, Camillo; Saint-Saens, Camilo; Saint-Sa\u00ebns, Charles-Camille; Saint-Sa\u00ebns, Charles Camile; Saint-Sa\u00ebns, Charles Camille de; Saint-Sa\u00ebns, C.; Saint-Sa\u00ebns; Sain-Sa\u00ebns, Charles C.; Saint Sa\u00ebns, Charles-Camille; Sa\u00ebns, Charles-Camille Saint-; Sain-Sans, Kamil; San-S\u0101nsu; Sen-Sans, K.; Sen-Sans, Kamil\u02b9; Sen-Sans, \u0160arl\u02b9 Kamil\u02b9; Saint-Sants, Camille; Saint-Sa\u00ebns, Camille; Saint-Sa\u00ebns, Charles-Camille; Saint-Sa\u00ebns, Charles Camille, <\/p>\n\n","protected":false},"excerpt":{"rendered":"<p>Anglikanische Chormusik erklingt in diesem NoonSong. Der gro\u00dfe Edward Elgar stellte sich mit seinen Psalm-Modellen ganz in die Tradition, die von Tallis bis Stanford reichte. Auch der Franzose Charles Gounod komponierte f\u00fcr englische Kathedralen. Erstmals im NoonSong erklingt die Vertonung der liturgischen Texte von Gabriel Jackson. Der vielfach ausgezeichnete englische Komponist ist von Tippett, Strawinsky, aber auch von Soul und Blues inspiriert. <\/p>\n","protected":false},"author":16,"featured_media":18755,"template":"","meta":{"_et_pb_use_builder":"","_et_pb_old_content":"","_et_gb_content_width":"","_tribe_events_status":"","_tribe_events_status_reason":"","footnotes":""},"tags":[175,482,521,204,437,140],"tribe_events_cat":[722,741,743,723,711,712,716,717,719,729,708,735,725,720],"class_list":["post-41233","tribe_events","type-tribe_events","status-publish","has-post-thumbnail","hentry","tag-camille-saint-saens","tag-charles-gounod","tag-colin-mawby","tag-edward-elgar","tag-gabriel-jackson","tag-johann-crueger","tribe_events_cat-20-jahrhundert","tribe_events_cat-21-jahrhundert","tribe_events_cat-audio","tribe_events_cat-barock","tribe_events_cat-berlin","tribe_events_cat-chor","tribe_events_cat-gottesdienst","tribe_events_cat-kirche","tribe_events_cat-konzert","tribe_events_cat-liturgie","tribe_events_cat-noonsong","tribe_events_cat-pdf","tribe_events_cat-romantik","tribe_events_cat-vokal","cat_20-jahrhundert","cat_21-jahrhundert","cat_audio","cat_barock","cat_berlin","cat_chor","cat_gottesdienst","cat_kirche","cat_konzert","cat_liturgie","cat_noonsong","cat_pdf","cat_romantik","cat_vokal"],"acf":[],"_links":{"self":[{"href":"https:\/\/noonsong.de\/en\/wp-json\/wp\/v2\/tribe_events\/41233","targetHints":{"allow":["GET"]}}],"collection":[{"href":"https:\/\/noonsong.de\/en\/wp-json\/wp\/v2\/tribe_events"}],"about":[{"href":"https:\/\/noonsong.de\/en\/wp-json\/wp\/v2\/types\/tribe_events"}],"author":[{"embeddable":true,"href":"https:\/\/noonsong.de\/en\/wp-json\/wp\/v2\/users\/16"}],"version-history":[{"count":1,"href":"https:\/\/noonsong.de\/en\/wp-json\/wp\/v2\/tribe_events\/41233\/revisions"}],"predecessor-version":[{"id":57079,"href":"https:\/\/noonsong.de\/en\/wp-json\/wp\/v2\/tribe_events\/41233\/revisions\/57079"}],"wp:featuredmedia":[{"embeddable":true,"href":"https:\/\/noonsong.de\/en\/wp-json\/wp\/v2\/media\/18755"}],"wp:attachment":[{"href":"https:\/\/noonsong.de\/en\/wp-json\/wp\/v2\/media?parent=41233"}],"wp:term":[{"taxonomy":"post_tag","embeddable":true,"href":"https:\/\/noonsong.de\/en\/wp-json\/wp\/v2\/tags?post=41233"},{"taxonomy":"tribe_events_cat","embeddable":true,"href":"https:\/\/noonsong.de\/en\/wp-json\/wp\/v2\/tribe_events_cat?post=41233"}],"curies":[{"name":"wp","href":"https:\/\/api.w.org\/{rel}","templated":true}]}}