{"id":41257,"date":"2026-04-26T04:02:37","date_gmt":"2026-04-26T02:02:37","guid":{"rendered":"https:\/\/noonsong.de\/veranstaltung\/noonsong-event-2013-06-01\/"},"modified":"2026-04-26T04:02:37","modified_gmt":"2026-04-26T02:02:37","slug":"noonsong-event-2013-06-01","status":"publish","type":"tribe_events","link":"https:\/\/noonsong.de\/en\/event\/noonsong-event-2013-06-01\/","title":{"rendered":"203. NoonSong am 01.06.2013 um 12:00"},"content":{"rendered":"\n<div class=\"wp-block-group is-layout-constrained wp-block-group-is-layout-constrained\">\n\n<h2 class=\"wp-block-heading\">Programme<\/h2>\n\n\n\n<p>\n<strong>Organ prelude<\/strong>: Jean Fran\u00e7ois Dandrieu (ca. 1682-1738): Dialogue in a-Moll<br\/><strong>Preces<\/strong>: William Byrd (ca. 1540-1623): Preces &amp; Responses f\u00fcr f\u00fcnfstimmig gemischten Chor a cappella<br\/><strong>Psalm of the day<\/strong>: Psalm 33: Josef Gabriel Rheinberger (1839-1901): Frohlocket, ihr Gerechten f\u00fcr vierstimmig gemischten Chor a cappella<br\/><strong>Psalm of the week<\/strong>: Psalm 119f: Max Reger (1873-1916): Dein Wort, o Herr, wohnt weit und ewig f\u00fcr vierstimmig gemischten Chor a cappella<br\/><strong>Responsorium<\/strong>: gregorianisch\n\n<br\/><strong>Canticle<\/strong>: Gottfried August Homilius (1714-1785): Magnificat C-Dur (HoWV IV.3) f\u00fcr vierstimmig gemischten Chor a cappella<br\/><strong>Hymn<\/strong>: Michael Praetorius (1571-1621): Nun bitten wir den Heiligen Geist f\u00fcr vierstimmig gemischten Chor a cappella<br\/><strong>Organ postlude<\/strong>: Jean Fran\u00e7ois Dandrieu (ca. 1682-1738): Grand jeux d-Moll<br\/><strong>Bible reading<\/strong>: 1. Johannesbrief 4,16b-21<\/p>\n\n\n\n<div style=\"height:30px\" aria-hidden=\"true\" class=\"wp-block-spacer\"><\/div>\n\n\n\n<blockquote class=\"wp-block-quote is-layout-flow wp-block-quote-is-layout-flow\" style=\"font-family:Playfair-Display\">\nLiturgy: 1. Sonntag nach Trinitatis<br>\nPfarrerin: Barbara Deml<br>\nOrganist: Ludger Mai<br>\nLocation: <a href=\"\/kontakt\/#anker-kommen-sie-vorbei\">Kirche am Hohenzollernplatz<\/a>\n<\/blockquote>\n\n<\/div>\n\n<div style=\"height:20px\" aria-hidden=\"true\" class=\"wp-block-spacer\"><\/div>\n\n\n\n<div class=\"wp-block-group is-layout-constrained wp-block-group-is-layout-constrained\">\n\n<h2 class=\"wp-block-heading\">Programme PDF<\/h2>\n\n\n\n\n<p>Read more about this NoonSong in the programme document.<\/p>\n\n\n\n\n<div style=\"height:1em\" aria-hidden=\"true\" class=\"wp-block-spacer\"><\/div>\n\n\n\n<figure class=\"wp-block-image aligncenter is-resized\">\n<a target=\"_blank\" rel=\"noopener noreferrer\" href=\"https:\/\/noonsong.de\/wp-content\/uploads\/2024\/07\/2013-06-01-Liturgie.pdf\">\n<img decoding=\"async\" src=\"https:\/\/noonsong.de\/wp-content\/uploads\/2024\/07\/2013-06-01-Liturgie-pdf.jpg\" alt=\"\" style=\"max-height:45em; max-width:61.8%\" \/>\n<br>\nPDF DOWNLOAD\n<\/a>\n<\/figure>\n\n\n\n<div style=\"height:20px\" aria-hidden=\"true\" class=\"wp-block-spacer\"><\/div>\n\n<\/div>\n\n<div style=\"height:50px\" aria-hidden=\"true\" class=\"wp-block-spacer\"><\/div>\n\n\n\n<p hidden>, , , Byrd, &#8230;; Byrd, W.; Byrd, Guil.; Byrd of Virginia, William; Berd, V.; Byred, William; Bird, William; Byrde, William, Motetten, op. 40. Frohlocket, ihr Gerechten\nFrohlocket, ihr Gerechten\nPsalm 33\nMotetten op. 40, Nr. 5, Rheinberger, Josef, 1839-1901; Rheinberger, &#8230;; Rheinberger, Gabriel; Rheinberger, Josef von; Rheinberger, Giuseppe; Rheinberger, Gabriel J.; Rheinberger, Joseph Gabriel von; Rheinberger, J.; Rheinberger, J. G.; Rheinberger, Josef G.; Rheinberger, Jos.; Rheinberger, Josef Gabriel; Rheinberger, Gabriel Joseph; Rheinberger, Gabriel Josef; Rheinberger, Joseph von; Rheinberger, Joseph Gabriel; Rheinberger, Joseph G.; Rheinberger, Josef, , Reger, Max; Reger, Johann Baptist Joseph Maximilian; Reger, M.; Reger, &#8230;; Reger, Maks; R\u0113gers, M., , Homilius, Gottfried; Homilius, Gottfried A.; Hommilius, Gottfried August, Musae Sioniae, Theil 6. Nun bitten wir den Heiligen Geist\nNun bitten wir den Heiligen Geist, Praetorius, M.; Praetorius; Praetorij, Micha\u00eblis; Pr\u00e4torius, Michael; Pr\u00e4torius, Mich.; Schulthei\u00df, Michael; Schultheiss, Michael, , Andrieu, Jean-Fran\u00e7ois d&#x27;; Dandrieu, J. F.; Dandrieu, Jean F.; Dandrieu, Fran\u00e7ois; Dandrieux, Jean-Fran\u00e7ois; Dandrieu, Jean Fran\u00e7ois; D&#x27;Andrieu, J. F.; D&#x27;Andrieu, Jean Fran\u00e7ois; Andrieu, Jean Fran\u00e7ois d&#x27;, , Andrieu, Jean-Fran\u00e7ois d&#x27;; Dandrieu, J. F.; Dandrieu, Jean F.; Dandrieu, Fran\u00e7ois; Dandrieux, Jean-Fran\u00e7ois; Dandrieu, Jean Fran\u00e7ois; D&#x27;Andrieu, J. F.; D&#x27;Andrieu, Jean Fran\u00e7ois; Andrieu, Jean Fran\u00e7ois d&#x27;, <\/p>\n\n","protected":false},"excerpt":{"rendered":"<p style='position:absolute'>&nbsp;<\/p>\n","protected":false},"author":16,"featured_media":19101,"template":"","meta":{"_et_pb_use_builder":"","_et_pb_old_content":"","_et_gb_content_width":"","_tribe_events_status":"","_tribe_events_status_reason":"","footnotes":""},"tags":[598,374,133,226,145,113],"tribe_events_cat":[723,711,712,716,717,727,719,729,708,735,724,725,720],"class_list":["post-41257","tribe_events","type-tribe_events","status-publish","has-post-thumbnail","hentry","tag-gottfried-august-homilius-2","tag-jean-francois-dandrieu","tag-josef-gabriel-rheinberger","tag-max-reger","tag-michael-praetorius","tag-william-byrd","tribe_events_cat-barock","tribe_events_cat-berlin","tribe_events_cat-chor","tribe_events_cat-gottesdienst","tribe_events_cat-kirche","tribe_events_cat-klassik","tribe_events_cat-konzert","tribe_events_cat-liturgie","tribe_events_cat-noonsong","tribe_events_cat-pdf","tribe_events_cat-renaissance","tribe_events_cat-romantik","tribe_events_cat-vokal","cat_barock","cat_berlin","cat_chor","cat_gottesdienst","cat_kirche","cat_klassik","cat_konzert","cat_liturgie","cat_noonsong","cat_pdf","cat_renaissance","cat_romantik","cat_vokal"],"acf":[],"_links":{"self":[{"href":"https:\/\/noonsong.de\/en\/wp-json\/wp\/v2\/tribe_events\/41257","targetHints":{"allow":["GET"]}}],"collection":[{"href":"https:\/\/noonsong.de\/en\/wp-json\/wp\/v2\/tribe_events"}],"about":[{"href":"https:\/\/noonsong.de\/en\/wp-json\/wp\/v2\/types\/tribe_events"}],"author":[{"embeddable":true,"href":"https:\/\/noonsong.de\/en\/wp-json\/wp\/v2\/users\/16"}],"version-history":[{"count":1,"href":"https:\/\/noonsong.de\/en\/wp-json\/wp\/v2\/tribe_events\/41257\/revisions"}],"predecessor-version":[{"id":56080,"href":"https:\/\/noonsong.de\/en\/wp-json\/wp\/v2\/tribe_events\/41257\/revisions\/56080"}],"wp:featuredmedia":[{"embeddable":true,"href":"https:\/\/noonsong.de\/en\/wp-json\/wp\/v2\/media\/19101"}],"wp:attachment":[{"href":"https:\/\/noonsong.de\/en\/wp-json\/wp\/v2\/media?parent=41257"}],"wp:term":[{"taxonomy":"post_tag","embeddable":true,"href":"https:\/\/noonsong.de\/en\/wp-json\/wp\/v2\/tags?post=41257"},{"taxonomy":"tribe_events_cat","embeddable":true,"href":"https:\/\/noonsong.de\/en\/wp-json\/wp\/v2\/tribe_events_cat?post=41257"}],"curies":[{"name":"wp","href":"https:\/\/api.w.org\/{rel}","templated":true}]}}