{"id":41265,"date":"2025-07-07T21:43:10","date_gmt":"2025-07-07T19:43:10","guid":{"rendered":"https:\/\/noonsong.de\/veranstaltung\/noonsong-event-2010-11-13\/"},"modified":"2025-07-07T21:43:10","modified_gmt":"2025-07-07T19:43:10","slug":"noonsong-event-2010-11-13","status":"publish","type":"tribe_events","link":"https:\/\/noonsong.de\/en\/event\/noonsong-event-2010-11-13\/","title":{"rendered":"89. NoonSong am 13.11.2010 um 12:00"},"content":{"rendered":"\n<div class=\"wp-block-group is-layout-constrained wp-block-group-is-layout-constrained\">\n\n<h2 class=\"wp-block-heading\">Programme<\/h2>\n\n\n\n<p>\n<strong>Organ prelude<\/strong>: Max Reger (1873-1916): Toccata d-Moll (op. 59, Nr. 5)<br\/><strong>Preces<\/strong>: Kenneth Leighton (1929-1988): Preces &amp; Responses f\u00fcr vierstimmig gemischten Chor a cappella<br\/><strong>Psalm of the day<\/strong>: Psalm 44: Jacobus de Kerle (1531-1591): Exurge, quare obdormis f\u00fcr vierstimmig gemischten Chor a cappella<br\/><strong>Psalm of the week<\/strong>: Psalm 50: Josef Gabriel Rheinberger (1839-1901): Ex Sion (op 176) f\u00fcr vierstimmig gemischten Chor a cappella<br\/><strong>Responsorium<\/strong>: gregorianisch\n\n<br\/><strong>Canticle<\/strong>: Albert Becker (1834-1899): Ich bin die Auferstehung und das Leben (op. 67,2) f\u00fcr sechsstimmig gemischten Chor a cappella<br\/><strong>Hymn<\/strong>: Michael Praetorius (1571-1621): Es ist gewisslich an der Zeit f\u00fcr vierstimmig gemischten Chor a cappella<br\/><strong>Organ postlude<\/strong>: Max Reger (1873-1916): Fuge D-dur (op. 59, Nr. 6)<br\/><strong>Bible reading<\/strong>: Brief an die R\u00f6mer 8,18-23<\/p>\n\n\n\n<div style=\"height:30px\" aria-hidden=\"true\" class=\"wp-block-spacer\"><\/div>\n\n\n\n<blockquote class=\"wp-block-quote is-layout-flow wp-block-quote-is-layout-flow\" style=\"font-family:Playfair-Display\">\nLiturgy: Vorletzter Sonntag im Kirchenjahr<br>\nPfarrerin: Anna Kim-Chi Nguyen-Huu<br>\nOrganist: KMD J\u00f6rg Strodthoff<br>\nLocation: <a href=\"\/kontakt\/#anker-kommen-sie-vorbei\">Kirche am Hohenzollernplatz<\/a>\n<\/blockquote>\n\n<\/div>\n\n<div style=\"height:20px\" aria-hidden=\"true\" class=\"wp-block-spacer\"><\/div>\n\n\n\n<div class=\"wp-block-group is-layout-constrained wp-block-group-is-layout-constrained\">\n\n<h2 class=\"wp-block-heading\">Programme PDF<\/h2>\n\n\n\n\n<p>Read more about this NoonSong in the programme document.<\/p>\n\n\n\n\n<div style=\"height:1em\" aria-hidden=\"true\" class=\"wp-block-spacer\"><\/div>\n\n\n\n<figure class=\"wp-block-image aligncenter is-resized\">\n<a target=\"_blank\" rel=\"noopener noreferrer\" href=\"https:\/\/noonsong.de\/wp-content\/uploads\/2024\/07\/2010-11-13-Liturgie.pdf\">\n<img decoding=\"async\" src=\"https:\/\/noonsong.de\/wp-content\/uploads\/2024\/07\/2010-11-13-Liturgie-pdf.jpg\" alt=\"\" style=\"max-height:45em; max-width:61.8%\" \/>\n<br>\nPDF DOWNLOAD\n<\/a>\n<\/figure>\n\n\n\n<div style=\"height:20px\" aria-hidden=\"true\" class=\"wp-block-spacer\"><\/div>\n\n<\/div>\n\n<div style=\"height:50px\" aria-hidden=\"true\" class=\"wp-block-spacer\"><\/div>\n\n\n\n<p hidden>, , , , , De Kerle, Jakob; Kerle, Jakob de; Kerle, Jacob van; Keler, Iacobus de; Kerle, Jac. de; Kerle, Jacob de; De Kerle, Jacobus, Advent-Motetten. Ex Sion, Rheinberger, Josef, 1839-1901; Rheinberger, &#8230;; Rheinberger, Gabriel; Rheinberger, Josef von; Rheinberger, Giuseppe; Rheinberger, Gabriel J.; Rheinberger, Joseph Gabriel von; Rheinberger, J.; Rheinberger, J. G.; Rheinberger, Josef G.; Rheinberger, Jos.; Rheinberger, Josef Gabriel; Rheinberger, Gabriel Joseph; Rheinberger, Gabriel Josef; Rheinberger, Joseph von; Rheinberger, Joseph Gabriel; Rheinberger, Joseph G.; Rheinberger, Josef, Motetten op. 67. Ich bin die Auferstehung, Becker, Ernst Albert; Becker, Albert Ernst Anton, , Praetorius, M.; Praetorius; Praetorij, Micha\u00eblis; Pr\u00e4torius, Michael; Pr\u00e4torius, Mich.; Schulthei\u00df, Michael; Schultheiss, Michael, St\u00fccke, Orgel, op. 59. Toccata\t\nToccata\nop. 59, Nr. 5\n, Reger, Max; Reger, Johann Baptist Joseph Maximilian; Reger, M.; Reger, &#8230;; Reger, Maks; R\u0113gers, M., St\u00fccke, Orgel, op. 59. Fuge\nFuge\nop. 59, Nr. 6, Reger, Max; Reger, Johann Baptist Joseph Maximilian; Reger, M.; Reger, &#8230;; Reger, Maks; R\u0113gers, M., <\/p>\n\n","protected":false},"excerpt":{"rendered":"<p style='position:absolute'>&nbsp;<\/p>\n","protected":false},"author":16,"featured_media":4780,"template":"","meta":{"_et_pb_use_builder":"","_et_pb_old_content":"","_et_gb_content_width":"","_tribe_events_status":"","_tribe_events_status_reason":"","footnotes":""},"tags":[122,265,133,137,226,145],"tribe_events_cat":[722,723,711,712,716,717,719,729,708,735,724,725,720],"class_list":["post-41265","tribe_events","type-tribe_events","status-publish","has-post-thumbnail","hentry","tag-albert-becker","tag-jacobus-de-kerle","tag-josef-gabriel-rheinberger","tag-kenneth-leighton","tag-max-reger","tag-michael-praetorius","tribe_events_cat-20-jahrhundert","tribe_events_cat-barock","tribe_events_cat-berlin","tribe_events_cat-chor","tribe_events_cat-gottesdienst","tribe_events_cat-kirche","tribe_events_cat-konzert","tribe_events_cat-liturgie","tribe_events_cat-noonsong","tribe_events_cat-pdf","tribe_events_cat-renaissance","tribe_events_cat-romantik","tribe_events_cat-vokal","cat_20-jahrhundert","cat_barock","cat_berlin","cat_chor","cat_gottesdienst","cat_kirche","cat_konzert","cat_liturgie","cat_noonsong","cat_pdf","cat_renaissance","cat_romantik","cat_vokal"],"acf":[],"_links":{"self":[{"href":"https:\/\/noonsong.de\/en\/wp-json\/wp\/v2\/tribe_events\/41265","targetHints":{"allow":["GET"]}}],"collection":[{"href":"https:\/\/noonsong.de\/en\/wp-json\/wp\/v2\/tribe_events"}],"about":[{"href":"https:\/\/noonsong.de\/en\/wp-json\/wp\/v2\/types\/tribe_events"}],"author":[{"embeddable":true,"href":"https:\/\/noonsong.de\/en\/wp-json\/wp\/v2\/users\/16"}],"version-history":[{"count":1,"href":"https:\/\/noonsong.de\/en\/wp-json\/wp\/v2\/tribe_events\/41265\/revisions"}],"predecessor-version":[{"id":57435,"href":"https:\/\/noonsong.de\/en\/wp-json\/wp\/v2\/tribe_events\/41265\/revisions\/57435"}],"wp:featuredmedia":[{"embeddable":true,"href":"https:\/\/noonsong.de\/en\/wp-json\/wp\/v2\/media\/4780"}],"wp:attachment":[{"href":"https:\/\/noonsong.de\/en\/wp-json\/wp\/v2\/media?parent=41265"}],"wp:term":[{"taxonomy":"post_tag","embeddable":true,"href":"https:\/\/noonsong.de\/en\/wp-json\/wp\/v2\/tags?post=41265"},{"taxonomy":"tribe_events_cat","embeddable":true,"href":"https:\/\/noonsong.de\/en\/wp-json\/wp\/v2\/tribe_events_cat?post=41265"}],"curies":[{"name":"wp","href":"https:\/\/api.w.org\/{rel}","templated":true}]}}