{"id":41272,"date":"2025-07-07T21:39:01","date_gmt":"2025-07-07T19:39:01","guid":{"rendered":"https:\/\/noonsong.de\/veranstaltung\/noonsong-event-2013-10-19\/"},"modified":"2025-07-07T21:39:01","modified_gmt":"2025-07-07T19:39:01","slug":"noonsong-event-2013-10-19","status":"publish","type":"tribe_events","link":"https:\/\/noonsong.de\/en\/event\/noonsong-event-2013-10-19\/","title":{"rendered":"218. NoonSong am 19.10.2013 um 12:00"},"content":{"rendered":"\n<div class=\"wp-block-group is-layout-constrained wp-block-group-is-layout-constrained\">\n\n<h2 class=\"wp-block-heading\">Programme<\/h2>\n\n\n\n<p>\n<strong>Organ prelude<\/strong>: C\u00e9sar Franck (1822-1890): Andante in E-Dur<br\/><strong>Preces<\/strong>: Thomas Tomkins (1572-1656): Preces &amp; Responses f\u00fcr f\u00fcnfstimmig gemischten Chor a cappella<br\/><strong>Psalm of the day<\/strong>: Psalm 55: Orlando di Lasso (ca. 1532-1594): Exaudi, Deus, orationem meam f\u00fcr vierstimmig gemischten Chor a cappella<br\/><strong>Psalm of the week<\/strong>: Psalm 37: Melchior Franck (1579-1639): Noli \u00e6mulari f\u00fcr achtstimmig gemischten Chor<br\/><strong>Responsorium<\/strong>: gregorianisch\n\n<br\/><strong>Canticle<\/strong>: Tiburtio Massaino (ca. 1550-ca. 1609): Magnificat secundi toni f\u00fcr siebenstimmigen Chor und Continuo<br\/><strong>Hymn<\/strong>: Michael Praetorius (1571-1621): Ach Gott, vom Himmel sieh darein f\u00fcr vierstimmig gemischten Chor a cappella<br\/><strong>Organ postlude<\/strong>: Rudolf Seidel (*1951): Toccata \u00fcber Sonne der Gerechtigkeit<br\/><strong>Bible reading<\/strong>: Evangelium nach Matth\u00e4us 5,38-48<\/p>\n\n\n\n<div style=\"height:30px\" aria-hidden=\"true\" class=\"wp-block-spacer\"><\/div>\n\n\n\n<blockquote class=\"wp-block-quote is-layout-flow wp-block-quote-is-layout-flow\" style=\"font-family:Playfair-Display\">\nLiturgy: 21. Sonntag nach Trinitatis<br>\nPfarrerin: Barbara Deml<br>\nOrganist: Rudolf Seidel<br>\nLocation: <a href=\"\/kontakt\/#anker-kommen-sie-vorbei\">Kirche am Hohenzollernplatz<\/a>\n<\/blockquote>\n\n<\/div>\n\n<div style=\"height:20px\" aria-hidden=\"true\" class=\"wp-block-spacer\"><\/div>\n\n\n\n<div class=\"wp-block-group is-layout-constrained wp-block-group-is-layout-constrained\">\n\n<h2 class=\"wp-block-heading\">Programme PDF<\/h2>\n\n\n\n\n<p>Read more about this NoonSong in the programme document.<\/p>\n\n\n\n\n<div style=\"height:1em\" aria-hidden=\"true\" class=\"wp-block-spacer\"><\/div>\n\n\n\n<figure class=\"wp-block-image aligncenter is-resized\">\n<a target=\"_blank\" rel=\"noopener noreferrer\" href=\"https:\/\/noonsong.de\/wp-content\/uploads\/2024\/07\/2013-10-19-Liturgie.pdf\">\n<img decoding=\"async\" src=\"https:\/\/noonsong.de\/wp-content\/uploads\/2024\/07\/2013-10-19-Liturgie-pdf.jpg\" alt=\"\" style=\"max-height:45em; max-width:61.8%\" \/>\n<br>\nPDF DOWNLOAD\n<\/a>\n<\/figure>\n\n\n\n<div style=\"height:20px\" aria-hidden=\"true\" class=\"wp-block-spacer\"><\/div>\n\n<\/div>\n\n<div style=\"height:50px\" aria-hidden=\"true\" class=\"wp-block-spacer\"><\/div>\n\n\n\n<p hidden>, , , Tomkins, Sacrae cantiones (1585). Exaudi Deus orationem meam\nExaudi Deus\nExaudi Deus orationem meam\nLV 851, Lasso, Orlando di; Lasso, Orlando de; Lassus, Rolando di; DiLasso, Orlando; Lassus, Orlandus di; Lassus, Orlando di; Lassus, Orlande de; Lassus, Rolando de; Lasso, Orlandi di; Lassus, Rolland de; Lassus, Orlando de; Orlando, Di Lasso; Lassvs, Orlando de; Di Lasso, Orlando; Lassus, Orlandus; Orlande De Lassus; Lassus, Roland de; De Lassus, Orlandus; De Lassus, Roland; Lassus, Orlandus de; Lassus, Orland de; De Lassus, Orland, Noli aemulari , Francus, Melchior; Frank, Melchior; Franco, Melchior; Francke, Melchior; Franc, Melchior; Franc, M., , , , Praetorius, M.; Praetorius; Praetorij, Micha\u00eblis; Pr\u00e4torius, Michael; Pr\u00e4torius, Mich.; Schulthei\u00df, Michael; Schultheiss, Michael, , Franck, C\u00e9sar Auguste Jean Guillaume Hubert; Franck, &#8230;; Franck, C\u00e9sar August; Franck, C\u00e4sar; Franck, C\u00e9sar A.; Franck, C\u00e9sar-Auguste; Frank, Cesar; Frank, Cezar; Franck, C\u00e9sar Auguste; Frank, Sezar; Frank, C\u00e9sar, , , <\/p>\n\n","protected":false},"excerpt":{"rendered":"<p style='position:absolute'>&nbsp;<\/p>\n","protected":false},"author":16,"featured_media":5039,"template":"","meta":{"_et_pb_use_builder":"","_et_pb_old_content":"","_et_gb_content_width":"","_tribe_events_status":"","_tribe_events_status_reason":"","footnotes":""},"tags":[172,176,145,152,207,217,227],"tribe_events_cat":[722,741,723,711,712,716,717,719,729,708,735,724,725,720],"class_list":["post-41272","tribe_events","type-tribe_events","status-publish","has-post-thumbnail","hentry","tag-cesar-franck","tag-melchior-franck","tag-michael-praetorius","tag-orlando-di-lasso","tag-rudolf-seidel","tag-thomas-tomkins","tag-tiburtio-massaino","tribe_events_cat-20-jahrhundert","tribe_events_cat-21-jahrhundert","tribe_events_cat-barock","tribe_events_cat-berlin","tribe_events_cat-chor","tribe_events_cat-gottesdienst","tribe_events_cat-kirche","tribe_events_cat-konzert","tribe_events_cat-liturgie","tribe_events_cat-noonsong","tribe_events_cat-pdf","tribe_events_cat-renaissance","tribe_events_cat-romantik","tribe_events_cat-vokal","cat_20-jahrhundert","cat_21-jahrhundert","cat_barock","cat_berlin","cat_chor","cat_gottesdienst","cat_kirche","cat_konzert","cat_liturgie","cat_noonsong","cat_pdf","cat_renaissance","cat_romantik","cat_vokal"],"acf":[],"_links":{"self":[{"href":"https:\/\/noonsong.de\/en\/wp-json\/wp\/v2\/tribe_events\/41272","targetHints":{"allow":["GET"]}}],"collection":[{"href":"https:\/\/noonsong.de\/en\/wp-json\/wp\/v2\/tribe_events"}],"about":[{"href":"https:\/\/noonsong.de\/en\/wp-json\/wp\/v2\/types\/tribe_events"}],"author":[{"embeddable":true,"href":"https:\/\/noonsong.de\/en\/wp-json\/wp\/v2\/users\/16"}],"version-history":[{"count":1,"href":"https:\/\/noonsong.de\/en\/wp-json\/wp\/v2\/tribe_events\/41272\/revisions"}],"predecessor-version":[{"id":57160,"href":"https:\/\/noonsong.de\/en\/wp-json\/wp\/v2\/tribe_events\/41272\/revisions\/57160"}],"wp:featuredmedia":[{"embeddable":true,"href":"https:\/\/noonsong.de\/en\/wp-json\/wp\/v2\/media\/5039"}],"wp:attachment":[{"href":"https:\/\/noonsong.de\/en\/wp-json\/wp\/v2\/media?parent=41272"}],"wp:term":[{"taxonomy":"post_tag","embeddable":true,"href":"https:\/\/noonsong.de\/en\/wp-json\/wp\/v2\/tags?post=41272"},{"taxonomy":"tribe_events_cat","embeddable":true,"href":"https:\/\/noonsong.de\/en\/wp-json\/wp\/v2\/tribe_events_cat?post=41272"}],"curies":[{"name":"wp","href":"https:\/\/api.w.org\/{rel}","templated":true}]}}