{"id":41317,"date":"2025-07-07T21:36:03","date_gmt":"2025-07-07T19:36:03","guid":{"rendered":"https:\/\/noonsong.de\/veranstaltung\/noonsong-event-2016-01-23\/"},"modified":"2025-07-07T21:36:03","modified_gmt":"2025-07-07T19:36:03","slug":"noonsong-event-2016-01-23","status":"publish","type":"tribe_events","link":"https:\/\/noonsong.de\/en\/event\/noonsong-event-2016-01-23\/","title":{"rendered":"317. NoonSong am 23.01.2016 um 12:00"},"content":{"rendered":"\n<div class=\"wp-block-group is-layout-constrained wp-block-group-is-layout-constrained\">\n\n<h2 class=\"wp-block-heading\">Programme<\/h2>\n\n\n\n<p>\n<strong>Organ prelude<\/strong>: Georg Muffat (1653-1704): Passacaglia g-Moll (Rondeau), 1. Teil<br\/><strong>Preces<\/strong>: Duncan Faulkner (*1951): Preces &amp; Responses f\u00fcr vierstimmig gemischten Chor a cappella<br\/><strong>Psalm of the day<\/strong>: Psalm 128: Johann Joseph Fux (1660-1741): Beati omnes f\u00fcr vierstimmig gemischten Chor a cappella<br\/><strong>Psalm of the week<\/strong>: Psalm 31c: Orlando di Lasso (ca. 1532-1594): Illustra faciem tuam f\u00fcr f\u00fcnfstimmigen Chor a cappella<br\/><strong>Responsorium<\/strong>: gregorianisch\n\n<br\/><strong>Canticle<\/strong>: Andreas Hammerschmidt (1612-1675): Also hat Gott die Welt geliebet f\u00fcr sechsstimmigen Chor a cappella<br\/><strong>Hymn<\/strong>: Michael Praetorius (1571-1621): Es ist das Heil uns kommen her f\u00fcr vierstimmig gemischten Chor a cappella<br\/><strong>Organ postlude<\/strong>: Georg Muffat (1653-1704): Passacaglia g-Moll (Rondeau), 2. Teil (Variationen 6-12)<br\/><strong>Bible reading<\/strong>: Evangelium nach Matth\u00e4us 20,1-16<\/p>\n\n\n\n<div style=\"height:30px\" aria-hidden=\"true\" class=\"wp-block-spacer\"><\/div>\n\n\n\n<blockquote class=\"wp-block-quote is-layout-flow wp-block-quote-is-layout-flow\" style=\"font-family:Playfair-Display\">\nLiturgy: Septuagesimae<br>\n\nOrganist: Ludger Mai<br>\nLocation: <a href=\"\/kontakt\/#anker-kommen-sie-vorbei\">Kirche am Hohenzollernplatz<\/a>\n<\/blockquote>\n\n<\/div>\n\n<div style=\"height:20px\" aria-hidden=\"true\" class=\"wp-block-spacer\"><\/div>\n\n\n\n<div class=\"wp-block-group is-layout-constrained wp-block-group-is-layout-constrained\">\n<h2 class=\"wp-block-heading\">Listen<\/h2>\n\n\n\n\n<p>Here you can listen to this NoonSong. If you&#8217;d like to listen to more NoonSongs recordings, please register.<\/p>\n\n<div class=\"um-locked-content\">\n\t<div class=\"um-locked-content-msg\">This content has been restricted to logged-in users only. Please <a href=\"https:\/\/noonsong.de\/en\/login-audio-archive\/?redirect_to=https%3A%2F%2Fnoonsong.de%2Fen%2Fwp-json%2Fwp%2Fv2%2Ftribe_events%2F41317\">log in<\/a> to view this content.<\/div>\n<\/div>\n<\/div>\n\n<div style=\"height:20px\" aria-hidden=\"true\" class=\"wp-block-spacer\"><\/div>\n\n\n\n<div class=\"wp-block-group is-layout-constrained wp-block-group-is-layout-constrained\">\n\n<h2 class=\"wp-block-heading\">Programme PDF<\/h2>\n\n\n\n\n<p>Read more about this NoonSong in the programme document.<\/p>\n\n\n\n\n<div style=\"height:1em\" aria-hidden=\"true\" class=\"wp-block-spacer\"><\/div>\n\n\n\n<figure class=\"wp-block-image aligncenter is-resized\">\n<a target=\"_blank\" rel=\"noopener noreferrer\" href=\"https:\/\/noonsong.de\/wp-content\/uploads\/2024\/07\/2016-01-23-Liturgie.pdf\">\n<img decoding=\"async\" src=\"https:\/\/noonsong.de\/wp-content\/uploads\/2024\/07\/2016-01-23-Liturgie-pdf.jpg\" alt=\"\" style=\"max-height:45em; max-width:61.8%\" \/>\n<br>\nPDF DOWNLOAD\n<\/a>\n<\/figure>\n\n\n\n<div style=\"height:20px\" aria-hidden=\"true\" class=\"wp-block-spacer\"><\/div>\n\n<\/div>\n\n<div style=\"height:50px\" aria-hidden=\"true\" class=\"wp-block-spacer\"><\/div>\n\n\n\n<p hidden>, , , , , Fux, Johann Josef; Fux, Johann J.; Fux, Johann; Fux, Johannes Joseph; Fux, Johannes Josephus; Fux, Joannes Josephus; Fux, Joh. Jos.; Fux, J. J.; Fux, Joanne Josepho; Fux, Giovanni Giuseppe; Fux, Giovanni Gioseffo; Fux, Giovanni G.; Fux, Giov. Gioseffo; Fuchs, Johannes Joseph; Fuchs, Johann Joseph; Fuchs, Johann J.; Feux, John Joseph, Sacrae cantiones (1562). Illustra faciem tuam\nIllustra faciem tuam\nQuam magna multitudo\nLV 125, Lasso, Orlando di; Lasso, Orlando de; Lassus, Rolando di; DiLasso, Orlando; Lassus, Orlandus di; Lassus, Orlando di; Lassus, Orlande de; Lassus, Rolando de; Lasso, Orlandi di; Lassus, Rolland de; Lassus, Orlando de; Orlando, Di Lasso; Lassvs, Orlando de; Di Lasso, Orlando; Lassus, Orlandus; Orlande De Lassus; Lassus, Roland de; De Lassus, Orlandus; De Lassus, Roland; Lassus, Orlandus de; Lassus, Orland de; De Lassus, Orland, Fest- und Zeit-Andachten. Also hat Gott die Welt geliebet , Hammerschmied, Andres; Hammerschmiedt, Andreas; Hammerschmidt, A.; Hammerschmied, Andreas; Hammerschmid, Andreas; Hammerschmied, Andrea; Hammerschmiedt, Andrea; Hammerschmieden, Andrea; Hammerschmidii, Andree, , Praetorius, M.; Praetorius; Praetorij, Micha\u00eblis; Pr\u00e4torius, Michael; Pr\u00e4torius, Mich.; Schulthei\u00df, Michael; Schultheiss, Michael, Apparatus musico-organisticus. Passacaglia, Muffat, G.; Muffat, Georgio; Muffat, Georgius; Muffat, Georges, Apparatus musico-organisticus. Passacaglia, Muffat, G.; Muffat, Georgio; Muffat, Georgius; Muffat, Georges, <\/p>\n\n","protected":false},"excerpt":{"rendered":"<p style='position:absolute'>&nbsp;<\/p>\n","protected":false},"author":16,"featured_media":18614,"template":"","meta":{"_et_pb_use_builder":"","_et_pb_old_content":"","_et_gb_content_width":"","_tribe_events_status":"","_tribe_events_status_reason":"","footnotes":""},"tags":[89,120,129,138,145,152],"tribe_events_cat":[722,743,723,711,712,716,717,719,729,708,735,724,720],"class_list":["post-41317","tribe_events","type-tribe_events","status-publish","has-post-thumbnail","hentry","tag-andreas-hammerschmidt","tag-duncan-faulkner","tag-georg-muffat","tag-johann-joseph-fux","tag-michael-praetorius","tag-orlando-di-lasso","tribe_events_cat-20-jahrhundert","tribe_events_cat-audio","tribe_events_cat-barock","tribe_events_cat-berlin","tribe_events_cat-chor","tribe_events_cat-gottesdienst","tribe_events_cat-kirche","tribe_events_cat-konzert","tribe_events_cat-liturgie","tribe_events_cat-noonsong","tribe_events_cat-pdf","tribe_events_cat-renaissance","tribe_events_cat-vokal","cat_20-jahrhundert","cat_audio","cat_barock","cat_berlin","cat_chor","cat_gottesdienst","cat_kirche","cat_konzert","cat_liturgie","cat_noonsong","cat_pdf","cat_renaissance","cat_vokal"],"acf":[],"_links":{"self":[{"href":"https:\/\/noonsong.de\/en\/wp-json\/wp\/v2\/tribe_events\/41317","targetHints":{"allow":["GET"]}}],"collection":[{"href":"https:\/\/noonsong.de\/en\/wp-json\/wp\/v2\/tribe_events"}],"about":[{"href":"https:\/\/noonsong.de\/en\/wp-json\/wp\/v2\/types\/tribe_events"}],"author":[{"embeddable":true,"href":"https:\/\/noonsong.de\/en\/wp-json\/wp\/v2\/users\/16"}],"version-history":[{"count":1,"href":"https:\/\/noonsong.de\/en\/wp-json\/wp\/v2\/tribe_events\/41317\/revisions"}],"predecessor-version":[{"id":56973,"href":"https:\/\/noonsong.de\/en\/wp-json\/wp\/v2\/tribe_events\/41317\/revisions\/56973"}],"wp:featuredmedia":[{"embeddable":true,"href":"https:\/\/noonsong.de\/en\/wp-json\/wp\/v2\/media\/18614"}],"wp:attachment":[{"href":"https:\/\/noonsong.de\/en\/wp-json\/wp\/v2\/media?parent=41317"}],"wp:term":[{"taxonomy":"post_tag","embeddable":true,"href":"https:\/\/noonsong.de\/en\/wp-json\/wp\/v2\/tags?post=41317"},{"taxonomy":"tribe_events_cat","embeddable":true,"href":"https:\/\/noonsong.de\/en\/wp-json\/wp\/v2\/tribe_events_cat?post=41317"}],"curies":[{"name":"wp","href":"https:\/\/api.w.org\/{rel}","templated":true}]}}