{"id":41320,"date":"2025-07-07T21:43:11","date_gmt":"2025-07-07T19:43:11","guid":{"rendered":"https:\/\/noonsong.de\/veranstaltung\/noonsong-event-2016-02-13\/"},"modified":"2025-07-07T21:43:11","modified_gmt":"2025-07-07T19:43:11","slug":"noonsong-event-2016-02-13","status":"publish","type":"tribe_events","link":"https:\/\/noonsong.de\/en\/event\/noonsong-event-2016-02-13\/","title":{"rendered":"320. NoonSong am 13.02.2016 um 12:00"},"content":{"rendered":"\n<div class=\"wp-block-group is-layout-constrained wp-block-group-is-layout-constrained\">\n\n<h2 class=\"wp-block-heading\">Programme<\/h2>\n\n\n\n<p>\n<strong>Organ prelude<\/strong>: Felix Mendelssohn Bartholdy (1809-1847): Andante (1823)<br\/><strong>Preces<\/strong>: Reimar Johne (*1969): Preces und Responses f\u00fcr vierstimmig gemischten Chor a cappella<br\/><strong>Psalm of the day<\/strong>: Psalm 42b: Johann Hermann Schein (1586-1630): Was betr\u00fcbst Du Dich, meine Seele f\u00fcr f\u00fcnfstimmig gemischten Chor a cappella<br\/><strong>Psalm of the week<\/strong>: Psalm 91: Felix Mendelssohn Bartholdy (1809-1847): Denn er hat seinen Engeln befohlen \u00fcber Dir f\u00fcr achtstimmig gemischten Chor a cappella<br\/><strong>Responsorium<\/strong>: gregorianisch\n\n<br\/><strong>Canticle<\/strong>: Aleksandras Ka\u010danauskas (1882-1959): Christus factus est f\u00fcr f\u00fcnfstimmig gemischten Chor a cappella<br\/><strong>Hymn<\/strong>: Lukas Osiander (1534-1604): Ein feste Burg f\u00fcr vierstimmig gemischten Chor a cappella<br\/><strong>Organ postlude<\/strong>: Felix Mendelssohn Bartholdy (1809-1847): Thema mit Variationen D-dur (MWV W 32) (1844)<br\/><strong>Bible reading<\/strong>: 5. Buch Mose 8,11-18<\/p>\n\n\n\n<div style=\"height:30px\" aria-hidden=\"true\" class=\"wp-block-spacer\"><\/div>\n\n\n\n<blockquote class=\"wp-block-quote is-layout-flow wp-block-quote-is-layout-flow\" style=\"font-family:Playfair-Display\">\nLiturgy: Invokavit<br>\nPfarrerin: Claudia W\u00fcstenhagen<br>\nOrganist: Daniel Clark<br>\nLocation: <a href=\"\/kontakt\/#anker-kommen-sie-vorbei\">Kirche am Hohenzollernplatz<\/a>\n<\/blockquote>\n\n<\/div>\n\n<div style=\"height:20px\" aria-hidden=\"true\" class=\"wp-block-spacer\"><\/div>\n\n\n\n<div class=\"wp-block-group is-layout-constrained wp-block-group-is-layout-constrained\">\n<h2 class=\"wp-block-heading\">Listen<\/h2>\n\n\n\n\n<p>Here you can listen to this NoonSong. If you&#8217;d like to listen to more NoonSongs recordings, please register.<\/p>\n\n<div class=\"um-locked-content\">\n\t<div class=\"um-locked-content-msg\">This content has been restricted to logged-in users only. Please <a href=\"https:\/\/noonsong.de\/en\/login-audio-archive\/?redirect_to=https%3A%2F%2Fnoonsong.de%2Fen%2Fwp-json%2Fwp%2Fv2%2Ftribe_events%2F41320\">log in<\/a> to view this content.<\/div>\n<\/div>\n<\/div>\n\n<div style=\"height:20px\" aria-hidden=\"true\" class=\"wp-block-spacer\"><\/div>\n\n\n\n<div class=\"wp-block-group is-layout-constrained wp-block-group-is-layout-constrained\">\n\n<h2 class=\"wp-block-heading\">Programme PDF<\/h2>\n\n\n\n\n<p>Read more about this NoonSong in the programme document.<\/p>\n\n\n\n\n<div style=\"height:1em\" aria-hidden=\"true\" class=\"wp-block-spacer\"><\/div>\n\n\n\n<figure class=\"wp-block-image aligncenter is-resized\">\n<a target=\"_blank\" rel=\"noopener noreferrer\" href=\"https:\/\/noonsong.de\/wp-content\/uploads\/2024\/07\/2016-02-13-Liturgie.pdf\">\n<img decoding=\"async\" src=\"https:\/\/noonsong.de\/wp-content\/uploads\/2024\/07\/2016-02-13-Liturgie-pdf.jpg\" alt=\"\" style=\"max-height:45em; max-width:61.8%\" \/>\n<br>\nPDF DOWNLOAD\n<\/a>\n<\/figure>\n\n\n\n<div style=\"height:20px\" aria-hidden=\"true\" class=\"wp-block-spacer\"><\/div>\n\n<\/div>\n\n<div style=\"height:50px\" aria-hidden=\"true\" class=\"wp-block-spacer\"><\/div>\n\n\n\n<p hidden>Buch Deuteronomium 8,11-18, , , , Fontana d&#x27;Israel. Was betr\u00fcbst du dich, meine Seele\nWas betr\u00fcbst du dich, meine Seele\nFontana d&#x27;Israel &lt;Was betr\u00fcbst du dich, meine Seele&gt;, Schein, Joh. Herm.; Schein, Johan-Herman; Schein, J. H.; Schein, Johann H.; Schein, Johann-Hermann; Scheinius, Johann Hermannus; Schein, Johan Herman; Schein, Hermann; Schein, Iohan-Hermanus; Schein, Johan-Hermanus; Schein, Johannes Hermann; Schein, Johann Herman; Schein, J.H.; Schein, Joan-Herman, Denn er hat seinen Engeln befohlen \u00fcber dir\nPsalm 91\nFor he shall give his angels charge over thee, Mendelssohn-Bartholdy, Felix; Mendelssohn-Bartholdi, Felix; Mendelssohn Bartholdi; Mendelssohn-Bartholdy, Felix; Mendelssohn B., Felix; Mendelssohn Bartholdy, Jakob Ludwig Felix; Mendelssohn-Bartholdy, Jakob Ludwig Felix; Mendelssohn-Bartholdy, Jacob Ludwig Felix; Mendelssohn Bartholdy, Felix Jakob; Mendelssohn, Jakob Ludwig Felix; Mendelssohn Bartholdy, F.; Mendelssohn Bartholdy; Mendelssohn-Bartholdy; Mendelssohn; F.; Mendelson-Bartoldi, Feliks; Mendel\u02b9son-Bartol\u02b9di, Feliks; Mendelsson-Bartholdy, Felix; Mendelsohn-Bartholdy, Felix; Bartholdy, Felix Mendelssohn; Mendelssohn, Felix; Mendelssohn, F.; Mendelssohn-Bartholdy, F.; Mendelssohn Batholdy, Felix; Mendel&#x27;son, Feliks; Mendel&#x27;son, F., , , Geistliche Lieder vnd Psalmen. Ein veste Burg ist vnser Gott\t\nEin veste Burg ist vnser Gott\nEin feste Burg\nEin feste Burg ist unser Gott\nEin veste Burg ist unser Gott\nEin veste Burg\nGeistliche Lieder vnd Psalmen. Nr. 33\n, Osiander, Lucas, der \u00c4ltere; Osiander, Lucas, d.\u00c4.; Osiander, Lukas d.\u00c4.; Osiander, Lukas; Osiander, Lucas (der Aeltere); Osiander, Lukas, der \u00c4ltere; Osiandrus, Lucas; Osiander, Lukas (der Aeltere), St\u00fccke, Org (1823). Andante, Mendelssohn-Bartholdy, Felix; Mendelssohn-Bartholdi, Felix; Mendelssohn Bartholdi; Mendelssohn-Bartholdy, Felix; Mendelssohn B., Felix; Mendelssohn Bartholdy, Jakob Ludwig Felix; Mendelssohn-Bartholdy, Jakob Ludwig Felix; Mendelssohn-Bartholdy, Jacob Ludwig Felix; Mendelssohn Bartholdy, Felix Jakob; Mendelssohn, Jakob Ludwig Felix; Mendelssohn Bartholdy, F.; Mendelssohn Bartholdy; Mendelssohn-Bartholdy; Mendelssohn; F.; Mendelson-Bartoldi, Feliks; Mendel\u02b9son-Bartol\u02b9di, Feliks; Mendelsson-Bartholdy, Felix; Mendelsohn-Bartholdy, Felix; Bartholdy, Felix Mendelssohn; Mendelssohn, Felix; Mendelssohn, F.; Mendelssohn-Bartholdy, F.; Mendelssohn Batholdy, Felix; Mendel&#x27;son, Feliks; Mendel&#x27;son, F., , Mendelssohn-Bartholdy, Felix; Mendelssohn-Bartholdi, Felix; Mendelssohn Bartholdi; Mendelssohn-Bartholdy, Felix; Mendelssohn B., Felix; Mendelssohn Bartholdy, Jakob Ludwig Felix; Mendelssohn-Bartholdy, Jakob Ludwig Felix; Mendelssohn-Bartholdy, Jacob Ludwig Felix; Mendelssohn Bartholdy, Felix Jakob; Mendelssohn, Jakob Ludwig Felix; Mendelssohn Bartholdy, F.; Mendelssohn Bartholdy; Mendelssohn-Bartholdy; Mendelssohn; F.; Mendelson-Bartoldi, Feliks; Mendel\u02b9son-Bartol\u02b9di, Feliks; Mendelsson-Bartholdy, Felix; Mendelsohn-Bartholdy, Felix; Bartholdy, Felix Mendelssohn; Mendelssohn, Felix; Mendelssohn, F.; Mendelssohn-Bartholdy, F.; Mendelssohn Batholdy, Felix; Mendel&#x27;son, Feliks; Mendel&#x27;son, F., <\/p>\n\n","protected":false},"excerpt":{"rendered":"<p style='position:absolute'>&nbsp;<\/p>\n","protected":false},"author":16,"featured_media":4511,"template":"","meta":{"_et_pb_use_builder":"","_et_pb_old_content":"","_et_gb_content_width":"","_tribe_events_status":"","_tribe_events_status_reason":"","footnotes":""},"tags":[210,115,132,222,196],"tribe_events_cat":[722,743,723,711,712,716,717,719,729,708,735,724,725,720],"class_list":["post-41320","tribe_events","type-tribe_events","status-publish","has-post-thumbnail","hentry","tag-aleksandras-kacanauskas","tag-felix-mendelssohn-bartholdy","tag-johann-hermann-schein","tag-lukas-osiander","tag-reimar-johne","tribe_events_cat-20-jahrhundert","tribe_events_cat-audio","tribe_events_cat-barock","tribe_events_cat-berlin","tribe_events_cat-chor","tribe_events_cat-gottesdienst","tribe_events_cat-kirche","tribe_events_cat-konzert","tribe_events_cat-liturgie","tribe_events_cat-noonsong","tribe_events_cat-pdf","tribe_events_cat-renaissance","tribe_events_cat-romantik","tribe_events_cat-vokal","cat_20-jahrhundert","cat_audio","cat_barock","cat_berlin","cat_chor","cat_gottesdienst","cat_kirche","cat_konzert","cat_liturgie","cat_noonsong","cat_pdf","cat_renaissance","cat_romantik","cat_vokal"],"acf":[],"_links":{"self":[{"href":"https:\/\/noonsong.de\/en\/wp-json\/wp\/v2\/tribe_events\/41320","targetHints":{"allow":["GET"]}}],"collection":[{"href":"https:\/\/noonsong.de\/en\/wp-json\/wp\/v2\/tribe_events"}],"about":[{"href":"https:\/\/noonsong.de\/en\/wp-json\/wp\/v2\/types\/tribe_events"}],"author":[{"embeddable":true,"href":"https:\/\/noonsong.de\/en\/wp-json\/wp\/v2\/users\/16"}],"version-history":[{"count":1,"href":"https:\/\/noonsong.de\/en\/wp-json\/wp\/v2\/tribe_events\/41320\/revisions"}],"predecessor-version":[{"id":57437,"href":"https:\/\/noonsong.de\/en\/wp-json\/wp\/v2\/tribe_events\/41320\/revisions\/57437"}],"wp:featuredmedia":[{"embeddable":true,"href":"https:\/\/noonsong.de\/en\/wp-json\/wp\/v2\/media\/4511"}],"wp:attachment":[{"href":"https:\/\/noonsong.de\/en\/wp-json\/wp\/v2\/media?parent=41320"}],"wp:term":[{"taxonomy":"post_tag","embeddable":true,"href":"https:\/\/noonsong.de\/en\/wp-json\/wp\/v2\/tags?post=41320"},{"taxonomy":"tribe_events_cat","embeddable":true,"href":"https:\/\/noonsong.de\/en\/wp-json\/wp\/v2\/tribe_events_cat?post=41320"}],"curies":[{"name":"wp","href":"https:\/\/api.w.org\/{rel}","templated":true}]}}