{"id":41347,"date":"2026-04-18T04:01:16","date_gmt":"2026-04-18T02:01:16","guid":{"rendered":"https:\/\/noonsong.de\/veranstaltung\/noonsong-event-2021-08-07\/"},"modified":"2026-04-18T04:01:16","modified_gmt":"2026-04-18T02:01:16","slug":"noonsong-event-2021-08-07","status":"publish","type":"tribe_events","link":"https:\/\/noonsong.de\/en\/event\/noonsong-event-2021-08-07\/","title":{"rendered":"544. NoonSong am 07.08.2021 um 12:00"},"content":{"rendered":"\n<div class=\"wp-block-group is-layout-constrained wp-block-group-is-layout-constrained\">\n\n<h2 class=\"wp-block-heading\">Programme<\/h2>\n\n\n\n<p>\n<strong>Organ prelude<\/strong>: Felix Mendelssohn Bartholdy (1809-1847): Pr\u00e4ludium G-Dur op. 37,2 (MWV W 22), 1837<br\/><strong>Preces<\/strong>: John Bertalot (1931-2026): Preces &amp; Responses f\u00fcr vierstimmig gemischten Chor a cappella<br\/><strong>Psalm of the day<\/strong>: Psalm 26: Otto Nicolai (1810-1849): Herr, ich habe lieb die St\u00e4tte Deines Hauses f\u00fcr sechsstimmig gemischten Chor a cappella<br\/><strong>Psalm of the week<\/strong>: Psalm 122: Peter Cornelius (1824-1874): Jerusalem &#8211; Heil und Freude ward mir verhei\u00dfen f\u00fcr vierstimmig gemischten Chor a cappella<br\/><strong>Responsorium<\/strong>: gregorianisch\n\n<br\/><strong>Canticle<\/strong>: Heinrich von Herzogenberg (1843-1900): Meine Seele erhebt den Herren op. 81,1 f\u00fcr achtstimmig gemischten Chor a cappella<br\/><strong>Hymn<\/strong>: Claude Goudimel (ca. 1514-1572): Nun danket Gott, erhebet und preiset f\u00fcr vierstimmig gemischten Chor a cappella<br\/><strong>Organ postlude<\/strong>: Johann Sebastian Bach (1685-1750): Fuge G-Dur (BWV 577)<br\/><strong>Bible reading<\/strong>: Evangelium nach Markus 12,28-34<\/p>\n\n\n\n<div style=\"height:30px\" aria-hidden=\"true\" class=\"wp-block-spacer\"><\/div>\n\n\n\n<blockquote class=\"wp-block-quote is-layout-flow wp-block-quote-is-layout-flow\" style=\"font-family:Playfair-Display\">\nLiturgy: 10. Sonntag nach Trinitatis<br>\nPfarrer: Dr. Sebastian W. Stork<br>\nOrganist: Daniel Clark<br>\nLocation: <a href=\"\/kontakt\/#anker-kommen-sie-vorbei\">Kirche am Hohenzollernplatz<\/a>\n<\/blockquote>\n\n<\/div>\n\n<div style=\"height:20px\" aria-hidden=\"true\" class=\"wp-block-spacer\"><\/div>\n\n\n\n<div class=\"wp-block-group is-layout-constrained wp-block-group-is-layout-constrained\">\n<h2 class=\"wp-block-heading\">Listen<\/h2>\n\n\n\n\n<p>Here you can listen to this NoonSong. If you&#8217;d like to listen to more NoonSongs recordings, please register.<\/p>\n\n<div class=\"um-locked-content\">\n\t<div class=\"um-locked-content-msg\">This content has been restricted to logged-in users only. Please <a href=\"https:\/\/noonsong.de\/en\/login-audio-archive\/?redirect_to=https%3A%2F%2Fnoonsong.de%2Fen%2Fwp-json%2Fwp%2Fv2%2Ftribe_events%2F41347\">log in<\/a> to view this content.<\/div>\n<\/div>\n<\/div>\n\n<div style=\"height:20px\" aria-hidden=\"true\" class=\"wp-block-spacer\"><\/div>\n\n\n\n<div class=\"wp-block-group is-layout-constrained wp-block-group-is-layout-constrained\">\n\n<h2 class=\"wp-block-heading\">Watch<\/h2>\n\n\n\n\n<p>Experience the recorded live-stream of this NoonSong.<\/p>\n\n\n\n\n\n<p>You&#8217;ll find many selected video recordings of NoonSongs and other concerts on our <a href=\"https:\/\/youtube.com\/sirventesberlin\" target=\"_blank\" rel=\"noreferrer noopener\">YouTube channel<\/a>.\n<\/p>\n\n\n\n\n<div style=\"height:1em\" aria-hidden=\"true\" class=\"wp-block-spacer\"><\/div>\n<div class=\"um-locked-content\">\n\t<div class=\"um-locked-content-msg\">This content has been restricted to logged-in users only. Please <a href=\"https:\/\/noonsong.de\/en\/login-audio-archive\/?redirect_to=https%3A%2F%2Fnoonsong.de%2Fen%2Fwp-json%2Fwp%2Fv2%2Ftribe_events%2F41347\">log in<\/a> to view this content.<\/div>\n<\/div>\n\n<div style=\"height:20px\" aria-hidden=\"true\" class=\"wp-block-spacer\"><\/div>\n\n<\/div>\n\n<div style=\"height:20px\" aria-hidden=\"true\" class=\"wp-block-spacer\"><\/div>\n\n\n\n<div class=\"wp-block-group is-layout-constrained wp-block-group-is-layout-constrained\">\n\n<h2 class=\"wp-block-heading\">Programme PDF<\/h2>\n\n\n\n\n<p>Read more about this NoonSong in the programme document.<\/p>\n\n\n\n\n<div style=\"height:1em\" aria-hidden=\"true\" class=\"wp-block-spacer\"><\/div>\n\n\n\n<figure class=\"wp-block-image aligncenter is-resized\">\n<a target=\"_blank\" rel=\"noopener noreferrer\" href=\"https:\/\/noonsong.de\/wp-content\/uploads\/2024\/07\/2021-08-07-Liturgie.pdf\">\n<img decoding=\"async\" src=\"https:\/\/noonsong.de\/wp-content\/uploads\/2024\/07\/2021-08-07-Liturgie-pdf.jpg\" alt=\"\" style=\"max-height:45em; max-width:61.8%\" \/>\n<br>\nPDF DOWNLOAD\n<\/a>\n<\/figure>\n\n\n\n<div style=\"height:20px\" aria-hidden=\"true\" class=\"wp-block-spacer\"><\/div>\n\n<\/div>\n\n<div style=\"height:50px\" aria-hidden=\"true\" class=\"wp-block-spacer\"><\/div>\n\n\n\n<p hidden>, , , , Herr, ich habe lieb\nHerr, ich habe lieb die St\u00e4tte\nHerr, ich habe lieb die St\u00e4tte deines Hauses, Nicolaj, Ottone; Niccolai, Ottone; Nicolai, O.; Nicolaj, O.; Nicolai, Ottone; Nikolai, Otto; Nicolai, Carl Otto Ehrenfried; Nicolai, Karl Otto Ehrenfried, Psalmlieder nach Tonst\u00fccken von J. S. Bach. Jerusalem\nJerusalem\nHeil und Freude ward mir verhei\u00dfen\nJoy and healing, this is thy promise\nPsalm 122\nPsalmlieder. Jerusalem\nPsalmlieder op. 13, Nr. 3\nW 173,3, Cornelius, Peter von; Cornelius, Carl August Peter; Kornelius, Peter; Cornelius, Karl August Peter , Liturgische Ges\u00e4nge, op. 81. Zur Adventszeit\nLiturgische Ges\u00e4nge f\u00fcr Chor a capella f\u00fcr die akademischen Gottesdienste zu Strassburg i&#x2f;E. Leipzig\nZur Adventszeit, Herzogenberg, Heinrich von; Herzogenberg, Leopold Heinrich Picot de Peccaduc; Picot de Peccaduc, Henry; Von Herzogenberg, Heinrich; Peccaduc, Picot de; Herzogenberg, Leopold H.; Herzogenberg, Heinrich von, Freiherr von, , Goudimel, Cl.; Goudimel, Claudio; Gaudimel, Claude; Godimel, Claude, Pr\u00e4ludien und Fugen, Org, op. 37. Pr\u00e4ludium und Fuge Nr. 2, Mendelssohn-Bartholdy, Felix; Mendelssohn-Bartholdi, Felix; Mendelssohn Bartholdi; Mendelssohn-Bartholdy, Felix; Mendelssohn B., Felix; Mendelssohn Bartholdy, Jakob Ludwig Felix; Mendelssohn-Bartholdy, Jakob Ludwig Felix; Mendelssohn-Bartholdy, Jacob Ludwig Felix; Mendelssohn Bartholdy, Felix Jakob; Mendelssohn, Jakob Ludwig Felix; Mendelssohn Bartholdy, F.; Mendelssohn Bartholdy; Mendelssohn-Bartholdy; Mendelssohn; F.; Mendelson-Bartoldi, Feliks; Mendel\u02b9son-Bartol\u02b9di, Feliks; Mendelsson-Bartholdy, Felix; Mendelsohn-Bartholdy, Felix; Bartholdy, Felix Mendelssohn; Mendelssohn, Felix; Mendelssohn, F.; Mendelssohn-Bartholdy, F.; Mendelssohn Batholdy, Felix; Mendel&#x27;son, Feliks; Mendel&#x27;son, F., Fugen, Orgel, BWV 577 (G-Dur)\nFuge in G\nFugen, Org BWV 577, Bach; Bach, G. S.; Bach, Iogann Sebast\u02b9jan; Bach, Joh. Sebastian; Bach, Giov. Sebast.; Bach, Jean Sebastien; Bach, Jean Sebastian; Bach, J. Seb.; Bach, Sebastiano; Bach, John Sebastian; Bach, Iogann S.; Bach, Iogann Sebast&#x27;jan; Bach, Iogann Sebastian; Bach, Giovanni Sebastian; Bach, Johan Sebastian; Bach, Joannes Sebastianus; Bach, Giov. Seb.; Bach, Giovanni S.; B\u0101\u1e35, J\u014dh\u0101n Seba\u1e63t\u012b&#x27;\u0101n; Bach, I. S.; Bach, J.-S.; Bach, Giovanni Sebastiano; Bach, Jean-Sebastien; Bach, Sebastian; Bach, Jan Sebastian; Bach, J. S.; Bach, Johann-Sebastian; Bach, Jean S.; Bach, Johannes S.; Bach, Johannes Sebastian; Bach, Joh. Seb.; Bach, Joh.-Seb.; Bach, Joh. Sebas.; Bach, Johann Seb.; Bach, Joh. Sebast.; Bach, Johann S.; Bach, Iogann Sebastjan; Bach, Jean S\u00e9bastien; Bach, Jean-S\u00e9bastien; Bach, Johann; Bakh, Iogann Sebastian, <\/p>\n\n","protected":false},"excerpt":{"rendered":"<p>Der NoonSong startet mit romantischer Musik von Komponisten, welche allesamt in Berlin gelebt und gewirkt haben. Die Praxis der Berliner Singakademie regte sie an, die (gerade wieder neu belebte) Musik Johann Sebastian Bachs war ihre Inspiration und ihr Ma\u00dfstab. Die Bach-Verehrung geht bei Cornelius sogar soweit, dass er einige Klavierwerke Bachs mit eigenem Text unterlegt als Chorwerke arrangierte. Bei aller Gemeinsamkeit tragen die klanglichen Resultate der Komponisten doch ihre individuelle Handschrift.<\/p>\n","protected":false},"author":16,"featured_media":18251,"template":"","meta":{"_et_pb_use_builder":"","_et_pb_old_content":"","_et_gb_content_width":"","_tribe_events_status":"","_tribe_events_status_reason":"","footnotes":""},"tags":[116,115,131,105,125,310,504],"tribe_events_cat":[722,743,723,711,712,716,717,719,729,708,735,724,725,744,720],"class_list":["post-41347","tribe_events","type-tribe_events","status-publish","has-post-thumbnail","hentry","tag-claude-goudimel","tag-felix-mendelssohn-bartholdy","tag-heinrich-von-herzogenberg","tag-johann-sebastian-bach","tag-john-bertalot","tag-otto-nicolai","tag-peter-cornelius","tribe_events_cat-20-jahrhundert","tribe_events_cat-audio","tribe_events_cat-barock","tribe_events_cat-berlin","tribe_events_cat-chor","tribe_events_cat-gottesdienst","tribe_events_cat-kirche","tribe_events_cat-konzert","tribe_events_cat-liturgie","tribe_events_cat-noonsong","tribe_events_cat-pdf","tribe_events_cat-renaissance","tribe_events_cat-romantik","tribe_events_cat-video","tribe_events_cat-vokal","cat_20-jahrhundert","cat_audio","cat_barock","cat_berlin","cat_chor","cat_gottesdienst","cat_kirche","cat_konzert","cat_liturgie","cat_noonsong","cat_pdf","cat_renaissance","cat_romantik","cat_video","cat_vokal"],"acf":[],"_links":{"self":[{"href":"https:\/\/noonsong.de\/en\/wp-json\/wp\/v2\/tribe_events\/41347","targetHints":{"allow":["GET"]}}],"collection":[{"href":"https:\/\/noonsong.de\/en\/wp-json\/wp\/v2\/tribe_events"}],"about":[{"href":"https:\/\/noonsong.de\/en\/wp-json\/wp\/v2\/types\/tribe_events"}],"author":[{"embeddable":true,"href":"https:\/\/noonsong.de\/en\/wp-json\/wp\/v2\/users\/16"}],"version-history":[{"count":2,"href":"https:\/\/noonsong.de\/en\/wp-json\/wp\/v2\/tribe_events\/41347\/revisions"}],"predecessor-version":[{"id":58920,"href":"https:\/\/noonsong.de\/en\/wp-json\/wp\/v2\/tribe_events\/41347\/revisions\/58920"}],"wp:featuredmedia":[{"embeddable":true,"href":"https:\/\/noonsong.de\/en\/wp-json\/wp\/v2\/media\/18251"}],"wp:attachment":[{"href":"https:\/\/noonsong.de\/en\/wp-json\/wp\/v2\/media?parent=41347"}],"wp:term":[{"taxonomy":"post_tag","embeddable":true,"href":"https:\/\/noonsong.de\/en\/wp-json\/wp\/v2\/tags?post=41347"},{"taxonomy":"tribe_events_cat","embeddable":true,"href":"https:\/\/noonsong.de\/en\/wp-json\/wp\/v2\/tribe_events_cat?post=41347"}],"curies":[{"name":"wp","href":"https:\/\/api.w.org\/{rel}","templated":true}]}}