{"id":41418,"date":"2025-07-07T21:37:50","date_gmt":"2025-07-07T19:37:50","guid":{"rendered":"https:\/\/noonsong.de\/veranstaltung\/noonsong-event-2019-05-11\/"},"modified":"2025-07-07T21:37:50","modified_gmt":"2025-07-07T19:37:50","slug":"noonsong-event-2019-05-11","status":"publish","type":"tribe_events","link":"https:\/\/noonsong.de\/en\/event\/noonsong-event-2019-05-11\/","title":{"rendered":"467. NoonSong am 11.05.2019 um 12:00"},"content":{"rendered":"\n<div class=\"wp-block-group is-layout-constrained wp-block-group-is-layout-constrained\">\n\n<h2 class=\"wp-block-heading\">Programme<\/h2>\n\n\n\n<p>\n<strong>Organ prelude<\/strong>: Jaak Nikolaas Lemmens (1823-1881): Risoluto in A<br\/><strong>Preces<\/strong>: William Byrd (ca. 1540-1623): Preces &amp; Responses f\u00fcr f\u00fcnfstimmig gemischten Chor a cappella<br\/><strong>Psalm of the day<\/strong>: Psalm 9: Samuel Wesley (1766-1837): Anglican chant f\u00fcr vierstimmig gemischten Chor a cappella<br\/><strong>Psalm of the week<\/strong>: Psalm 66: Orlando di Lasso (ca. 1532-1594): Benedicite gentes Dominum f\u00fcr vierstimmig gemischten Chor a cappella<br\/><strong>Responsorium<\/strong>: gregorianisch\n\n<br\/><strong>Canticle<\/strong>: Tom\u00e1s Luis de Victoria (1548-1611): Benedictus f\u00fcr vierstimmig gemischten Chor a cappella<br\/><strong>Hymn<\/strong>: Jacob Gippenbusch (1612-1664): Die ganze Welt, Herr Jesu Christ f\u00fcr vierstimmig gemischten Chor a cappella<br\/><strong>Organ postlude<\/strong>: Jaak Nikolaas Lemmens (1823-1881): Pr\u00e9lude in Es<br\/><strong>Bible reading<\/strong>: 1. Buch Mose 1,1-5<\/p>\n\n\n\n<div style=\"height:30px\" aria-hidden=\"true\" class=\"wp-block-spacer\"><\/div>\n\n\n\n<blockquote class=\"wp-block-quote is-layout-flow wp-block-quote-is-layout-flow\" style=\"font-family:Playfair-Display\">\nLiturgy: Jubilate<br>\nPfarrerin: Marita Lersner<br>\nOrganist: Mirlan Kasymaliev<br>\nLocation: <a href=\"\/kontakt\/#anker-kommen-sie-vorbei\">Kirche am Hohenzollernplatz<\/a>\n<\/blockquote>\n\n<\/div>\n\n<div style=\"height:20px\" aria-hidden=\"true\" class=\"wp-block-spacer\"><\/div>\n\n\n\n<div class=\"wp-block-group is-layout-constrained wp-block-group-is-layout-constrained\">\n<h2 class=\"wp-block-heading\">Listen<\/h2>\n\n\n\n\n<p>Here you can listen to this NoonSong. If you&#8217;d like to listen to more NoonSongs recordings, please register.<\/p>\n\n<div class=\"um-locked-content\">\n\t<div class=\"um-locked-content-msg\">This content has been restricted to logged-in users only. Please <a href=\"https:\/\/noonsong.de\/en\/login-audio-archive\/?redirect_to=https%3A%2F%2Fnoonsong.de%2Fen%2Fwp-json%2Fwp%2Fv2%2Ftribe_events%2F41418\">log in<\/a> to view this content.<\/div>\n<\/div>\n<\/div>\n\n<div style=\"height:20px\" aria-hidden=\"true\" class=\"wp-block-spacer\"><\/div>\n\n\n\n<div class=\"wp-block-group is-layout-constrained wp-block-group-is-layout-constrained\">\n\n<h2 class=\"wp-block-heading\">Programme PDF<\/h2>\n\n\n\n\n<p>Read more about this NoonSong in the programme document.<\/p>\n\n\n\n\n<div style=\"height:1em\" aria-hidden=\"true\" class=\"wp-block-spacer\"><\/div>\n\n\n\n<figure class=\"wp-block-image aligncenter is-resized\">\n<a target=\"_blank\" rel=\"noopener noreferrer\" href=\"https:\/\/noonsong.de\/wp-content\/uploads\/2024\/07\/2019-05-11-Liturgie.pdf\">\n<img decoding=\"async\" src=\"https:\/\/noonsong.de\/wp-content\/uploads\/2024\/07\/2019-05-11-Liturgie-pdf.jpg\" alt=\"\" style=\"max-height:45em; max-width:61.8%\" \/>\n<br>\nPDF DOWNLOAD\n<\/a>\n<\/figure>\n\n\n\n<div style=\"height:20px\" aria-hidden=\"true\" class=\"wp-block-spacer\"><\/div>\n\n<\/div>\n\n<div style=\"height:50px\" aria-hidden=\"true\" class=\"wp-block-spacer\"><\/div>\n\n\n\n<p hidden>Buch Genesis 1,1-5, , , Byrd, &#8230;; Byrd, W.; Byrd, Guil.; Byrd of Virginia, William; Berd, V.; Byred, William; Bird, William; Byrde, William, , Wesley, Samual, Sacrae cantiones (1585). Benedicite gentes Dominum Deum nostrum\nBenedicite gentes Dominum Deum nostrum\nLV 877, Lasso, Orlando di; Lasso, Orlando de; Lassus, Rolando di; DiLasso, Orlando; Lassus, Orlandus di; Lassus, Orlando di; Lassus, Orlande de; Lassus, Rolando de; Lasso, Orlandi di; Lassus, Rolland de; Lassus, Orlando de; Orlando, Di Lasso; Lassvs, Orlando de; Di Lasso, Orlando; Lassus, Orlandus; Orlande De Lassus; Lassus, Roland de; De Lassus, Orlandus; De Lassus, Roland; Lassus, Orlandus de; Lassus, Orland de; De Lassus, Orland, , Victoria, Tommaso Luis da; Vittoria, Tommaso Luis da; Vittoria, Lodovico da; Vittoria, Thomas L.; Victoria, Thomas L. a; Victoria, Thomas L.; Vittoria, Tom\u00e1s Luis; Vittoria, Louis Tomaso da; Vittorio, Tommaso Luis da; Vittoria, Ludwig Tom\u00e1s; Vittoria, Ludovico da; Vittoria, Ludovicus; Victoria, Tom\u00e1s Luis da; Victoria, Tomao L. da; Victoria, Thoma Ludovico da; Vittoria, Tommaso L. da; Victoria, Tomaso Luis de; Victoria, Tom\u00e1s L. de; Vittoria, Tomaso L.; Victoria, Tomasio L. da; Vittoria, Tom\u00e1s da; Vittoria, Tomaso Luis da; Vittoria, Thomasio L. da; Victoria, Th. L. de; Victoria, Th. Ludovico; Victoria, T. L. de; Vittoria, T. L.; Vittoria, T. L. D.; Vittoria, &#8230;; Vittoria, Tommaso Lodovico da; Victoria, Tommaso Ludovico da; Vittoria, Tommaso Ludovico da; Vittoria, L. da; Vittoria, Tomaso Ludovico da; Victoria, Thomas Ludovicus; Vittoria, Tomas Ludovico; Vittoria, Tom\u00e1s Luis de; Victoria, Thomas Ludovicus Victoria; Vitoria, Tom\u00e1s Luis de; Victoria, Luis Tom\u00e1s da; De Victoria, Tom\u00e1s Luis; Vittoria, T.L. da; Victoria; Victoria, Ludovico da; Victoria, Tom\u00e1s Ludovico da; DaVittoria, Tomas Ludovico, , Gippenbusch, Jakob, , Lemmens, Jacques-Nicolas; Lemmens, J.-N.; Lemmens, Nicolas J.; Lemmens, N. J.; Lemmens, Jacques Nicolas; Lemmens, Jaak-Nikolaas; Lemmens, Jacques-Nicholas; Lemmens, Jacques; Lemmens, Nicolas Jacques; Lemmens, Nikolaas Jaak; Lemmens, Nicolas Jacob, Pr\u00e9lude\nPr\u00e4ludium, Lemmens, Jacques-Nicolas; Lemmens, J.-N.; Lemmens, Nicolas J.; Lemmens, N. J.; Lemmens, Jacques Nicolas; Lemmens, Jaak-Nikolaas; Lemmens, Jacques-Nicholas; Lemmens, Jacques; Lemmens, Nicolas Jacques; Lemmens, Nikolaas Jaak; Lemmens, Nicolas Jacob, <\/p>\n\n","protected":false},"excerpt":{"rendered":"<p style='position:absolute'>&nbsp;<\/p>\n","protected":false},"author":16,"featured_media":18664,"template":"","meta":{"_et_pb_use_builder":"","_et_pb_old_content":"","_et_gb_content_width":"","_tribe_events_status":"","_tribe_events_status_reason":"","footnotes":""},"tags":[139,300,152,197,174,113],"tribe_events_cat":[743,723,711,712,716,717,719,729,708,735,724,725,720],"class_list":["post-41418","tribe_events","type-tribe_events","status-publish","has-post-thumbnail","hentry","tag-jaak-nikolaas-lemmens","tag-jacob-gippenbusch","tag-orlando-di-lasso","tag-samuel-wesley","tag-tomas-luis-de-victoria","tag-william-byrd","tribe_events_cat-audio","tribe_events_cat-barock","tribe_events_cat-berlin","tribe_events_cat-chor","tribe_events_cat-gottesdienst","tribe_events_cat-kirche","tribe_events_cat-konzert","tribe_events_cat-liturgie","tribe_events_cat-noonsong","tribe_events_cat-pdf","tribe_events_cat-renaissance","tribe_events_cat-romantik","tribe_events_cat-vokal","cat_audio","cat_barock","cat_berlin","cat_chor","cat_gottesdienst","cat_kirche","cat_konzert","cat_liturgie","cat_noonsong","cat_pdf","cat_renaissance","cat_romantik","cat_vokal"],"acf":[],"_links":{"self":[{"href":"https:\/\/noonsong.de\/en\/wp-json\/wp\/v2\/tribe_events\/41418","targetHints":{"allow":["GET"]}}],"collection":[{"href":"https:\/\/noonsong.de\/en\/wp-json\/wp\/v2\/tribe_events"}],"about":[{"href":"https:\/\/noonsong.de\/en\/wp-json\/wp\/v2\/types\/tribe_events"}],"author":[{"embeddable":true,"href":"https:\/\/noonsong.de\/en\/wp-json\/wp\/v2\/users\/16"}],"version-history":[{"count":1,"href":"https:\/\/noonsong.de\/en\/wp-json\/wp\/v2\/tribe_events\/41418\/revisions"}],"predecessor-version":[{"id":57085,"href":"https:\/\/noonsong.de\/en\/wp-json\/wp\/v2\/tribe_events\/41418\/revisions\/57085"}],"wp:featuredmedia":[{"embeddable":true,"href":"https:\/\/noonsong.de\/en\/wp-json\/wp\/v2\/media\/18664"}],"wp:attachment":[{"href":"https:\/\/noonsong.de\/en\/wp-json\/wp\/v2\/media?parent=41418"}],"wp:term":[{"taxonomy":"post_tag","embeddable":true,"href":"https:\/\/noonsong.de\/en\/wp-json\/wp\/v2\/tags?post=41418"},{"taxonomy":"tribe_events_cat","embeddable":true,"href":"https:\/\/noonsong.de\/en\/wp-json\/wp\/v2\/tribe_events_cat?post=41418"}],"curies":[{"name":"wp","href":"https:\/\/api.w.org\/{rel}","templated":true}]}}