{"id":41435,"date":"2025-07-07T21:41:38","date_gmt":"2025-07-07T19:41:38","guid":{"rendered":"https:\/\/noonsong.de\/veranstaltung\/noonsong-event-2009-02-07\/"},"modified":"2025-07-07T21:41:38","modified_gmt":"2025-07-07T19:41:38","slug":"noonsong-event-2009-02-07","status":"publish","type":"tribe_events","link":"https:\/\/noonsong.de\/en\/event\/noonsong-event-2009-02-07\/","title":{"rendered":"13. NoonSong am 07.02.2009 um 12:00"},"content":{"rendered":"\n<div class=\"wp-block-group is-layout-constrained wp-block-group-is-layout-constrained\">\n\n<h2 class=\"wp-block-heading\">Programme<\/h2>\n\n\n\n<p>\n<strong>Organ prelude<\/strong>: Jean-Baptiste Lully (1632-1687): Air de trompette<br\/><strong>Preces<\/strong>: Duncan Faulkner (*1951): Preces &amp; Responses f\u00fcr vierstimmig gemischten Chor a cappella<br\/><strong>Psalm of the day<\/strong>: Psalm 87: Giovanni Pierluigi da Palestrina (1525-1594): Fundamenta eius f\u00fcr vierstimmig gemischten Chor a cappella<br\/><strong>Psalm of the week<\/strong>: Psalm 31: Joseph Haydn (1732-1809): Gelobet sei der Nam f\u00fcr vierstimmig gemischten Chor a cappella<br\/><strong>Responsorium<\/strong>: gregorianisch\n\n<br\/><strong>Canticle<\/strong>: Melchior Franck (1579-1639): Also hat Gott die Welt geliebt f\u00fcr vierstimmig gemischten Chor a cappella<br\/><strong>Hymn<\/strong>: Michael Praetorius (1571-1621): Es ist das Heil uns kommen her f\u00fcr vierstimmig gemischten Chor a cappella<br\/><strong>Organ postlude<\/strong>: Charles-Marie Widor (1844-1937): Andante cantabile, aus der 4. Symphonie<\/p>\n\n\n\n<div style=\"height:30px\" aria-hidden=\"true\" class=\"wp-block-spacer\"><\/div>\n\n\n\n<blockquote class=\"wp-block-quote is-layout-flow wp-block-quote-is-layout-flow\" style=\"font-family:Playfair-Display\">\nLiturgy: Septuagesimae<br>\nPfarrer: Superintendent Harald Gr\u00fcn-Rath<br>\nOrganist: Rudolf Seidel<br>\nLocation: <a href=\"\/kontakt\/#anker-kommen-sie-vorbei\">Kirche am Hohenzollernplatz<\/a>\n<\/blockquote>\n\n<\/div>\n\n<div style=\"height:20px\" aria-hidden=\"true\" class=\"wp-block-spacer\"><\/div>\n\n\n\n<div class=\"wp-block-group is-layout-constrained wp-block-group-is-layout-constrained\">\n\n<h2 class=\"wp-block-heading\">Programme PDF<\/h2>\n\n\n\n\n<p>Read more about this NoonSong in the programme document.<\/p>\n\n\n\n\n<div style=\"height:1em\" aria-hidden=\"true\" class=\"wp-block-spacer\"><\/div>\n\n\n\n<figure class=\"wp-block-image aligncenter is-resized\">\n<a target=\"_blank\" rel=\"noopener noreferrer\" href=\"https:\/\/noonsong.de\/wp-content\/uploads\/2024\/07\/2009-02-07-Liturgie.pdf\">\n<img decoding=\"async\" src=\"https:\/\/noonsong.de\/wp-content\/uploads\/2024\/07\/2009-02-07-Liturgie-pdf.jpg\" alt=\"\" style=\"max-height:45em; max-width:61.8%\" \/>\n<br>\nPDF DOWNLOAD\n<\/a>\n<\/figure>\n\n\n\n<div style=\"height:20px\" aria-hidden=\"true\" class=\"wp-block-spacer\"><\/div>\n\n<\/div>\n\n<div style=\"height:50px\" aria-hidden=\"true\" class=\"wp-block-spacer\"><\/div>\n\n\n\n<p hidden>, , , Palestrina, Giov. Pierluigi da; Palestrina, G. Pierluigi da; Palestrina, G. P. da; Palestrina, G.P. da; Palestrina, Giovanni Pierluigi; Palestrina, Giovanni Pietro; Palestrina, Giovanni Petraloysio; Palestrina, Giovanni L.; Palestrina, Giovanni; Palestrina, G. P.; Palestrina, G.P.; Palestrina, Giovanni da; Palestrina, Giovanno; Palestrina, C. P. da; Palestrina, C.P. da; Palestrina, Jean Pierluigi de; Palestrina, J. P.; Palestrina, J.P.; Palestrina, Joachim; Palestrina, Petrus Aloysius; Palestrina, Petrus A.; Palestrina, Pierluigi da; Palestrina, Pier Luigi; Palestrina, P. L. da; Palestrina, P.L. da; Palestrina; Pal\u00e4strina, G.; Palestrino, Joannes P.; Praenestinius, Ioannes P.; Praenestinius, Joannes Petraloysius; Praenestinus, Joann Petraloysius; Praenestinius, Joannes P.; Praenestino, Joanne Petraloysio; Praenestino, Joanne Petro Aloysio; Praenestino, Joannis P.; Praenestino, Petro Aloysio; Praenestinus, Ioannes P.; Praenestinus, Joannes Petraloysius; Praenestinus, Jo. Petraloysius; Praenestinus, Joannes P.; Praenestinus, Joann. P.; Praenestinus, Joannes Petrus Aloysius; Pr\u00e6nestinus, Ioan. Petraloysius; Pr\u00e6nestinus, Ioannes Aloysius; Pr\u00e6nestinus, Johannes Petrus Aloysius; Prenestino, Giovanni Pierluigi da; Prenestino, Giovanni Pietro Aloysio; Prenestinus, Giovanni P.; Prenestinus, Petrus Aloysius; Pierluigi, Giovanni; Pierluigi da Palestrina, Giovanni; Da Palestrina, Giovanni Pierluigi; Da Palestrina, Pierluigi; DaPalestrina, Giovanni Pierluigi; Giannetto; Sante da Palestrina, Pier Luigi, , Hayden, Giuseppe; Hayden, Joseph; Hayden; Haydn; Haydn, Frans Joseph; Gajdn, Franc Iozef; Haidn, Joseph; Haydn, Giusseppe; Haydn, Ioseph; Hayd&#x27;n, I.; Hayd&#x27;n, J.; Haiden, Joseph; Gajdn, Jozef; Gaiden; Heyden, Joseph; Heydn, Ioseph; Heydn, Joseph; Haydn, Franz Josef; Haydn, Franz J.; Haydn, Jos.; Haydn, J.; Haydn, Iosephvs; Haydn, Giuseppe; Gajdn, Josef; Haydn, Josef; Haydn, Franz Joseph; Gajdn, I., Gemmulae evangeliorum musicae. Also hat Gott die Welt geliebt\nAlso hat Gott die Welt geliebt\nAm zweiten Pfingsttag\nGemmulae evangeliorum musicae. Nr. 38, Francus, Melchior; Frank, Melchior; Franco, Melchior; Francke, Melchior; Franc, Melchior; Franc, M., , Praetorius, M.; Praetorius; Praetorij, Micha\u00eblis; Pr\u00e4torius, Michael; Pr\u00e4torius, Mich.; Schulthei\u00df, Michael; Schultheiss, Michael, , Lully, Jean Baptiste; Lully, Giovanni-Battista; Lully, Giovanni Battista; Lully, Giovanni B.; Lulli, Jean-Baptiste; Lulli, Jean B.; Lulli, Jean Baptiste; Lulli, Giovanni-Battista; Lulli, Giovanni B.; Lully, J. B.; Lully, Jean Bapt.; Lully, Jean B.; Lully, Jean-Baptiste de; Lulli, Giovanni Battista; Lully, Jean Baptiste; Lully, Jean Baptiste de; Lulli, Jean Baptiste de, Sinfonien, Orgel, Nr. 1-4, op. 13. Nr. 4\nSinfonien, Org op. 13, 4\nAndante cantabile aus der 4. Orgelsymphonie, Widor, Ch. M.; Widor, Charles M.; Widor, Charles Maria; Widor, Ch.-M.; Widor, Charles Marie; Widor, Charles-Marie-Jean-Albert; Widor, &#8230;; Widor, Charles-M.; Widor, Charles Marie Jean Albert; Widor, Charles, <\/p>\n\n","protected":false},"excerpt":{"rendered":"<p style='position:absolute'>&nbsp;<\/p>\n","protected":false},"author":16,"featured_media":18322,"template":"","meta":{"_et_pb_use_builder":"","_et_pb_old_content":"","_et_gb_content_width":"","_tribe_events_status":"","_tribe_events_status_reason":"","footnotes":""},"tags":[214,120,289,230,188,176,145],"tribe_events_cat":[722,723,711,712,716,717,727,719,729,708,735,724,725,720],"class_list":["post-41435","tribe_events","type-tribe_events","status-publish","has-post-thumbnail","hentry","tag-charles-marie-widor","tag-duncan-faulkner","tag-giovanni-pierluigi-da-palestrina","tag-jean-baptiste-lully","tag-joseph-haydn","tag-melchior-franck","tag-michael-praetorius","tribe_events_cat-20-jahrhundert","tribe_events_cat-barock","tribe_events_cat-berlin","tribe_events_cat-chor","tribe_events_cat-gottesdienst","tribe_events_cat-kirche","tribe_events_cat-klassik","tribe_events_cat-konzert","tribe_events_cat-liturgie","tribe_events_cat-noonsong","tribe_events_cat-pdf","tribe_events_cat-renaissance","tribe_events_cat-romantik","tribe_events_cat-vokal","cat_20-jahrhundert","cat_barock","cat_berlin","cat_chor","cat_gottesdienst","cat_kirche","cat_klassik","cat_konzert","cat_liturgie","cat_noonsong","cat_pdf","cat_renaissance","cat_romantik","cat_vokal"],"acf":[],"_links":{"self":[{"href":"https:\/\/noonsong.de\/en\/wp-json\/wp\/v2\/tribe_events\/41435","targetHints":{"allow":["GET"]}}],"collection":[{"href":"https:\/\/noonsong.de\/en\/wp-json\/wp\/v2\/tribe_events"}],"about":[{"href":"https:\/\/noonsong.de\/en\/wp-json\/wp\/v2\/types\/tribe_events"}],"author":[{"embeddable":true,"href":"https:\/\/noonsong.de\/en\/wp-json\/wp\/v2\/users\/16"}],"version-history":[{"count":1,"href":"https:\/\/noonsong.de\/en\/wp-json\/wp\/v2\/tribe_events\/41435\/revisions"}],"predecessor-version":[{"id":57321,"href":"https:\/\/noonsong.de\/en\/wp-json\/wp\/v2\/tribe_events\/41435\/revisions\/57321"}],"wp:featuredmedia":[{"embeddable":true,"href":"https:\/\/noonsong.de\/en\/wp-json\/wp\/v2\/media\/18322"}],"wp:attachment":[{"href":"https:\/\/noonsong.de\/en\/wp-json\/wp\/v2\/media?parent=41435"}],"wp:term":[{"taxonomy":"post_tag","embeddable":true,"href":"https:\/\/noonsong.de\/en\/wp-json\/wp\/v2\/tags?post=41435"},{"taxonomy":"tribe_events_cat","embeddable":true,"href":"https:\/\/noonsong.de\/en\/wp-json\/wp\/v2\/tribe_events_cat?post=41435"}],"curies":[{"name":"wp","href":"https:\/\/api.w.org\/{rel}","templated":true}]}}