{"id":41498,"date":"2025-07-07T21:37:20","date_gmt":"2025-07-07T19:37:20","guid":{"rendered":"https:\/\/noonsong.de\/veranstaltung\/noonsong-event-2019-11-30\/"},"modified":"2025-07-07T21:37:20","modified_gmt":"2025-07-07T19:37:20","slug":"noonsong-event-2019-11-30","status":"publish","type":"tribe_events","link":"https:\/\/noonsong.de\/en\/event\/noonsong-event-2019-11-30\/","title":{"rendered":"491. NoonSong am 30.11.2019 um 12:00"},"content":{"rendered":"\n<div class=\"wp-block-group is-layout-constrained wp-block-group-is-layout-constrained\">\n\n<h2 class=\"wp-block-heading\">Programme<\/h2>\n\n\n\n<p>\n<strong>Organ prelude<\/strong>: Nicolaus Bruhns (1665-1697): Pr\u00e4ludium e-moll<br\/><strong>Preces<\/strong>: Duncan Faulkner (*1951): Preces &amp; Responses f\u00fcr vierstimmig gemischten Chor a cappella<br\/><strong>Psalm of the day<\/strong>: Psalm 19: Albert Becker (1834-1899): Ihr Himmel, tauet hernieder f\u00fcr vierstimmig gemischten Chor a cappella<br\/><strong>Psalm of the week<\/strong>: Psalm 24: John Amner (1579-1641): Lift up your heads, O ye gates f\u00fcr vierstimmig gemischten Chor a cappella<br\/><strong>Responsorium<\/strong>: gregorianisch\n\n<br\/><strong>Canticle<\/strong>: Johannes Eccard (1553-1611): \u00dcbers Gebirg Maria ging f\u00fcr f\u00fcnfstimmig gemischten Chor a cappella<br\/><strong>Hymn<\/strong>: J\u00fcrgen Essl (*1961): Die Nacht ist vorgedrungen f\u00fcr vierstimmig gemischten Chor a cappella<br\/><strong>Organ postlude<\/strong>: Johann Nepomuk David (1895-1977): Kleine Partita \u00fcber &quot;Macht hoch die T\u00fcr&quot;<br\/><strong>Bible reading<\/strong>: Buch Sacharja 9,9-12<\/p>\n\n\n\n<div style=\"height:30px\" aria-hidden=\"true\" class=\"wp-block-spacer\"><\/div>\n\n\n\n<blockquote class=\"wp-block-quote is-layout-flow wp-block-quote-is-layout-flow\" style=\"font-family:Playfair-Display\">\nLiturgy: 1. Sonntag im Advent<br>\nPfarrerin: Barbara Deml<br>\nOrganist: Peter Uehling<br>\nLocation: <a href=\"\/kontakt\/#anker-kommen-sie-vorbei\">Kirche am Hohenzollernplatz<\/a>\n<\/blockquote>\n\n<\/div>\n\n<div style=\"height:20px\" aria-hidden=\"true\" class=\"wp-block-spacer\"><\/div>\n\n\n\n<div class=\"wp-block-group is-layout-constrained wp-block-group-is-layout-constrained\">\n<h2 class=\"wp-block-heading\">Listen<\/h2>\n\n\n\n\n<p>Here you can listen to this NoonSong. If you&#8217;d like to listen to more NoonSongs recordings, please register.<\/p>\n\n<div class=\"um-locked-content\">\n\t<div class=\"um-locked-content-msg\">This content has been restricted to logged-in users only. Please <a href=\"https:\/\/noonsong.de\/en\/login-audio-archive\/?redirect_to=https%3A%2F%2Fnoonsong.de%2Fen%2Fwp-json%2Fwp%2Fv2%2Ftribe_events%2F41498\">log in<\/a> to view this content.<\/div>\n<\/div>\n<\/div>\n\n<div style=\"height:20px\" aria-hidden=\"true\" class=\"wp-block-spacer\"><\/div>\n\n\n\n<div class=\"wp-block-group is-layout-constrained wp-block-group-is-layout-constrained\">\n\n<h2 class=\"wp-block-heading\">Watch<\/h2>\n\n\n\n\n<p>Experience the recorded live-stream of this NoonSong.<\/p>\n\n\n\n\n\n<p>You&#8217;ll find many selected video recordings of NoonSongs and other concerts on our <a href=\"https:\/\/youtube.com\/sirventesberlin\" target=\"_blank\" rel=\"noreferrer noopener\">YouTube channel<\/a>.\n<\/p>\n\n\n\n\n<div style=\"height:1em\" aria-hidden=\"true\" class=\"wp-block-spacer\"><\/div>\n<div class=\"um-locked-content\">\n\t<div class=\"um-locked-content-msg\">This content has been restricted to logged-in users only. Please <a href=\"https:\/\/noonsong.de\/en\/login-audio-archive\/?redirect_to=https%3A%2F%2Fnoonsong.de%2Fen%2Fwp-json%2Fwp%2Fv2%2Ftribe_events%2F41498\">log in<\/a> to view this content.<\/div>\n<\/div>\n\n<div style=\"height:20px\" aria-hidden=\"true\" class=\"wp-block-spacer\"><\/div>\n\n<\/div>\n\n<div style=\"height:50px\" aria-hidden=\"true\" class=\"wp-block-spacer\"><\/div>\n\n\n\n<p hidden>, , , , Liturgie f\u00fcr den Hauptgottesdienst in der Adventszeit. Ihr Himmel, tauet hernieder, Becker, Ernst Albert; Becker, Albert Ernst Anton, , Amner, Iohn, \u00dcbers Gebirg Maria geht\n\u00dcber&#x27;s Gebirg&#x27; Maria geht, Eccardus, Johannes aus M\u00fchlhausen; Eccard, Johann; Eccard, Johann.; Eccard, J.; Eccard, Johan; Eccardt, Johannes; Eccardus, Johannes; Eckard, Johann, , , , Bruhns; Bruhns, Nicol.; Bruhns, N.; Bruhns, Nicolas; Bruns, Nikolaus; Bruhns, Nikolaus; Bruhn, Nicolaus, , David, Hans Nepomok; David, Johann N.; David, J. N.; David, Joh. Nep., <\/p>\n\n","protected":false},"excerpt":{"rendered":"<p style='position:absolute'>&nbsp;<\/p>\n","protected":false},"author":16,"featured_media":4764,"template":"","meta":{"_et_pb_use_builder":"","_et_pb_old_content":"","_et_gb_content_width":"","_tribe_events_status":"","_tribe_events_status_reason":"","footnotes":""},"tags":[122,120,445,296,330,308,279],"tribe_events_cat":[722,741,743,723,711,712,716,717,719,729,708,724,725,744,720],"class_list":["post-41498","tribe_events","type-tribe_events","status-publish","has-post-thumbnail","hentry","tag-albert-becker","tag-duncan-faulkner","tag-johann-nepomuk-david","tag-johannes-eccard","tag-john-amner","tag-juergen-essl","tag-nicolaus-bruhns","tribe_events_cat-20-jahrhundert","tribe_events_cat-21-jahrhundert","tribe_events_cat-audio","tribe_events_cat-barock","tribe_events_cat-berlin","tribe_events_cat-chor","tribe_events_cat-gottesdienst","tribe_events_cat-kirche","tribe_events_cat-konzert","tribe_events_cat-liturgie","tribe_events_cat-noonsong","tribe_events_cat-renaissance","tribe_events_cat-romantik","tribe_events_cat-video","tribe_events_cat-vokal","cat_20-jahrhundert","cat_21-jahrhundert","cat_audio","cat_barock","cat_berlin","cat_chor","cat_gottesdienst","cat_kirche","cat_konzert","cat_liturgie","cat_noonsong","cat_renaissance","cat_romantik","cat_video","cat_vokal"],"acf":[],"_links":{"self":[{"href":"https:\/\/noonsong.de\/en\/wp-json\/wp\/v2\/tribe_events\/41498","targetHints":{"allow":["GET"]}}],"collection":[{"href":"https:\/\/noonsong.de\/en\/wp-json\/wp\/v2\/tribe_events"}],"about":[{"href":"https:\/\/noonsong.de\/en\/wp-json\/wp\/v2\/types\/tribe_events"}],"author":[{"embeddable":true,"href":"https:\/\/noonsong.de\/en\/wp-json\/wp\/v2\/users\/16"}],"version-history":[{"count":1,"href":"https:\/\/noonsong.de\/en\/wp-json\/wp\/v2\/tribe_events\/41498\/revisions"}],"predecessor-version":[{"id":57051,"href":"https:\/\/noonsong.de\/en\/wp-json\/wp\/v2\/tribe_events\/41498\/revisions\/57051"}],"wp:featuredmedia":[{"embeddable":true,"href":"https:\/\/noonsong.de\/en\/wp-json\/wp\/v2\/media\/4764"}],"wp:attachment":[{"href":"https:\/\/noonsong.de\/en\/wp-json\/wp\/v2\/media?parent=41498"}],"wp:term":[{"taxonomy":"post_tag","embeddable":true,"href":"https:\/\/noonsong.de\/en\/wp-json\/wp\/v2\/tags?post=41498"},{"taxonomy":"tribe_events_cat","embeddable":true,"href":"https:\/\/noonsong.de\/en\/wp-json\/wp\/v2\/tribe_events_cat?post=41498"}],"curies":[{"name":"wp","href":"https:\/\/api.w.org\/{rel}","templated":true}]}}