{"id":41507,"date":"2025-07-07T21:43:16","date_gmt":"2025-07-07T19:43:16","guid":{"rendered":"https:\/\/noonsong.de\/veranstaltung\/noonsong-event-2017-09-23\/"},"modified":"2025-07-07T21:43:16","modified_gmt":"2025-07-07T19:43:16","slug":"noonsong-event-2017-09-23","status":"publish","type":"tribe_events","link":"https:\/\/noonsong.de\/en\/event\/noonsong-event-2017-09-23\/","title":{"rendered":"390. NoonSong am 23.09.2017 um 12:00"},"content":{"rendered":"\n<div class=\"wp-block-group is-layout-constrained wp-block-group-is-layout-constrained\">\n\n<h2 class=\"wp-block-heading\">Programme<\/h2>\n\n\n\n<p>\n<strong>Organ prelude<\/strong>: Johann Sebastian Bach (1685-1750): Wir glauben all einen Gott (BWV 1098) (aus \u201eNeumeister-Sammlung\u201c)<br\/><strong>Preces<\/strong>: Thomas Tallis (ca. 1505-1585): Preces &amp; Responses f\u00fcr f\u00fcnfstimmig gemischten Chor a cappella<br\/><strong>Psalm of the day<\/strong>: Psalm 51: Blasius Amon (ca.1560-1590): Miserere mei, Deus f\u00fcr f\u00fcnfstimmigen Chor a cappella<br\/><strong>Psalm of the week<\/strong>: Psalm 118,17: Martin Luther (1483-1546): Non moriar sed vitam f\u00fcr vierstimmig gemischten Chor a cappella<br\/><strong>Responsorium<\/strong>: gregorianisch\n\n<br\/><strong>Canticle<\/strong>: Sethus Calvisius (1556-1615): Wo Gott zum Haus nicht gibt sein Gunst, im Wechsel mit Ludwig Senfl (1486 &#8211; 1543): Vergebens ist all M\u00fch f\u00fcr vierstimmig gemischten Chor a cappella<br\/><strong>Hymn<\/strong>: Johann Sebastian Bach (1685-1750): Wer nur den lieben Gott l\u00e4\u00dft walten (BWV 93 1) f\u00fcr vierstimmig gemischten Chor a cappella<br\/><strong>Organ postlude<\/strong>: Johann Sebastian Bach (1685-1750): Wir glauben all an einen Gott (BWV 680) (aus \u201eDritter Teil der Klavier\u00fcbung\u201c)<br\/><strong>Bible reading<\/strong>: Evangelium nach Matth\u00e4us 6,25-34<\/p>\n\n\n\n<div style=\"height:30px\" aria-hidden=\"true\" class=\"wp-block-spacer\"><\/div>\n\n\n\n<blockquote class=\"wp-block-quote is-layout-flow wp-block-quote-is-layout-flow\" style=\"font-family:Playfair-Display\">\nLiturgy: 15. Sonntag nach Trinitatis<br>\nPfarrer: Dr. Sebastian W. Stork<br>\nOrganist: G\u00fcnter Mach<br>\nLocation: <a href=\"\/kontakt\/#anker-kommen-sie-vorbei\">Kirche am Hohenzollernplatz<\/a>\n<\/blockquote>\n\n<\/div>\n\n<div style=\"height:20px\" aria-hidden=\"true\" class=\"wp-block-spacer\"><\/div>\n\n\n\n<div class=\"wp-block-group is-layout-constrained wp-block-group-is-layout-constrained\">\n<h2 class=\"wp-block-heading\">Listen<\/h2>\n\n\n\n\n<p>Here you can listen to this NoonSong. If you&#8217;d like to listen to more NoonSongs recordings, please register.<\/p>\n\n<div class=\"um-locked-content\">\n\t<div class=\"um-locked-content-msg\">This content has been restricted to logged-in users only. Please <a href=\"https:\/\/noonsong.de\/en\/login-audio-archive\/?redirect_to=https%3A%2F%2Fnoonsong.de%2Fen%2Fwp-json%2Fwp%2Fv2%2Ftribe_events%2F41507\">log in<\/a> to view this content.<\/div>\n<\/div>\n<\/div>\n\n<div style=\"height:50px\" aria-hidden=\"true\" class=\"wp-block-spacer\"><\/div>\n\n\n\n<p hidden>, , , Tallys, T.; Tallys, Thomas; Talys, Thomas; Talles, Thomas , , Ammon, Blasius; Ammon, Anton Blasius; Amon, Anton Blasius, , Luther, Martino; Luther, Martinius; Luther, Martinn; Luther, Marttin; Luther, Martthin; Luther, Wartinus; Luther, Marcin; Luther, Marten; Luther, Marton; Luther, Merten; Luther, M\u00e4rtin; Luther, Morten; L\u00father, Marteinn; Luther, Johannes Martin; Luther, D. Martin; Luther, D.; Luther, M.; Luther, Mar.; Luta, Matin; Lutera, M\u0101rti\u0146a; Lutero, M.; Luters, M\u0101rti\u0146\u0161; Lutherus, Martin; Luttherus, Martinus; Lutherus, Mar.; Lutherius, Martin; Luterus, Martinus; Luterius, Martin; Lutterus, Martinus; Lutteris, Mertinas; Lutter, Martinus; Lutera, Mahrtina; Luter, Martinus; Lutther, Martinus; L\u00fcther, Martinus; L\u00fcther, Martin; Luhter, Martin; Ludder, Martinus; Luder, Martin; Luderus, Martinus; Lude, Mading; Ludder, Martin; L\u016bdhe\u1ea3r\u032e, M\u0101r\u032e\u1e6fin; Lutr, Mar\u0107in; Luth., Mart.; Lut., Martinus; Luttar c\u0101stiri; Eleutherius; Eleutherius, Martinus; Fregosus, Fridericus; Rut&#x27;\u014f, Mar\u016dt&#x27;in; Luther, Marc\u017ai ; Liuterio, Martyno; Luters, Mart\u012b\u0146\u0161; Liut\u0113rius, Mertinas; Luterus, Mertinas; Luteraus, Mertino; Liuterius, Mertynas; Rut\u0101, Marutin; Rut\u0101; Luther, Marthin; Luter, Mart\u00ed; L\u00fbter, Mar\u1e6d\u00een; Lutero, Martim; Lutero, Martino; Luth\u0113ros, Martinos; Luth., Mart\u1e47; Martinus, Luther; D. M. L.; M. L., Doctor; Lutherus; Luters, M\u015aarti\u0106n\u015as; Lutter, Martin; Lutero, Mart\u00edn; Luter, Martin; Martinus Eleutherius; Luther, Maarten; Luther, Martinus; Luther, M\u00e1rton; Luther, Martti; Luther, Mertyn; Liuteris, Martynas; Ljuter, Martin; Luder, Martinus; Luter, Marcin; Lutero, Martin; Lutherus, Martinus; Lutterus, Mertinas; Lutther, Martin; Luyther, Martinus; L.D.M.; Luth., Martn; Rut\u02b9o, Marut\u02b9in; Luther, Mart\u00ed; Luters, Martin\u00efs; Lutr, Martin; Liuter, Martin; Luters, Martins; D. M. L. A., , Calvisius, Seth; Kalwitz, Seth; Kalbitz, Sethus; Kalbitz, Seth; Kalbiz, Sethus; Kalbiz, Seth; Kallwitz, Sethus; Calvisius, &#8230;; Calvisius; Kallwitz, Seth; Kalwitz, Sethus; Calvius, Sethus; Calvisius, Seth; Kallwitz, Seth; Kalwitz, Seth; Calvisius, S., Wer nur den lieben Gott l\u00e4\u00dft walten. Wer nur den lieben Gott l\u00e4\u00dft walten\nKantaten, BWV 93. Wer nur den lieben Gott l\u00e4\u00dft walten\nWer nur den lieben Gott l\u00e4\u00dft walten. Satz 1, Chor\nKantaten, BWV 93 &lt;Wer nur den lieben Gott l\u00e4\u00dft walten&gt;\nBWV 93 1, Bach; Bach, G. S.; Bach, Iogann Sebast\u02b9jan; Bach, Joh. Sebastian; Bach, Giov. Sebast.; Bach, Jean Sebastien; Bach, Jean Sebastian; Bach, J. Seb.; Bach, Sebastiano; Bach, John Sebastian; Bach, Iogann S.; Bach, Iogann Sebast&#x27;jan; Bach, Iogann Sebastian; Bach, Giovanni Sebastian; Bach, Johan Sebastian; Bach, Joannes Sebastianus; Bach, Giov. Seb.; Bach, Giovanni S.; B\u0101\u1e35, J\u014dh\u0101n Seba\u1e63t\u012b&#x27;\u0101n; Bach, I. S.; Bach, J.-S.; Bach, Giovanni Sebastiano; Bach, Jean-Sebastien; Bach, Sebastian; Bach, Jan Sebastian; Bach, J. S.; Bach, Johann-Sebastian; Bach, Jean S.; Bach, Johannes S.; Bach, Johannes Sebastian; Bach, Joh. Seb.; Bach, Joh.-Seb.; Bach, Joh. Sebas.; Bach, Johann Seb.; Bach, Joh. Sebast.; Bach, Johann S.; Bach, Iogann Sebastjan; Bach, Jean S\u00e9bastien; Bach, Jean-S\u00e9bastien; Bach, Johann; Bakh, Iogann Sebastian, Choralbearbeitungen, BWV 1090-1120. Wir glauben all an einen Gott\nOrgelchor\u00e4le der Sammlung J. G. Neumeister. Wir glauben all an einen Gott (BWVneu)\nWir glauben all an einen Gott, BWV 1098\nChoralbearbeitungen, Orgel, BWV 1098 (d-Moll)\nBWV 1098, Bach; Bach, G. S.; Bach, Iogann Sebast\u02b9jan; Bach, Joh. Sebastian; Bach, Giov. Sebast.; Bach, Jean Sebastien; Bach, Jean Sebastian; Bach, J. Seb.; Bach, Sebastiano; Bach, John Sebastian; Bach, Iogann S.; Bach, Iogann Sebast&#x27;jan; Bach, Iogann Sebastian; Bach, Giovanni Sebastian; Bach, Johan Sebastian; Bach, Joannes Sebastianus; Bach, Giov. Seb.; Bach, Giovanni S.; B\u0101\u1e35, J\u014dh\u0101n Seba\u1e63t\u012b&#x27;\u0101n; Bach, I. S.; Bach, J.-S.; Bach, Giovanni Sebastiano; Bach, Jean-Sebastien; Bach, Sebastian; Bach, Jan Sebastian; Bach, J. S.; Bach, Johann-Sebastian; Bach, Jean S.; Bach, Johannes S.; Bach, Johannes Sebastian; Bach, Joh. Seb.; Bach, Joh.-Seb.; Bach, Joh. Sebas.; Bach, Johann Seb.; Bach, Joh. Sebast.; Bach, Johann S.; Bach, Iogann Sebastjan; Bach, Jean S\u00e9bastien; Bach, Jean-S\u00e9bastien; Bach, Johann; Bakh, Iogann Sebastian, Choralbearbeitungen, BWV 669-689. Wir glauben all an einen Gott\nChoralbearbeitungen, BWV 669-689. Wir gl\u00e4uben all an einen Gott\nWir glauben all an einen Gott, BWV 680\nWir gl\u00e4uben all an einen Gott, BWV 680\nClavier \u00dcbung, Teil 3. Wir gl\u00e4uben all an einen Gott\nChoralbearbeitungen, Orgel, BWV 680 (D-Dur)\nBWV 680, Bach; Bach, G. S.; Bach, Iogann Sebast\u02b9jan; Bach, Joh. Sebastian; Bach, Giov. Sebast.; Bach, Jean Sebastien; Bach, Jean Sebastian; Bach, J. Seb.; Bach, Sebastiano; Bach, John Sebastian; Bach, Iogann S.; Bach, Iogann Sebast&#x27;jan; Bach, Iogann Sebastian; Bach, Giovanni Sebastian; Bach, Johan Sebastian; Bach, Joannes Sebastianus; Bach, Giov. Seb.; Bach, Giovanni S.; B\u0101\u1e35, J\u014dh\u0101n Seba\u1e63t\u012b&#x27;\u0101n; Bach, I. S.; Bach, J.-S.; Bach, Giovanni Sebastiano; Bach, Jean-Sebastien; Bach, Sebastian; Bach, Jan Sebastian; Bach, J. S.; Bach, Johann-Sebastian; Bach, Jean S.; Bach, Johannes S.; Bach, Johannes Sebastian; Bach, Joh. Seb.; Bach, Joh.-Seb.; Bach, Joh. Sebas.; Bach, Johann Seb.; Bach, Joh. Sebast.; Bach, Johann S.; Bach, Iogann Sebastjan; Bach, Jean S\u00e9bastien; Bach, Jean-S\u00e9bastien; Bach, Johann; Bakh, Iogann Sebastian, <\/p>\n\n","protected":false},"excerpt":{"rendered":"<p style='position:absolute'>&nbsp;<\/p>\n","protected":false},"author":16,"featured_media":4947,"template":"","meta":{"_et_pb_use_builder":"","_et_pb_old_content":"","_et_gb_content_width":"","_tribe_events_status":"","_tribe_events_status_reason":"","footnotes":""},"tags":[403,105,557,380,193],"tribe_events_cat":[743,723,711,712,716,717,719,729,708,724,720],"class_list":["post-41507","tribe_events","type-tribe_events","status-publish","has-post-thumbnail","hentry","tag-blasius-amon","tag-johann-sebastian-bach","tag-martin-luther","tag-sethus-calvisius","tag-thomas-tallis","tribe_events_cat-audio","tribe_events_cat-barock","tribe_events_cat-berlin","tribe_events_cat-chor","tribe_events_cat-gottesdienst","tribe_events_cat-kirche","tribe_events_cat-konzert","tribe_events_cat-liturgie","tribe_events_cat-noonsong","tribe_events_cat-renaissance","tribe_events_cat-vokal","cat_audio","cat_barock","cat_berlin","cat_chor","cat_gottesdienst","cat_kirche","cat_konzert","cat_liturgie","cat_noonsong","cat_renaissance","cat_vokal"],"acf":[],"_links":{"self":[{"href":"https:\/\/noonsong.de\/en\/wp-json\/wp\/v2\/tribe_events\/41507","targetHints":{"allow":["GET"]}}],"collection":[{"href":"https:\/\/noonsong.de\/en\/wp-json\/wp\/v2\/tribe_events"}],"about":[{"href":"https:\/\/noonsong.de\/en\/wp-json\/wp\/v2\/types\/tribe_events"}],"author":[{"embeddable":true,"href":"https:\/\/noonsong.de\/en\/wp-json\/wp\/v2\/users\/16"}],"version-history":[{"count":1,"href":"https:\/\/noonsong.de\/en\/wp-json\/wp\/v2\/tribe_events\/41507\/revisions"}],"predecessor-version":[{"id":57444,"href":"https:\/\/noonsong.de\/en\/wp-json\/wp\/v2\/tribe_events\/41507\/revisions\/57444"}],"wp:featuredmedia":[{"embeddable":true,"href":"https:\/\/noonsong.de\/en\/wp-json\/wp\/v2\/media\/4947"}],"wp:attachment":[{"href":"https:\/\/noonsong.de\/en\/wp-json\/wp\/v2\/media?parent=41507"}],"wp:term":[{"taxonomy":"post_tag","embeddable":true,"href":"https:\/\/noonsong.de\/en\/wp-json\/wp\/v2\/tags?post=41507"},{"taxonomy":"tribe_events_cat","embeddable":true,"href":"https:\/\/noonsong.de\/en\/wp-json\/wp\/v2\/tribe_events_cat?post=41507"}],"curies":[{"name":"wp","href":"https:\/\/api.w.org\/{rel}","templated":true}]}}