{"id":41532,"date":"2025-07-07T21:38:52","date_gmt":"2025-07-07T19:38:52","guid":{"rendered":"https:\/\/noonsong.de\/veranstaltung\/noonsong-event-2017-03-11\/"},"modified":"2025-07-07T21:38:52","modified_gmt":"2025-07-07T19:38:52","slug":"noonsong-event-2017-03-11","status":"publish","type":"tribe_events","link":"https:\/\/noonsong.de\/en\/event\/noonsong-event-2017-03-11\/","title":{"rendered":"368. NoonSong am 11.03.2017 um 12:00"},"content":{"rendered":"\n<div class=\"wp-block-group is-layout-constrained wp-block-group-is-layout-constrained\">\n\n<h2 class=\"wp-block-heading\">Programme<\/h2>\n\n\n\n<p>\n<strong>Organ prelude<\/strong>: Johann Sebastian Bach (1685-1750): Wenn wir in h\u00f6chsten N\u00f6ten sein (BWV 641)<br\/><strong>Preces<\/strong>: John Tavener (1944-2013): Preces &amp; Responses f\u00fcr achtstimmig gemischten Chor a cappella<br\/><strong>Psalm of the day<\/strong>: Psalm 15: Christian Erbach (1568-1635): Domine, quis habitabit f\u00fcr sechsstimmig gemischten Chor a cappella<br\/><strong>Psalm of the week<\/strong>: Psalm 25: Steffano Bernardi (1577-1637): Ad te Domine levavi f\u00fcr achtstimmig gemischten Chor a cappella<br\/><strong>Responsorium<\/strong>: gregorianisch\n\n<br\/><strong>Canticle<\/strong>: Melchior Franck (1579-1639): F\u00fcrwahr, er trug unsere Krankheit f\u00fcr vierstimmig gemischten Chor a cappella<br\/><strong>Hymn<\/strong>: Johann Hermann Schein (1586-1630): Wenn wir in h\u00f6chsten N\u00f6ten sein f\u00fcr vierstimmig gemischten Chor a cappella<br\/><strong>Organ postlude<\/strong>: Louis Vierne (1870-1937): Idylle m\u00e9lancolique (op.31)<br\/><strong>Bible reading<\/strong>: Brief an die R\u00f6mer 5,1-11<\/p>\n\n\n\n<div style=\"height:30px\" aria-hidden=\"true\" class=\"wp-block-spacer\"><\/div>\n\n\n\n<blockquote class=\"wp-block-quote is-layout-flow wp-block-quote-is-layout-flow\" style=\"font-family:Playfair-Display\">\nLiturgy: Reminiscere<br>\nPfarrer: Alexander Brodt-Zabka<br>\nOrganist: Mirlan Kasymaliev<br>\nLocation: <a href=\"\/kontakt\/#anker-kommen-sie-vorbei\">Kirche am Hohenzollernplatz<\/a>\n<\/blockquote>\n\n<\/div>\n\n<div style=\"height:20px\" aria-hidden=\"true\" class=\"wp-block-spacer\"><\/div>\n\n\n\n<div class=\"wp-block-group is-layout-constrained wp-block-group-is-layout-constrained\">\n<h2 class=\"wp-block-heading\">Listen<\/h2>\n\n\n\n\n<p>Here you can listen to this NoonSong. If you&#8217;d like to listen to more NoonSongs recordings, please register.<\/p>\n\n<div class=\"um-locked-content\">\n\t<div class=\"um-locked-content-msg\">This content has been restricted to logged-in users only. Please <a href=\"https:\/\/noonsong.de\/en\/login-audio-archive\/?redirect_to=https%3A%2F%2Fnoonsong.de%2Fen%2Fwp-json%2Fwp%2Fv2%2Ftribe_events%2F41532\">log in<\/a> to view this content.<\/div>\n<\/div>\n<\/div>\n\n<div style=\"height:20px\" aria-hidden=\"true\" class=\"wp-block-spacer\"><\/div>\n\n\n\n<div class=\"wp-block-group is-layout-constrained wp-block-group-is-layout-constrained\">\n\n<h2 class=\"wp-block-heading\">Programme PDF<\/h2>\n\n\n\n\n<p>Read more about this NoonSong in the programme document.<\/p>\n\n\n\n\n<div style=\"height:1em\" aria-hidden=\"true\" class=\"wp-block-spacer\"><\/div>\n\n\n\n<figure class=\"wp-block-image aligncenter is-resized\">\n<a target=\"_blank\" rel=\"noopener noreferrer\" href=\"https:\/\/noonsong.de\/wp-content\/uploads\/2024\/07\/2017-03-11-Liturgie.pdf\">\n<img decoding=\"async\" src=\"https:\/\/noonsong.de\/wp-content\/uploads\/2024\/07\/2017-03-11-Liturgie-pdf.jpg\" alt=\"\" style=\"max-height:45em; max-width:61.8%\" \/>\n<br>\nPDF DOWNLOAD\n<\/a>\n<\/figure>\n\n\n\n<div style=\"height:20px\" aria-hidden=\"true\" class=\"wp-block-spacer\"><\/div>\n\n<\/div>\n\n<div style=\"height:50px\" aria-hidden=\"true\" class=\"wp-block-spacer\"><\/div>\n\n\n\n<p hidden>, , , Tavener, Sir John; Tavener, John Kenneth, Modi sacri sive cantvs mvsici, Liber primvs. Domine quis habitabit\nDomine quis habitabit in tabernaculo tuo, Erbach, Christ.; Erbbach, Christian; C. Er.; Er., C.; Erbach, Christian, der \u00c4ltere; Erbacher, Christian; Erbacher, Christianus, , Bernardi, Stefano; Bernardi, Stephan; Bernardi, S., , Francus, Melchior; Frank, Melchior; Franco, Melchior; Francke, Melchior; Franc, Melchior; Franc, M., , Schein, Joh. Herm.; Schein, Johan-Herman; Schein, J. H.; Schein, Johann H.; Schein, Johann-Hermann; Scheinius, Johann Hermannus; Schein, Johan Herman; Schein, Hermann; Schein, Iohan-Hermanus; Schein, Johan-Hermanus; Schein, Johannes Hermann; Schein, Johann Herman; Schein, J.H.; Schein, Joan-Herman, Orgelb\u00fcchlein. Wenn wir in h\u00f6chsten N\u00f6ten sein\nWenn wir in h\u00f6chsten N\u00f6ten sein\nChoralbearbeitungen, BWV 641\nWenn wir in h\u00f6chsten N\u00f6then sein, Bach; Bach, G. S.; Bach, Iogann Sebast\u02b9jan; Bach, Joh. Sebastian; Bach, Giov. Sebast.; Bach, Jean Sebastien; Bach, Jean Sebastian; Bach, J. Seb.; Bach, Sebastiano; Bach, John Sebastian; Bach, Iogann S.; Bach, Iogann Sebast&#x27;jan; Bach, Iogann Sebastian; Bach, Giovanni Sebastian; Bach, Johan Sebastian; Bach, Joannes Sebastianus; Bach, Giov. Seb.; Bach, Giovanni S.; B\u0101\u1e35, J\u014dh\u0101n Seba\u1e63t\u012b&#x27;\u0101n; Bach, I. S.; Bach, J.-S.; Bach, Giovanni Sebastiano; Bach, Jean-Sebastien; Bach, Sebastian; Bach, Jan Sebastian; Bach, J. S.; Bach, Johann-Sebastian; Bach, Jean S.; Bach, Johannes S.; Bach, Johannes Sebastian; Bach, Joh. Seb.; Bach, Joh.-Seb.; Bach, Joh. Sebas.; Bach, Johann Seb.; Bach, Joh. Sebast.; Bach, Johann S.; Bach, Iogann Sebastjan; Bach, Jean S\u00e9bastien; Bach, Jean-S\u00e9bastien; Bach, Johann; Bakh, Iogann Sebastian, , Vierne, Louis, 1870-1937; Vierne, &#8230;; Vierne, Louis V.; Vierne, Louis-Victor-Jules; Vierne, Louis Victor Jules; Vierne, Luis; Vierne, L., <\/p>\n\n","protected":false},"excerpt":{"rendered":"<p style='position:absolute'>&nbsp;<\/p>\n","protected":false},"author":16,"featured_media":4568,"template":"","meta":{"_et_pb_use_builder":"","_et_pb_old_content":"","_et_gb_content_width":"","_tribe_events_status":"","_tribe_events_status_reason":"","footnotes":""},"tags":[246,132,105,180,182,176,260],"tribe_events_cat":[722,741,743,723,711,712,716,717,719,729,708,735,724,725,720],"class_list":["post-41532","tribe_events","type-tribe_events","status-publish","has-post-thumbnail","hentry","tag-christian-erbach","tag-johann-hermann-schein","tag-johann-sebastian-bach","tag-john-tavener","tag-louis-vierne","tag-melchior-franck","tag-steffano-bernardi","tribe_events_cat-20-jahrhundert","tribe_events_cat-21-jahrhundert","tribe_events_cat-audio","tribe_events_cat-barock","tribe_events_cat-berlin","tribe_events_cat-chor","tribe_events_cat-gottesdienst","tribe_events_cat-kirche","tribe_events_cat-konzert","tribe_events_cat-liturgie","tribe_events_cat-noonsong","tribe_events_cat-pdf","tribe_events_cat-renaissance","tribe_events_cat-romantik","tribe_events_cat-vokal","cat_20-jahrhundert","cat_21-jahrhundert","cat_audio","cat_barock","cat_berlin","cat_chor","cat_gottesdienst","cat_kirche","cat_konzert","cat_liturgie","cat_noonsong","cat_pdf","cat_renaissance","cat_romantik","cat_vokal"],"acf":[],"_links":{"self":[{"href":"https:\/\/noonsong.de\/en\/wp-json\/wp\/v2\/tribe_events\/41532","targetHints":{"allow":["GET"]}}],"collection":[{"href":"https:\/\/noonsong.de\/en\/wp-json\/wp\/v2\/tribe_events"}],"about":[{"href":"https:\/\/noonsong.de\/en\/wp-json\/wp\/v2\/types\/tribe_events"}],"author":[{"embeddable":true,"href":"https:\/\/noonsong.de\/en\/wp-json\/wp\/v2\/users\/16"}],"version-history":[{"count":1,"href":"https:\/\/noonsong.de\/en\/wp-json\/wp\/v2\/tribe_events\/41532\/revisions"}],"predecessor-version":[{"id":57152,"href":"https:\/\/noonsong.de\/en\/wp-json\/wp\/v2\/tribe_events\/41532\/revisions\/57152"}],"wp:featuredmedia":[{"embeddable":true,"href":"https:\/\/noonsong.de\/en\/wp-json\/wp\/v2\/media\/4568"}],"wp:attachment":[{"href":"https:\/\/noonsong.de\/en\/wp-json\/wp\/v2\/media?parent=41532"}],"wp:term":[{"taxonomy":"post_tag","embeddable":true,"href":"https:\/\/noonsong.de\/en\/wp-json\/wp\/v2\/tags?post=41532"},{"taxonomy":"tribe_events_cat","embeddable":true,"href":"https:\/\/noonsong.de\/en\/wp-json\/wp\/v2\/tribe_events_cat?post=41532"}],"curies":[{"name":"wp","href":"https:\/\/api.w.org\/{rel}","templated":true}]}}