{"id":41649,"date":"2025-10-26T03:00:50","date_gmt":"2025-10-26T02:00:50","guid":{"rendered":"https:\/\/noonsong.de\/veranstaltung\/noonsong-event-2010-09-11\/"},"modified":"2025-10-26T03:00:50","modified_gmt":"2025-10-26T02:00:50","slug":"noonsong-event-2010-09-11","status":"publish","type":"tribe_events","link":"https:\/\/noonsong.de\/en\/event\/noonsong-event-2010-09-11\/","title":{"rendered":"80. NoonSong am 11.09.2010 um 12:00"},"content":{"rendered":"\n<div class=\"wp-block-group is-layout-constrained wp-block-group-is-layout-constrained\">\n\n<h2 class=\"wp-block-heading\">Programme<\/h2>\n\n\n\n<p>\n<strong>Organ prelude<\/strong>: Johann Sebastian Bach (1685-1750): Pr\u00e4ludium und Fuge D-Dur: Pr\u00e4ludium D-Dur (BWV 532,1)<br\/><strong>Preces<\/strong>: Simon Berg (*1973): Preces und Responses f\u00fcr vierstimmig gemischten Chor a cappella<br\/><strong>Psalm of the day<\/strong>: Psalm 51b: Moritz Hauptmann (1792-1868): Ich komme vor Dein Angesicht f\u00fcr vierstimmig gemischten Chor a cappella<br\/><strong>Psalm of the week<\/strong>: Psalm 37a: Liebhold (ca. 1670-1729): Befiehl dem Herren deine Wege f\u00fcr vierstimmigen Chor a cappella<br\/><strong>Responsorium<\/strong>: gregorianisch\n\n<br\/><strong>Canticle<\/strong>: Heinrich Sch\u00fctz (1585-1672): Deutsches Magnificat, Meine Seele erhebt den Herren (SWV 426) op. 13,7 f\u00fcr vierstimmig gemischten Chor a cappella<br\/><strong>Hymn<\/strong>: Johann Sebastian Bach (1685-1750): Wer nur den lieben Gott l\u00e4\u00dft walten (BWV 93 1) f\u00fcr vierstimmig gemischten Chor a cappella<br\/><strong>Organ postlude<\/strong>: Max Reger (1873-1916): Toccata d-Moll (op. 59, Nr. 5)<br\/><strong>Bible reading<\/strong>: Evangelium nach Matth\u00e4us 6,25-34<\/p>\n\n\n\n<div style=\"height:30px\" aria-hidden=\"true\" class=\"wp-block-spacer\"><\/div>\n\n\n\n<blockquote class=\"wp-block-quote is-layout-flow wp-block-quote-is-layout-flow\" style=\"font-family:Playfair-Display\">\nLiturgy: 15. Sonntag nach Trinitatis<br>\nPfarrerin: Claudia W\u00fcstenhagen<br>\nOrganist: Rudolf Seidel<br>\nLocation: <a href=\"\/kontakt\/#anker-kommen-sie-vorbei\">Kirche am Hohenzollernplatz<\/a>\n<\/blockquote>\n\n<\/div>\n\n<div style=\"height:20px\" aria-hidden=\"true\" class=\"wp-block-spacer\"><\/div>\n\n\n\n<div class=\"wp-block-group is-layout-constrained wp-block-group-is-layout-constrained\">\n\n<h2 class=\"wp-block-heading\">Programme PDF<\/h2>\n\n\n\n\n<p>Read more about this NoonSong in the programme document.<\/p>\n\n\n\n\n<div style=\"height:1em\" aria-hidden=\"true\" class=\"wp-block-spacer\"><\/div>\n\n\n\n<figure class=\"wp-block-image aligncenter is-resized\">\n<a target=\"_blank\" rel=\"noopener noreferrer\" href=\"https:\/\/noonsong.de\/wp-content\/uploads\/2024\/07\/2010-09-11-Liturgie.pdf\">\n<img decoding=\"async\" src=\"https:\/\/noonsong.de\/wp-content\/uploads\/2024\/07\/2010-09-11-Liturgie-pdf.jpg\" alt=\"\" style=\"max-height:45em; max-width:61.8%\" \/>\n<br>\nPDF DOWNLOAD\n<\/a>\n<\/figure>\n\n\n\n<div style=\"height:20px\" aria-hidden=\"true\" class=\"wp-block-spacer\"><\/div>\n\n<\/div>\n\n<div style=\"height:50px\" aria-hidden=\"true\" class=\"wp-block-spacer\"><\/div>\n\n\n\n<p hidden>, , , , Geistliche Ges\u00e4nge op. 56. Ich komme vor dein Angesicht , Hauptmann, M., , Liebhold, &#8230;; Liebholdt, &#8230;; Liebholdt, Zw\u00f6lf geistliche Ges\u00e4nge op. 13 Nr. 7\nGeistliche Ges\u00e4nge. Meine Seele erhebt den Herren\nMeine Seele erhebt den Herren, SWV 426\nGeistliche Ges\u00e4nge. Magnificat\nDeutsches Magnificat, SWV 426\nop. 13, Nr. 7\nSWV 426, Sch\u00fctz, Hinrich; Sch\u00fctz, Henricus; Sch\u00fctz, Heinrico; Sch\u00fctz, H.; Sch\u00fctze, Henrich; Sch\u00fctze, Heinrich; Schuetz, Heinrich; Schutz, Heinrich; Schuetz von Pfeilstadt, Henri; Sch\u00fczzius, Heinricus; Sch\u00fczze, Heinrich; Sch\u00fcz, Heinrich; Sch\u00fcz, Henricus; Sch\u00fctzius, Henricus; Sch\u00fctzen, Heinrich; Sch\u00fctzen, Henrich; Sch\u00fctz, Henrich; Sch\u00fctz; Sagittarius, Heinricus; Sagittario, Henrico; Sagittarius, Henricus; Sagittarius, Heinricus,; Sagitarius, Henricus; Saettario, Enrico; \u0160jutc, Genrich, Wer nur den lieben Gott l\u00e4\u00dft walten. Wer nur den lieben Gott l\u00e4\u00dft walten\nKantaten, BWV 93. Wer nur den lieben Gott l\u00e4\u00dft walten\nWer nur den lieben Gott l\u00e4\u00dft walten. Satz 1, Chor\nKantaten, BWV 93 &lt;Wer nur den lieben Gott l\u00e4\u00dft walten&gt;\nBWV 93 1, Bach; Bach, G. S.; Bach, Iogann Sebast\u02b9jan; Bach, Joh. Sebastian; Bach, Giov. Sebast.; Bach, Jean Sebastien; Bach, Jean Sebastian; Bach, J. Seb.; Bach, Sebastiano; Bach, John Sebastian; Bach, Iogann S.; Bach, Iogann Sebast&#x27;jan; Bach, Iogann Sebastian; Bach, Giovanni Sebastian; Bach, Johan Sebastian; Bach, Joannes Sebastianus; Bach, Giov. Seb.; Bach, Giovanni S.; B\u0101\u1e35, J\u014dh\u0101n Seba\u1e63t\u012b&#x27;\u0101n; Bach, I. S.; Bach, J.-S.; Bach, Giovanni Sebastiano; Bach, Jean-Sebastien; Bach, Sebastian; Bach, Jan Sebastian; Bach, J. S.; Bach, Johann-Sebastian; Bach, Jean S.; Bach, Johannes S.; Bach, Johannes Sebastian; Bach, Joh. Seb.; Bach, Joh.-Seb.; Bach, Joh. Sebas.; Bach, Johann Seb.; Bach, Joh. Sebast.; Bach, Johann S.; Bach, Iogann Sebastjan; Bach, Jean S\u00e9bastien; Bach, Jean-S\u00e9bastien; Bach, Johann; Bakh, Iogann Sebastian, Pr\u00e4ludium und Fuge, Orgel, BWV 532 (D-Dur). Praeludium\nPr\u00e4ludien und Fugen, Org BWV 532. Pr\u00e4ludium\nBWV 532 1, Bach; Bach, G. S.; Bach, Iogann Sebast\u02b9jan; Bach, Joh. Sebastian; Bach, Giov. Sebast.; Bach, Jean Sebastien; Bach, Jean Sebastian; Bach, J. Seb.; Bach, Sebastiano; Bach, John Sebastian; Bach, Iogann S.; Bach, Iogann Sebast&#x27;jan; Bach, Iogann Sebastian; Bach, Giovanni Sebastian; Bach, Johan Sebastian; Bach, Joannes Sebastianus; Bach, Giov. Seb.; Bach, Giovanni S.; B\u0101\u1e35, J\u014dh\u0101n Seba\u1e63t\u012b&#x27;\u0101n; Bach, I. S.; Bach, J.-S.; Bach, Giovanni Sebastiano; Bach, Jean-Sebastien; Bach, Sebastian; Bach, Jan Sebastian; Bach, J. S.; Bach, Johann-Sebastian; Bach, Jean S.; Bach, Johannes S.; Bach, Johannes Sebastian; Bach, Joh. Seb.; Bach, Joh.-Seb.; Bach, Joh. Sebas.; Bach, Johann Seb.; Bach, Joh. Sebast.; Bach, Johann S.; Bach, Iogann Sebastjan; Bach, Jean S\u00e9bastien; Bach, Jean-S\u00e9bastien; Bach, Johann; Bakh, Iogann Sebastian, St\u00fccke, Orgel, op. 59. Toccata\t\nToccata\nop. 59, Nr. 5\n, Reger, Max; Reger, Johann Baptist Joseph Maximilian; Reger, M.; Reger, &#8230;; Reger, Maks; R\u0113gers, M., <\/p>\n\n","protected":false},"excerpt":{"rendered":"<p style='position:absolute'>&nbsp;<\/p>\n","protected":false},"author":16,"featured_media":18152,"template":"","meta":{"_et_pb_use_builder":"","_et_pb_old_content":"","_et_gb_content_width":"","_tribe_events_status":"","_tribe_events_status_reason":"","footnotes":""},"tags":[135,105,226,154,151],"tribe_events_cat":[722,723,711,712,716,717,719,729,708,735,725,720],"class_list":["post-41649","tribe_events","type-tribe_events","status-publish","has-post-thumbnail","hentry","tag-heinrich-schuetz","tag-johann-sebastian-bach","tag-max-reger","tag-moritz-hauptmann","tag-simon-berg","tribe_events_cat-20-jahrhundert","tribe_events_cat-barock","tribe_events_cat-berlin","tribe_events_cat-chor","tribe_events_cat-gottesdienst","tribe_events_cat-kirche","tribe_events_cat-konzert","tribe_events_cat-liturgie","tribe_events_cat-noonsong","tribe_events_cat-pdf","tribe_events_cat-romantik","tribe_events_cat-vokal","cat_20-jahrhundert","cat_barock","cat_berlin","cat_chor","cat_gottesdienst","cat_kirche","cat_konzert","cat_liturgie","cat_noonsong","cat_pdf","cat_romantik","cat_vokal"],"acf":[],"_links":{"self":[{"href":"https:\/\/noonsong.de\/en\/wp-json\/wp\/v2\/tribe_events\/41649","targetHints":{"allow":["GET"]}}],"collection":[{"href":"https:\/\/noonsong.de\/en\/wp-json\/wp\/v2\/tribe_events"}],"about":[{"href":"https:\/\/noonsong.de\/en\/wp-json\/wp\/v2\/types\/tribe_events"}],"author":[{"embeddable":true,"href":"https:\/\/noonsong.de\/en\/wp-json\/wp\/v2\/users\/16"}],"version-history":[{"count":2,"href":"https:\/\/noonsong.de\/en\/wp-json\/wp\/v2\/tribe_events\/41649\/revisions"}],"predecessor-version":[{"id":58097,"href":"https:\/\/noonsong.de\/en\/wp-json\/wp\/v2\/tribe_events\/41649\/revisions\/58097"}],"wp:featuredmedia":[{"embeddable":true,"href":"https:\/\/noonsong.de\/en\/wp-json\/wp\/v2\/media\/18152"}],"wp:attachment":[{"href":"https:\/\/noonsong.de\/en\/wp-json\/wp\/v2\/media?parent=41649"}],"wp:term":[{"taxonomy":"post_tag","embeddable":true,"href":"https:\/\/noonsong.de\/en\/wp-json\/wp\/v2\/tags?post=41649"},{"taxonomy":"tribe_events_cat","embeddable":true,"href":"https:\/\/noonsong.de\/en\/wp-json\/wp\/v2\/tribe_events_cat?post=41649"}],"curies":[{"name":"wp","href":"https:\/\/api.w.org\/{rel}","templated":true}]}}