{"id":41705,"date":"2025-07-07T21:43:46","date_gmt":"2025-07-07T19:43:46","guid":{"rendered":"https:\/\/noonsong.de\/veranstaltung\/noonsong-event-2009-10-17\/"},"modified":"2025-07-07T21:43:46","modified_gmt":"2025-07-07T19:43:46","slug":"noonsong-event-2009-10-17","status":"publish","type":"tribe_events","link":"https:\/\/noonsong.de\/en\/event\/noonsong-event-2009-10-17\/","title":{"rendered":"40. NoonSong am 17.10.2009 um 12:00"},"content":{"rendered":"\n<div class=\"wp-block-group is-layout-constrained wp-block-group-is-layout-constrained\">\n\n<h2 class=\"wp-block-heading\">Programme<\/h2>\n\n\n\n<p>\n<strong>Organ prelude<\/strong>: Felix Mendelssohn Bartholdy (1809-1847): Pr\u00e4ludium c-Moll (Op. 37)<br\/><strong>Preces<\/strong>: Philip Radcliffe (1905-1986): Preces &amp; Responses f\u00fcr vierstimmig gemischten Chor a cappella<br\/><strong>Psalm of the week<\/strong>: Psalm 103: anonym: Lobe den Herrn, meine Seele f\u00fcr vierstimmig gemischten Chor a cappella<br\/><strong>Responsorium<\/strong>: gregorianisch\n\n<br\/><strong>Canticle<\/strong>: Bartholom\u00e4us Gesius (1562-1613): Hochpreiset meine Seele f\u00fcr f\u00fcnfstimmig gemischten Chor a cappella<br\/><strong>Hymn<\/strong>: Michael Praetorius (1571-1621): Herr, f\u00fcr Dein Wort sei hoch gepreist f\u00fcr vierstimmig gemischten Chor a cappella<br\/><strong>Organ postlude<\/strong>: Felix Mendelssohn Bartholdy (1809-1847): Fuge c-Moll (op. 37,1)<br\/>Johann Sebastian Bach (1685-1750): Lobet den Herrn (BWV 230) f\u00fcr vierstimmig gemischten Chor a cappella<\/p>\n\n\n\n<div style=\"height:30px\" aria-hidden=\"true\" class=\"wp-block-spacer\"><\/div>\n\n\n\n<blockquote class=\"wp-block-quote is-layout-flow wp-block-quote-is-layout-flow\" style=\"font-family:Playfair-Display\">\nLiturgy: Fest des Evangelisten Lukas<br>\nPfarrerin: Claudia W\u00fcstenhagen<br>\nOrganist: Ludger Mai<br>\nLocation: <a href=\"\/kontakt\/#anker-kommen-sie-vorbei\">Kirche am Hohenzollernplatz<\/a>\n<\/blockquote>\n\n<\/div>\n\n<div style=\"height:20px\" aria-hidden=\"true\" class=\"wp-block-spacer\"><\/div>\n\n\n\n<div class=\"wp-block-group is-layout-constrained wp-block-group-is-layout-constrained\">\n\n<h2 class=\"wp-block-heading\">Programme PDF<\/h2>\n\n\n\n\n<p>Read more about this NoonSong in the programme document.<\/p>\n\n\n\n\n<div style=\"height:1em\" aria-hidden=\"true\" class=\"wp-block-spacer\"><\/div>\n\n\n\n<figure class=\"wp-block-image aligncenter is-resized\">\n<a target=\"_blank\" rel=\"noopener noreferrer\" href=\"https:\/\/noonsong.de\/wp-content\/uploads\/2023\/05\/pdfProgrammhefte2009-10-17_Liturgie_NoonSong.pdf\">\n<img decoding=\"async\" src=\"https:\/\/noonsong.de\/wp-content\/uploads\/2023\/05\/pdfProgrammhefte2009-10-17_Liturgie_NoonSong-pdf.jpg\" alt=\"\" style=\"max-height:45em; max-width:61.8%\" \/>\n<br>\nPDF DOWNLOAD\n<\/a>\n<\/figure>\n\n\n\n<div style=\"height:20px\" aria-hidden=\"true\" class=\"wp-block-spacer\"><\/div>\n\n<\/div>\n\n<div style=\"height:50px\" aria-hidden=\"true\" class=\"wp-block-spacer\"><\/div>\n\n\n\n<p hidden>, Radcliffe, Philip F.; Radcliffe, Philip Fitzhugh, , Anonymus, , Gese, Bartholom\u00e4us; G\u00f6se, Bartholomaeus; G\u00f6\u00df, Bartholomaeus; Gesius, Bartholomaeus; Gesius, Bartholomeus; Gesius, B., , Praetorius, M.; Praetorius; Praetorij, Micha\u00eblis; Pr\u00e4torius, Michael; Pr\u00e4torius, Mich.; Schulthei\u00df, Michael; Schultheiss, Michael, Pr\u00e4ludien und Fugen, Org, MWV W 18 &#8211; 23. Pr\u00e4ludium, MWV W 21\nPr\u00e4ludien und Fugen, Org, MWV W 18 &#8211; 23 &lt;Pr\u00e4ludium MWV W 21&gt;\nPr\u00e4ludien und Fugen, Org op. 37. Pr\u00e4ludium und Fuge Nr. 1, Pr\u00e4ludium\nop. 37,1a, Mendelssohn-Bartholdy, Felix; Mendelssohn-Bartholdi, Felix; Mendelssohn Bartholdi; Mendelssohn-Bartholdy, Felix; Mendelssohn B., Felix; Mendelssohn Bartholdy, Jakob Ludwig Felix; Mendelssohn-Bartholdy, Jakob Ludwig Felix; Mendelssohn-Bartholdy, Jacob Ludwig Felix; Mendelssohn Bartholdy, Felix Jakob; Mendelssohn, Jakob Ludwig Felix; Mendelssohn Bartholdy, F.; Mendelssohn Bartholdy; Mendelssohn-Bartholdy; Mendelssohn; F.; Mendelson-Bartoldi, Feliks; Mendel\u02b9son-Bartol\u02b9di, Feliks; Mendelsson-Bartholdy, Felix; Mendelsohn-Bartholdy, Felix; Bartholdy, Felix Mendelssohn; Mendelssohn, Felix; Mendelssohn, F.; Mendelssohn-Bartholdy, F.; Mendelssohn Batholdy, Felix; Mendel&#x27;son, Feliks; Mendel&#x27;son, F., Pr\u00e4ludien und Fugen, Org, op. 37. Pr\u00e4ludium und Fuge Nr. 1\n, Mendelssohn-Bartholdy, Felix; Mendelssohn-Bartholdi, Felix; Mendelssohn Bartholdi; Mendelssohn-Bartholdy, Felix; Mendelssohn B., Felix; Mendelssohn Bartholdy, Jakob Ludwig Felix; Mendelssohn-Bartholdy, Jakob Ludwig Felix; Mendelssohn-Bartholdy, Jacob Ludwig Felix; Mendelssohn Bartholdy, Felix Jakob; Mendelssohn, Jakob Ludwig Felix; Mendelssohn Bartholdy, F.; Mendelssohn Bartholdy; Mendelssohn-Bartholdy; Mendelssohn; F.; Mendelson-Bartoldi, Feliks; Mendel\u02b9son-Bartol\u02b9di, Feliks; Mendelsson-Bartholdy, Felix; Mendelsohn-Bartholdy, Felix; Bartholdy, Felix Mendelssohn; Mendelssohn, Felix; Mendelssohn, F.; Mendelssohn-Bartholdy, F.; Mendelssohn Batholdy, Felix; Mendel&#x27;son, Feliks; Mendel&#x27;son, F., Lobet den Herrn, alle Heiden\nMotetten, BWV 230\nMotetten BWV 230\nLouez l&#x27;Eternel, vous toutes les nations\nPogany ziem, chwalcie Pana\nO praise the Lord, all ye nations\nOh praise the Lord, all ye nations\nPraise the Lord, all ye nations\nPraise ye the Lord, all ye nations\nPraise ye the Lord, all ye Gentiles\nPraise the Lord all ye heathen\nPsalm 117, Bach; Bach, G. S.; Bach, Iogann Sebast\u02b9jan; Bach, Joh. Sebastian; Bach, Giov. Sebast.; Bach, Jean Sebastien; Bach, Jean Sebastian; Bach, J. Seb.; Bach, Sebastiano; Bach, John Sebastian; Bach, Iogann S.; Bach, Iogann Sebast&#x27;jan; Bach, Iogann Sebastian; Bach, Giovanni Sebastian; Bach, Johan Sebastian; Bach, Joannes Sebastianus; Bach, Giov. Seb.; Bach, Giovanni S.; B\u0101\u1e35, J\u014dh\u0101n Seba\u1e63t\u012b&#x27;\u0101n; Bach, I. S.; Bach, J.-S.; Bach, Giovanni Sebastiano; Bach, Jean-Sebastien; Bach, Sebastian; Bach, Jan Sebastian; Bach, J. S.; Bach, Johann-Sebastian; Bach, Jean S.; Bach, Johannes S.; Bach, Johannes Sebastian; Bach, Joh. Seb.; Bach, Joh.-Seb.; Bach, Joh. Sebas.; Bach, Johann Seb.; Bach, Joh. Sebast.; Bach, Johann S.; Bach, Iogann Sebastjan; Bach, Jean S\u00e9bastien; Bach, Jean-S\u00e9bastien; Bach, Johann; Bakh, Iogann Sebastian, <\/p>\n\n","protected":false},"excerpt":{"rendered":"<p style='position:absolute'>&nbsp;<\/p>\n","protected":false},"author":16,"featured_media":36362,"template":"","meta":{"_et_pb_use_builder":"","_et_pb_old_content":"","_et_gb_content_width":"","_tribe_events_status":"","_tribe_events_status_reason":"","footnotes":""},"tags":[91,115,105,145,143],"tribe_events_cat":[722,723,711,712,716,717,719,729,708,735,724,725,720],"class_list":["post-41705","tribe_events","type-tribe_events","status-publish","has-post-thumbnail","hentry","tag-bartholomaeus-gesius","tag-felix-mendelssohn-bartholdy","tag-johann-sebastian-bach","tag-michael-praetorius","tag-philip-radcliffe","tribe_events_cat-20-jahrhundert","tribe_events_cat-barock","tribe_events_cat-berlin","tribe_events_cat-chor","tribe_events_cat-gottesdienst","tribe_events_cat-kirche","tribe_events_cat-konzert","tribe_events_cat-liturgie","tribe_events_cat-noonsong","tribe_events_cat-pdf","tribe_events_cat-renaissance","tribe_events_cat-romantik","tribe_events_cat-vokal","cat_20-jahrhundert","cat_barock","cat_berlin","cat_chor","cat_gottesdienst","cat_kirche","cat_konzert","cat_liturgie","cat_noonsong","cat_pdf","cat_renaissance","cat_romantik","cat_vokal"],"acf":[],"_links":{"self":[{"href":"https:\/\/noonsong.de\/en\/wp-json\/wp\/v2\/tribe_events\/41705","targetHints":{"allow":["GET"]}}],"collection":[{"href":"https:\/\/noonsong.de\/en\/wp-json\/wp\/v2\/tribe_events"}],"about":[{"href":"https:\/\/noonsong.de\/en\/wp-json\/wp\/v2\/types\/tribe_events"}],"author":[{"embeddable":true,"href":"https:\/\/noonsong.de\/en\/wp-json\/wp\/v2\/users\/16"}],"version-history":[{"count":1,"href":"https:\/\/noonsong.de\/en\/wp-json\/wp\/v2\/tribe_events\/41705\/revisions"}],"predecessor-version":[{"id":57478,"href":"https:\/\/noonsong.de\/en\/wp-json\/wp\/v2\/tribe_events\/41705\/revisions\/57478"}],"wp:featuredmedia":[{"embeddable":true,"href":"https:\/\/noonsong.de\/en\/wp-json\/wp\/v2\/media\/36362"}],"wp:attachment":[{"href":"https:\/\/noonsong.de\/en\/wp-json\/wp\/v2\/media?parent=41705"}],"wp:term":[{"taxonomy":"post_tag","embeddable":true,"href":"https:\/\/noonsong.de\/en\/wp-json\/wp\/v2\/tags?post=41705"},{"taxonomy":"tribe_events_cat","embeddable":true,"href":"https:\/\/noonsong.de\/en\/wp-json\/wp\/v2\/tribe_events_cat?post=41705"}],"curies":[{"name":"wp","href":"https:\/\/api.w.org\/{rel}","templated":true}]}}