{"id":41771,"date":"2025-07-07T21:43:40","date_gmt":"2025-07-07T19:43:40","guid":{"rendered":"https:\/\/noonsong.de\/veranstaltung\/noonsong-event-2012-03-31\/"},"modified":"2025-07-07T21:43:40","modified_gmt":"2025-07-07T19:43:40","slug":"noonsong-event-2012-03-31","status":"publish","type":"tribe_events","link":"https:\/\/noonsong.de\/en\/event\/noonsong-event-2012-03-31\/","title":{"rendered":"150. NoonSong am 31.03.2012 um 12:00"},"content":{"rendered":"\n<div class=\"wp-block-group is-layout-constrained wp-block-group-is-layout-constrained\">\n\n<h2 class=\"wp-block-heading\">Programme<\/h2>\n\n\n\n<p>\n<strong>Organ prelude<\/strong>: Johann Sebastian Bach (1685-1750): Ich ruf\u2018 zu Dir, Herr Jesu Christ (BWV 639)<br\/><strong>Preces<\/strong>: Duncan Faulkner (*1951): Preces &amp; Responses f\u00fcr vierstimmig gemischten Chor a cappella<br\/><strong>Responsorium<\/strong>: gregorianisch\n\n<br\/><strong>Hymn<\/strong>: Johann Sebastian Bach (1685-1750): Du gro\u00dfer Schmerzensmann f\u00fcr vierstimmig gemischten Chor a cappella<br\/><strong>Organ postlude<\/strong>: L\u00e9on Bo\u00ebllmann (1862-1897): Pri\u00e8re \u00e0 Notre Dame, aus: Suite gothique (op. 25)<br\/>Joachim a Burck (1546-1610): Die deutsche Passion nach Johannes f\u00fcr vierstimmig gemischten Chor a cappella<\/p>\n\n\n\n<div style=\"height:30px\" aria-hidden=\"true\" class=\"wp-block-spacer\"><\/div>\n\n\n\n<blockquote class=\"wp-block-quote is-layout-flow wp-block-quote-is-layout-flow\" style=\"font-family:Playfair-Display\">\nLiturgy: Palmarum<br>\nPfarrer: Prof. Dr. Wolfgang Huber<br>\nOrganist: Rudolf Seidel<br>\nLocation: <a href=\"\/kontakt\/#anker-kommen-sie-vorbei\">Kirche am Hohenzollernplatz<\/a>\n<\/blockquote>\n\n<\/div>\n\n<div style=\"height:20px\" aria-hidden=\"true\" class=\"wp-block-spacer\"><\/div>\n\n\n\n<div class=\"wp-block-group is-layout-constrained wp-block-group-is-layout-constrained\">\n<h2 class=\"wp-block-heading\">Listen<\/h2>\n\n\n\n\n<p>Here you can listen to this NoonSong. If you&#8217;d like to listen to more NoonSongs recordings, please register.<\/p>\n\n<div class=\"um-locked-content\">\n\t<div class=\"um-locked-content-msg\">This content has been restricted to logged-in users only. Please <a href=\"https:\/\/noonsong.de\/en\/login-audio-archive\/?redirect_to=https%3A%2F%2Fnoonsong.de%2Fen%2Fwp-json%2Fwp%2Fv2%2Ftribe_events%2F41771\">log in<\/a> to view this content.<\/div>\n<\/div>\n<\/div>\n\n<div style=\"height:20px\" aria-hidden=\"true\" class=\"wp-block-spacer\"><\/div>\n\n\n\n<div class=\"wp-block-group is-layout-constrained wp-block-group-is-layout-constrained\">\n\n<h2 class=\"wp-block-heading\">Programme PDF<\/h2>\n\n\n\n\n<p>Read more about this NoonSong in the programme document.<\/p>\n\n\n\n\n<div style=\"height:1em\" aria-hidden=\"true\" class=\"wp-block-spacer\"><\/div>\n\n\n\n<figure class=\"wp-block-image aligncenter is-resized\">\n<a target=\"_blank\" rel=\"noopener noreferrer\" href=\"https:\/\/noonsong.de\/wp-content\/uploads\/2024\/07\/2012-03-31-Liturgie.pdf\">\n<img decoding=\"async\" src=\"https:\/\/noonsong.de\/wp-content\/uploads\/2024\/07\/2012-03-31-Liturgie-pdf.jpg\" alt=\"\" style=\"max-height:45em; max-width:61.8%\" \/>\n<br>\nPDF DOWNLOAD\n<\/a>\n<\/figure>\n\n\n\n<div style=\"height:20px\" aria-hidden=\"true\" class=\"wp-block-spacer\"><\/div>\n\n<\/div>\n\n<div style=\"height:50px\" aria-hidden=\"true\" class=\"wp-block-spacer\"><\/div>\n\n\n\n<p hidden>, , , Bach; Bach, G. S.; Bach, Iogann Sebast\u02b9jan; Bach, Joh. Sebastian; Bach, Giov. Sebast.; Bach, Jean Sebastien; Bach, Jean Sebastian; Bach, J. Seb.; Bach, Sebastiano; Bach, John Sebastian; Bach, Iogann S.; Bach, Iogann Sebast&#x27;jan; Bach, Iogann Sebastian; Bach, Giovanni Sebastian; Bach, Johan Sebastian; Bach, Joannes Sebastianus; Bach, Giov. Seb.; Bach, Giovanni S.; B\u0101\u1e35, J\u014dh\u0101n Seba\u1e63t\u012b&#x27;\u0101n; Bach, I. S.; Bach, J.-S.; Bach, Giovanni Sebastiano; Bach, Jean-Sebastien; Bach, Sebastian; Bach, Jan Sebastian; Bach, J. S.; Bach, Johann-Sebastian; Bach, Jean S.; Bach, Johannes S.; Bach, Johannes Sebastian; Bach, Joh. Seb.; Bach, Joh.-Seb.; Bach, Joh. Sebas.; Bach, Johann Seb.; Bach, Joh. Sebast.; Bach, Johann S.; Bach, Iogann Sebastjan; Bach, Jean S\u00e9bastien; Bach, Jean-S\u00e9bastien; Bach, Johann; Bakh, Iogann Sebastian, Orgelb\u00fcchlein. Ich ruf zu dir, Herr Jesu Christ\nIch ruf zu dir, Herr Jesu Christ (Choralbearbeitung), BWV 639\nIch ruf zu dir, Herr Jesu Christ, BWV 639\nI cried out to thee, Jesus Christ\nOrgelb\u00fcchlein &lt;Ich ruf&#x27; zu dir, Herr Jesu Christ&gt;\nOrgel-B\u00fcchlein. Ich ruf zu dir, Herr Jesu Christ, Bach; Bach, G. S.; Bach, Iogann Sebast\u02b9jan; Bach, Joh. Sebastian; Bach, Giov. Sebast.; Bach, Jean Sebastien; Bach, Jean Sebastian; Bach, J. Seb.; Bach, Sebastiano; Bach, John Sebastian; Bach, Iogann S.; Bach, Iogann Sebast&#x27;jan; Bach, Iogann Sebastian; Bach, Giovanni Sebastian; Bach, Johan Sebastian; Bach, Joannes Sebastianus; Bach, Giov. Seb.; Bach, Giovanni S.; B\u0101\u1e35, J\u014dh\u0101n Seba\u1e63t\u012b&#x27;\u0101n; Bach, I. S.; Bach, J.-S.; Bach, Giovanni Sebastiano; Bach, Jean-Sebastien; Bach, Sebastian; Bach, Jan Sebastian; Bach, J. S.; Bach, Johann-Sebastian; Bach, Jean S.; Bach, Johannes S.; Bach, Johannes Sebastian; Bach, Joh. Seb.; Bach, Joh.-Seb.; Bach, Joh. Sebas.; Bach, Johann Seb.; Bach, Joh. Sebast.; Bach, Johann S.; Bach, Iogann Sebastjan; Bach, Jean S\u00e9bastien; Bach, Jean-S\u00e9bastien; Bach, Johann; Bakh, Iogann Sebastian, Suite gothique. Pri\u00e8re \u00e0 Notre Dame\nPri\u00e8re \u00e0 Notre Dame \nPri\u00e8re \u00e0 Notre-Dame \nPri\u00e8re\nSuite gothique. 3. Satz, Bo\u00ebllmann, L.; Boelmann, L\u00e9on; Bo\u00ebllmann, Leo; Boelman, L\u00e9on; Boellmann, L\u00e9on; Bo\u00ebllman, L\u00e9on; Bo\u00ebllmann, L\u00e9on; Bo\u00ebllmann, Leo, Die deutsche Passion\nDie deutsche Passion nach dem Evangel. S. Johanne in Figural Gesang bracht\nDie deutsche Passion nach dem Evangelisten Sancte Johanne in Figural-Gesang bracht, Joachim, a Burck; Burck, Joachim a; Joachimus, a Burck; Joachimus, von Burck; Burck, Joachimus a; Burgk, Joachim a; Burck, Joachim \u00e2; Burck, Joachim von; Burck, Joachimus von; Moller, Joachim; Joachim, a Burgk; Joachim, von Burck; Burck, Joachim a; Burgk, Joachim von; Burg, Joachim von; M\u00fcller, Joachim; M\u00f6ller, Joachim von; Joachim, a Burck; Burgk, Joachim \u00e0, <\/p>\n\n","protected":false},"excerpt":{"rendered":"<p style='position:absolute'>&nbsp;<\/p>\n","protected":false},"author":16,"featured_media":36315,"template":"","meta":{"_et_pb_use_builder":"","_et_pb_old_content":"","_et_gb_content_width":"","_tribe_events_status":"","_tribe_events_status_reason":"","footnotes":""},"tags":[120,657,105,219],"tribe_events_cat":[722,743,723,711,712,716,717,719,729,708,735,724,725,720],"class_list":["post-41771","tribe_events","type-tribe_events","status-publish","has-post-thumbnail","hentry","tag-duncan-faulkner","tag-joachim-a-burck","tag-johann-sebastian-bach","tag-leon-boellmann","tribe_events_cat-20-jahrhundert","tribe_events_cat-audio","tribe_events_cat-barock","tribe_events_cat-berlin","tribe_events_cat-chor","tribe_events_cat-gottesdienst","tribe_events_cat-kirche","tribe_events_cat-konzert","tribe_events_cat-liturgie","tribe_events_cat-noonsong","tribe_events_cat-pdf","tribe_events_cat-renaissance","tribe_events_cat-romantik","tribe_events_cat-vokal","cat_20-jahrhundert","cat_audio","cat_barock","cat_berlin","cat_chor","cat_gottesdienst","cat_kirche","cat_konzert","cat_liturgie","cat_noonsong","cat_pdf","cat_renaissance","cat_romantik","cat_vokal"],"acf":[],"_links":{"self":[{"href":"https:\/\/noonsong.de\/en\/wp-json\/wp\/v2\/tribe_events\/41771","targetHints":{"allow":["GET"]}}],"collection":[{"href":"https:\/\/noonsong.de\/en\/wp-json\/wp\/v2\/tribe_events"}],"about":[{"href":"https:\/\/noonsong.de\/en\/wp-json\/wp\/v2\/types\/tribe_events"}],"author":[{"embeddable":true,"href":"https:\/\/noonsong.de\/en\/wp-json\/wp\/v2\/users\/16"}],"version-history":[{"count":1,"href":"https:\/\/noonsong.de\/en\/wp-json\/wp\/v2\/tribe_events\/41771\/revisions"}],"predecessor-version":[{"id":57473,"href":"https:\/\/noonsong.de\/en\/wp-json\/wp\/v2\/tribe_events\/41771\/revisions\/57473"}],"wp:featuredmedia":[{"embeddable":true,"href":"https:\/\/noonsong.de\/en\/wp-json\/wp\/v2\/media\/36315"}],"wp:attachment":[{"href":"https:\/\/noonsong.de\/en\/wp-json\/wp\/v2\/media?parent=41771"}],"wp:term":[{"taxonomy":"post_tag","embeddable":true,"href":"https:\/\/noonsong.de\/en\/wp-json\/wp\/v2\/tags?post=41771"},{"taxonomy":"tribe_events_cat","embeddable":true,"href":"https:\/\/noonsong.de\/en\/wp-json\/wp\/v2\/tribe_events_cat?post=41771"}],"curies":[{"name":"wp","href":"https:\/\/api.w.org\/{rel}","templated":true}]}}