{"id":56484,"date":"2025-12-13T13:02:25","date_gmt":"2025-12-13T12:02:25","guid":{"rendered":"https:\/\/noonsong.de\/event\/noonsong-event-2025-05-24\/"},"modified":"2025-12-13T13:02:25","modified_gmt":"2025-12-13T12:02:25","slug":"noonsong-event-2025-05-24","status":"publish","type":"tribe_events","link":"https:\/\/noonsong.de\/en\/event\/noonsong-event-2025-05-24\/","title":{"rendered":"717. NoonSong am 24.05.2025 um 12:00 romantische Chormusik aus zwei Jahrhunderten"},"content":{"rendered":"\n<div class=\"wp-block-group is-layout-constrained wp-block-group-is-layout-constrained\">\n\n<h2 class=\"wp-block-heading\">Programme<\/h2>\n\n\n\n<p>\n<strong>Organ prelude<\/strong>: Georg B\u00f6hm (1661-1733): Vater unser im Himmelreich<br\/><strong>Preces<\/strong>: Reimar Johne (*1969): Preces und Responses f\u00fcr vierstimmig gemischten Chor a cappella<br\/><strong>Psalm of the day<\/strong>: Psalm 103: Carl Stein (1824-1902): Lobe den Herrn, meine Seele f\u00fcr vierstimmig gemischten Chor a cappella<br\/><strong>Psalm of the week<\/strong>: Psalm 95: Moritz Hauptmann (1792-1868): Morgengesang (op. 33) f\u00fcr achtstimmig gemischten Chor a cappella<br\/><strong>Responsorium<\/strong>: gregorianisch\n\n<br\/><strong>Canticle<\/strong>: \u0112riks E\u0161envalds (*1977): Magnificat f\u00fcr achtstimmig gemischten Chor a cappella und Sopran-Solo<br\/><strong>Hymn<\/strong>: Johannes Eccard (1553-1611): Vater unser im Himmelreich f\u00fcr f\u00fcnfstimmig gemischten Chor a cappella<br\/><strong>Organ postlude<\/strong>: L\u00e9on Bo\u00ebllmann (1862-1897): Pri\u00e8re \u00e0 Notre Dame, aus: Suite gothique (op. 25)<br\/><strong>Bible reading<\/strong>: Evangelium nach Lukas 11,5-13<\/p>\n\n\n\n<div style=\"height:30px\" aria-hidden=\"true\" class=\"wp-block-spacer\"><\/div>\n\n\n\n<blockquote class=\"wp-block-quote is-layout-flow wp-block-quote-is-layout-flow\" style=\"font-family:Playfair-Display\">\nLiturgy: Rogate<br>\nPfarrer: Pater Klaus Mertes SJ<br>\nOrganist: Mirlan Kasymaliev<br>\nLocation: <a href=\"\/kontakt\/#anker-kommen-sie-vorbei\">Kirche am Hohenzollernplatz<\/a>\n<\/blockquote>\n\n<\/div>\n\n<div style=\"height:20px\" aria-hidden=\"true\" class=\"wp-block-spacer\"><\/div>\n\n\n\n<div class=\"wp-block-group is-layout-constrained wp-block-group-is-layout-constrained\">\n<h2 class=\"wp-block-heading\">Listen<\/h2>\n\n\n\n\n<p>Here you can listen to this NoonSong. If you&#8217;d like to listen to more NoonSongs recordings, please register.<\/p>\n\n<div class=\"um-locked-content\">\n\t<div class=\"um-locked-content-msg\">This content has been restricted to logged-in users only. Please <a href=\"https:\/\/noonsong.de\/en\/login-audio-archive\/?redirect_to=https%3A%2F%2Fnoonsong.de%2Fen%2Fwp-json%2Fwp%2Fv2%2Ftribe_events%2F56484\">log in<\/a> to view this content.<\/div>\n<\/div>\n<\/div>\n\n<div style=\"height:20px\" aria-hidden=\"true\" class=\"wp-block-spacer\"><\/div>\n\n\n\n<div class=\"wp-block-group is-layout-constrained wp-block-group-is-layout-constrained\">\n\n<h2 class=\"wp-block-heading\">Watch<\/h2>\n\n\n\n\n<p>Experience the recorded live-stream of this NoonSong.<\/p>\n\n\n\n\n\n<p>You&#8217;ll find many selected video recordings of NoonSongs and other concerts on our <a href=\"https:\/\/youtube.com\/sirventesberlin\" target=\"_blank\" rel=\"noreferrer noopener\">YouTube channel<\/a>.\n<\/p>\n\n\n\n\n<div style=\"height:1em\" aria-hidden=\"true\" class=\"wp-block-spacer\"><\/div>\n<div class=\"um-locked-content\">\n\t<div class=\"um-locked-content-msg\">This content has been restricted to logged-in users only. Please <a href=\"https:\/\/noonsong.de\/en\/login-audio-archive\/?redirect_to=https%3A%2F%2Fnoonsong.de%2Fen%2Fwp-json%2Fwp%2Fv2%2Ftribe_events%2F56484\">log in<\/a> to view this content.<\/div>\n<\/div>\n\n<div style=\"height:20px\" aria-hidden=\"true\" class=\"wp-block-spacer\"><\/div>\n\n<\/div>\n\n<div style=\"height:20px\" aria-hidden=\"true\" class=\"wp-block-spacer\"><\/div>\n\n\n\n<div class=\"wp-block-group is-layout-constrained wp-block-group-is-layout-constrained\">\n\n<h2 class=\"wp-block-heading\">Programme PDF<\/h2>\n\n\n\n\n<p>Read more about this NoonSong in the programme document.<\/p>\n\n\n\n\n<div style=\"height:1em\" aria-hidden=\"true\" class=\"wp-block-spacer\"><\/div>\n\n\n\n<figure class=\"wp-block-image aligncenter is-resized\">\n<a target=\"_blank\" rel=\"noopener noreferrer\" href=\"https:\/\/noonsong.de\/wp-content\/uploads\/2025\/05\/2025-05-24-Liturgie.pdf\">\n<img decoding=\"async\" src=\"https:\/\/noonsong.de\/wp-content\/uploads\/2025\/05\/2025-05-24-Liturgie-pdf.jpg\" alt=\"\" style=\"max-height:45em; max-width:61.8%\" \/>\n<br>\nPDF DOWNLOAD\n<\/a>\n<\/figure>\n\n\n\n<div style=\"height:20px\" aria-hidden=\"true\" class=\"wp-block-spacer\"><\/div>\n\n<\/div>\n\n<div style=\"height:50px\" aria-hidden=\"true\" class=\"wp-block-spacer\"><\/div>\n\n\n\n<p hidden>, , , , Motetten op. 6. Lobe den Herrn, Stein, C.; Stein, Karl; Stein, Ch., Geistliche Ges\u00e4nge, op. 33. Kommt, lasset uns anbeten\n, Hauptmann, M., , Esenvalds, Eriks , Geistliche Lieder. Vater unser im Himmelreich, Eccardus, Johannes aus M\u00fchlhausen; Eccard, Johann; Eccard, Johann.; Eccard, J.; Eccard, Johan; Eccardt, Johannes; Eccardus, Johannes; Eckard, Johann, Choralvorspiele. Vater unser im Himmelreich, Nr. 1\nVater unser im Himmelreich\nVater unser im Himmelreich, Nr. 1, B\u00f6hm, Georg; Boehm, Georg; Boehm, Georges; B\u00f6hm, Johann Georg; B\u00f6hm, G., Suite gothique. Pri\u00e8re \u00e0 Notre Dame\nPri\u00e8re \u00e0 Notre Dame \nPri\u00e8re \u00e0 Notre-Dame \nPri\u00e8re\nSuite gothique. 3. Satz, Bo\u00ebllmann, L.; Boelmann, L\u00e9on; Bo\u00ebllmann, Leo; Boelman, L\u00e9on; Boellmann, L\u00e9on; Bo\u00ebllman, L\u00e9on; Bo\u00ebllmann, L\u00e9on; Bo\u00ebllmann, Leo, <\/p>\n\n","protected":false},"excerpt":{"rendered":"<p>Romantische Chormusik pr\u00e4gt diesen NoonSong: fr\u00fchromantische Musik des Leipziger Thomaskantors Hauptmann, ganz unter dem Einflu\u00df Mendelssohns, hochromantische Musik aus Wittenberg und schlie\u00dflich sph\u00e4risch-romantische Kl\u00e4nge aus unserer Zeit. Dieser NoonSong wird vom Chordirektor der Komischen Oper Berlin, David Cavelius, geleitet.<\/p>\n","protected":false},"author":16,"featured_media":56477,"template":"","meta":{"_et_pb_use_builder":"","_et_pb_old_content":"","_et_gb_content_width":"","_tribe_events_status":"","_tribe_events_status_reason":"","footnotes":""},"tags":[573,319,252,296,219,154,196],"tribe_events_cat":[722,743,723,711,712,716,717,719,729,708,735,724,725,744,720],"class_list":["post-56484","tribe_events","type-tribe_events","status-publish","has-post-thumbnail","hentry","tag-carl-stein","tag-eriks-esenvalds","tag-georg-boehm","tag-johannes-eccard","tag-leon-boellmann","tag-moritz-hauptmann","tag-reimar-johne","tribe_events_cat-20-jahrhundert","tribe_events_cat-audio","tribe_events_cat-barock","tribe_events_cat-berlin","tribe_events_cat-chor","tribe_events_cat-gottesdienst","tribe_events_cat-kirche","tribe_events_cat-konzert","tribe_events_cat-liturgie","tribe_events_cat-noonsong","tribe_events_cat-pdf","tribe_events_cat-renaissance","tribe_events_cat-romantik","tribe_events_cat-video","tribe_events_cat-vokal","cat_20-jahrhundert","cat_audio","cat_barock","cat_berlin","cat_chor","cat_gottesdienst","cat_kirche","cat_konzert","cat_liturgie","cat_noonsong","cat_pdf","cat_renaissance","cat_romantik","cat_video","cat_vokal"],"acf":[],"_links":{"self":[{"href":"https:\/\/noonsong.de\/en\/wp-json\/wp\/v2\/tribe_events\/56484","targetHints":{"allow":["GET"]}}],"collection":[{"href":"https:\/\/noonsong.de\/en\/wp-json\/wp\/v2\/tribe_events"}],"about":[{"href":"https:\/\/noonsong.de\/en\/wp-json\/wp\/v2\/types\/tribe_events"}],"author":[{"embeddable":true,"href":"https:\/\/noonsong.de\/en\/wp-json\/wp\/v2\/users\/16"}],"version-history":[{"count":8,"href":"https:\/\/noonsong.de\/en\/wp-json\/wp\/v2\/tribe_events\/56484\/revisions"}],"predecessor-version":[{"id":58357,"href":"https:\/\/noonsong.de\/en\/wp-json\/wp\/v2\/tribe_events\/56484\/revisions\/58357"}],"wp:featuredmedia":[{"embeddable":true,"href":"https:\/\/noonsong.de\/en\/wp-json\/wp\/v2\/media\/56477"}],"wp:attachment":[{"href":"https:\/\/noonsong.de\/en\/wp-json\/wp\/v2\/media?parent=56484"}],"wp:term":[{"taxonomy":"post_tag","embeddable":true,"href":"https:\/\/noonsong.de\/en\/wp-json\/wp\/v2\/tags?post=56484"},{"taxonomy":"tribe_events_cat","embeddable":true,"href":"https:\/\/noonsong.de\/en\/wp-json\/wp\/v2\/tribe_events_cat?post=56484"}],"curies":[{"name":"wp","href":"https:\/\/api.w.org\/{rel}","templated":true}]}}