{"id":58308,"date":"2026-01-10T13:23:30","date_gmt":"2026-01-10T12:23:30","guid":{"rendered":"https:\/\/noonsong.de\/event\/noonsong-event-2025-12-20\/"},"modified":"2026-01-10T13:23:30","modified_gmt":"2026-01-10T12:23:30","slug":"noonsong-event-2025-12-20","status":"publish","type":"tribe_events","link":"https:\/\/noonsong.de\/en\/event\/noonsong-event-2025-12-20\/","title":{"rendered":"742. NoonSong am 20.12.2025 um 12:00 Die festlichen neun Lesungen und Lieder zum Advent"},"content":{"rendered":"\n<div class=\"wp-block-group is-layout-constrained wp-block-group-is-layout-constrained\">\n\n<h2 class=\"wp-block-heading\">Programme<\/h2>\n\n\n\n<p>\n<br\/><strong>Responsorium<\/strong>: gregorianisch\n\n<br\/>Georg Friedrich H\u00e4ndel (1685-1759): Tochter Zion, freue dich f\u00fcr vierstimmig gemischten Chor a cappella<br\/>Carl Thiel (1862-1939): Preis sei Gott im h\u00f6chsten Throne f\u00fcr vierstimmig gemischten Chor a cappella<br\/>Winnie Br\u00fcckner (*1979): Lux fulgebit hodie<br\/>Hugo Distler (1908-1942): Es ist ein Ros entsprungen f\u00fcr vierstimmig gemischten Chor a cappella<br\/>Ralph Vaughan Williams (1872-1958): O Bethlehem, du kleine Stadt f\u00fcr vierstimmig gemischten Chor a cappella<br\/>Paul Ayres (*1970): Tis winter now; the fallen snow f\u00fcr vierstimmig gemischten Chor a cappella<br\/>Johann Sebastian Bach (1685-1750): Gelobet seist du, Jesu Christ f\u00fcr vierstimmig gemischten Chor a cappella<br\/>Franz Biebl (1906-2001): Ave Maria f\u00fcr siebenstimmig gemischten Chor a cappella<br\/>Johann Sebastian Bach (1685-1750): Ich steh an deiner Krippen hier f\u00fcr vierstimmig gemischten Chor a cappella<br\/>Jacob Gippenbusch (1612-1664): Zu Bethlehem geboren f\u00fcr vierstimmig gemischten Chor a cappella<br\/>Friedrich Silcher (1789-1860): Herbei, o ihr Gl\u00e4ub\u2018gen f\u00fcr vierstimmig gemischten Chor a cappella<br\/>Hermann Riedel (1847-1913): O du fr\u00f6hliche, o du selige f\u00fcr vierstimmig gemischten Chor a cappella<\/p>\n\n\n\n<div style=\"height:30px\" aria-hidden=\"true\" class=\"wp-block-spacer\"><\/div>\n\n\n\n<blockquote class=\"wp-block-quote is-layout-flow wp-block-quote-is-layout-flow\" style=\"font-family:Playfair-Display\">\nLiturgy: 4. Sonntag im Advent<br>\nPfarrerin: Claudia W\u00fcstenhagen<br>\nOrganist: Daniel Clark<br>\nLocation: <a href=\"\/kontakt\/#anker-kommen-sie-vorbei\">Kirche am Hohenzollernplatz<\/a>\n<\/blockquote>\n\n<\/div>\n\n<div style=\"height:20px\" aria-hidden=\"true\" class=\"wp-block-spacer\"><\/div>\n\n\n\n<div class=\"wp-block-group is-layout-constrained wp-block-group-is-layout-constrained\">\n<h2 class=\"wp-block-heading\">Listen<\/h2>\n\n\n\n\n<p>Here you can listen to this NoonSong. If you&#8217;d like to listen to more NoonSongs recordings, please register.<\/p>\n\n<div class=\"um-locked-content\">\n\t<div class=\"um-locked-content-msg\">This content has been restricted to logged-in users only. Please <a href=\"https:\/\/noonsong.de\/en\/login-audio-archive\/?redirect_to=https%3A%2F%2Fnoonsong.de%2Fen%2Fwp-json%2Fwp%2Fv2%2Ftribe_events%2F58308\">log in<\/a> to view this content.<\/div>\n<\/div>\n<\/div>\n\n<div style=\"height:20px\" aria-hidden=\"true\" class=\"wp-block-spacer\"><\/div>\n\n\n\n<div class=\"wp-block-group is-layout-constrained wp-block-group-is-layout-constrained\">\n\n<h2 class=\"wp-block-heading\">Watch<\/h2>\n\n\n\n\n<p>Experience the recorded live-stream of this NoonSong.<\/p>\n\n\n\n\n\n<p>You&#8217;ll find many selected video recordings of NoonSongs and other concerts on our <a href=\"https:\/\/youtube.com\/sirventesberlin\" target=\"_blank\" rel=\"noreferrer noopener\">YouTube channel<\/a>.\n<\/p>\n\n\n\n\n<div style=\"height:1em\" aria-hidden=\"true\" class=\"wp-block-spacer\"><\/div>\n<div class=\"um-locked-content\">\n\t<div class=\"um-locked-content-msg\">This content has been restricted to logged-in users only. Please <a href=\"https:\/\/noonsong.de\/en\/login-audio-archive\/?redirect_to=https%3A%2F%2Fnoonsong.de%2Fen%2Fwp-json%2Fwp%2Fv2%2Ftribe_events%2F58308\">log in<\/a> to view this content.<\/div>\n<\/div>\n\n<div style=\"height:20px\" aria-hidden=\"true\" class=\"wp-block-spacer\"><\/div>\n\n<\/div>\n\n<div style=\"height:50px\" aria-hidden=\"true\" class=\"wp-block-spacer\"><\/div>\n\n\n\n<p hidden>, \t; Handel, George Frideric; H\u00e4ndel, Georg-Friedrich; H\u00e4ndel, Georg Friederich; H\u00e4ndel, Georg Fr.; H\u00e4ndel, Georg F.; H\u00e4ndel, George Friedrich; H\u00e4ndel, George Frideric; H\u00e4ndel, George F.; H\u00e4ndel, G. Friedrich; H\u00e4ndel, G. Fr.; H\u00e4ndel, G. F.; H\u00e4ndel, G.F.; H\u00e6ndel, G.-F.; H\u00e4ndel; H\u00e4ndel, C. F.; H\u00e4ndel, C.F.; H\u00e4ndel, Friedrich G.; H\u00e4ndel, F. G.; H\u00e4ndel, F.G.; H\u00e4ndel, H.; H\u00e4ndl, F. G.; H\u00e4ndl, F.G.; H\u00e4ndl, Georg Friedrich; Haendel, Georg Friedrich; Haendel, Georg-Friedrich; Haendel; H\u00e4ndle, Georg Friedrich; Handel, Georg Friedrich; Handel, Georg Frederic; Handel, Georg Frideric; Handel, Georg F.; Handel, George Friedrich; Handel, George Friderick; Handel, George Frideric; Handel, George Fridric; Handel, George Frederick; Handel, George Frederic; Handel, George F.; Handel, Georgio Fredrico; Handel, Georgio F.; Handel, Giorgio Federico; Handel, Goerg Friedrich; Handel, G. F.; Handel, G.F.; Handel; Handell; Hendel, Georg Friedrich; Hendel, George Friederich; Hendel, Giorgio-Federico; Hendel; Hendeli, Georg P\u02b9ridrix; H\u00e4ddelischen, , Thiel, Karl; Thiel, Carl Josef, , , Die Weihnachtsgeschichte. Es ist ein Ros&#x27; entsprungen\nEs ist ein Ros&#x27; entsprungen, Distler, H.; Distler, August Hugo, , Vaughan Williams, Ralph; Williams, Ralph V.; Vaughan Williams, R.; Williams, R. Vaughan; Williams, Ralph Vaughan (B Riemann); Vaughan-Williams, Ralph; Vaughan Williams, &#8230;; Williams, R. V.; Vaughan, Ralph; Williams, Vaughan; Vaughn Williams, Ralph; William, R. Vaughan; Vaughan, Williams, , , , Bach; Bach, G. S.; Bach, Iogann Sebast\u02b9jan; Bach, Joh. Sebastian; Bach, Giov. Sebast.; Bach, Jean Sebastien; Bach, Jean Sebastian; Bach, J. Seb.; Bach, Sebastiano; Bach, John Sebastian; Bach, Iogann S.; Bach, Iogann Sebast&#x27;jan; Bach, Iogann Sebastian; Bach, Giovanni Sebastian; Bach, Johan Sebastian; Bach, Joannes Sebastianus; Bach, Giov. Seb.; Bach, Giovanni S.; B\u0101\u1e35, J\u014dh\u0101n Seba\u1e63t\u012b&#x27;\u0101n; Bach, I. S.; Bach, J.-S.; Bach, Giovanni Sebastiano; Bach, Jean-Sebastien; Bach, Sebastian; Bach, Jan Sebastian; Bach, J. S.; Bach, Johann-Sebastian; Bach, Jean S.; Bach, Johannes S.; Bach, Johannes Sebastian; Bach, Joh. Seb.; Bach, Joh.-Seb.; Bach, Joh. Sebas.; Bach, Johann Seb.; Bach, Joh. Sebast.; Bach, Johann S.; Bach, Iogann Sebastjan; Bach, Jean S\u00e9bastien; Bach, Jean-S\u00e9bastien; Bach, Johann; Bakh, Iogann Sebastian, , Biebl, Franz X.\nBiebl, Franz Xaver, Die geistlichen Lieder und Arien aus Schemellis Gesangbuch. Ich steh an deiner Krippen hier\nIch steh an deiner Krippen hier\nDie geistlichen Lieder und Arien. Ich steh&#x27; an deiner Krippen hier\nGeistliche Lieder, BWV 469, Bach; Bach, G. S.; Bach, Iogann Sebast\u02b9jan; Bach, Joh. Sebastian; Bach, Giov. Sebast.; Bach, Jean Sebastien; Bach, Jean Sebastian; Bach, J. Seb.; Bach, Sebastiano; Bach, John Sebastian; Bach, Iogann S.; Bach, Iogann Sebast&#x27;jan; Bach, Iogann Sebastian; Bach, Giovanni Sebastian; Bach, Johan Sebastian; Bach, Joannes Sebastianus; Bach, Giov. Seb.; Bach, Giovanni S.; B\u0101\u1e35, J\u014dh\u0101n Seba\u1e63t\u012b&#x27;\u0101n; Bach, I. S.; Bach, J.-S.; Bach, Giovanni Sebastiano; Bach, Jean-Sebastien; Bach, Sebastian; Bach, Jan Sebastian; Bach, J. S.; Bach, Johann-Sebastian; Bach, Jean S.; Bach, Johannes S.; Bach, Johannes Sebastian; Bach, Joh. Seb.; Bach, Joh.-Seb.; Bach, Joh. Sebas.; Bach, Johann Seb.; Bach, Joh. Sebast.; Bach, Johann S.; Bach, Iogann Sebastjan; Bach, Jean S\u00e9bastien; Bach, Jean-S\u00e9bastien; Bach, Johann; Bakh, Iogann Sebastian, , Gippenbusch, Jakob, , Silcher, &#8230;; Silcher, Fr.; Silcher, Philipp Friedrich; Silcher, Philipp Friderich; Silcher, Friederich; Silcher, Friedrich Philipp, , , <\/p>\n\n","protected":false},"excerpt":{"rendered":"<p>Nach dem Vorbild des englischen Carol Service (A Festival of Nine Lessons and Carols) erklingen in diesem besonderen NoonSong biblische Lesungen zur Weihnacht im Wechsel mit Motetten und Weihnachtsiedern zum Mitsingen.<br \/>\nLektoren werden u.a. sein die Pr\u00f6pstin der Evangelischen Landeskirche Christina-Maria Bammel sowie HH. Erzbischof Dr. Heiner Koch.<br \/>\nDieser NoonSong dauert ca. 70 Minuten. Kommen Sie bitte zeitig, um noch einen Sitzplatz zu erhalten. Die Kirche \u00f6ffnet um 11.30<\/p>\n","protected":false},"author":16,"featured_media":58307,"template":"","meta":{"_et_pb_use_builder":"","_et_pb_old_content":"","_et_gb_content_width":"","_tribe_events_status":"","_tribe_events_status_reason":"","footnotes":""},"tags":[652,864,321,171,663,130,300,105,693,200,701],"tribe_events_cat":[722,741,743,723,711,712,716,742,717,719,729,708,725,744,720],"class_list":["post-58308","tribe_events","type-tribe_events","status-publish","has-post-thumbnail","hentry","tag-carl-thiel","tag-franz-biebl","tag-friedrich-silcher","tag-georg-friedrich-haendel","tag-hermann-riedel","tag-hugo-distler","tag-jacob-gippenbusch","tag-johann-sebastian-bach","tag-paul-ayres","tag-ralph-vaughan-williams","tag-winnie-brueckner","tribe_events_cat-20-jahrhundert","tribe_events_cat-21-jahrhundert","tribe_events_cat-audio","tribe_events_cat-barock","tribe_events_cat-berlin","tribe_events_cat-chor","tribe_events_cat-gottesdienst","tribe_events_cat-gregorianik","tribe_events_cat-kirche","tribe_events_cat-konzert","tribe_events_cat-liturgie","tribe_events_cat-noonsong","tribe_events_cat-romantik","tribe_events_cat-video","tribe_events_cat-vokal","cat_20-jahrhundert","cat_21-jahrhundert","cat_audio","cat_barock","cat_berlin","cat_chor","cat_gottesdienst","cat_gregorianik","cat_kirche","cat_konzert","cat_liturgie","cat_noonsong","cat_romantik","cat_video","cat_vokal"],"acf":[],"_links":{"self":[{"href":"https:\/\/noonsong.de\/en\/wp-json\/wp\/v2\/tribe_events\/58308","targetHints":{"allow":["GET"]}}],"collection":[{"href":"https:\/\/noonsong.de\/en\/wp-json\/wp\/v2\/tribe_events"}],"about":[{"href":"https:\/\/noonsong.de\/en\/wp-json\/wp\/v2\/types\/tribe_events"}],"author":[{"embeddable":true,"href":"https:\/\/noonsong.de\/en\/wp-json\/wp\/v2\/users\/16"}],"version-history":[{"count":6,"href":"https:\/\/noonsong.de\/en\/wp-json\/wp\/v2\/tribe_events\/58308\/revisions"}],"predecessor-version":[{"id":58493,"href":"https:\/\/noonsong.de\/en\/wp-json\/wp\/v2\/tribe_events\/58308\/revisions\/58493"}],"wp:featuredmedia":[{"embeddable":true,"href":"https:\/\/noonsong.de\/en\/wp-json\/wp\/v2\/media\/58307"}],"wp:attachment":[{"href":"https:\/\/noonsong.de\/en\/wp-json\/wp\/v2\/media?parent=58308"}],"wp:term":[{"taxonomy":"post_tag","embeddable":true,"href":"https:\/\/noonsong.de\/en\/wp-json\/wp\/v2\/tags?post=58308"},{"taxonomy":"tribe_events_cat","embeddable":true,"href":"https:\/\/noonsong.de\/en\/wp-json\/wp\/v2\/tribe_events_cat?post=58308"}],"curies":[{"name":"wp","href":"https:\/\/api.w.org\/{rel}","templated":true}]}}